{"id":960,"date":"2023-06-14T13:23:13","date_gmt":"2023-06-14T16:23:13","guid":{"rendered":"https:\/\/www.contabilizei.com.br\/contabilizei-responde\/?post_type=perguntas&#038;p=960"},"modified":"2023-06-14T13:23:13","modified_gmt":"2023-06-14T16:23:13","slug":"declaracao-de-prestacao-de-servico","status":"publish","type":"perguntas","link":"https:\/\/www.contabilizei.com.br\/contabilizei-responde\/declaracao-de-prestacao-de-servico\/","title":{"rendered":"Declara\u00e7\u00e3o de presta\u00e7\u00e3o de servi\u00e7o: como fazer?"},"content":{"rendered":"<p><b>A declara\u00e7\u00e3o de servi\u00e7os prestados \u00e9 um documento simples de ser elaborado, que comprova a execu\u00e7\u00e3o de um servi\u00e7o realizado ao final de um contrato. Pode ser feito pelo prestador ou contratante e deve ser redigido sempre em terceira pessoa.<\/b><\/p>\n<p><span style=\"font-weight: 400;\">As informa\u00e7\u00f5es essenciais para criar o documento s\u00e3o:<\/span><\/p>\n<ol>\n<li style=\"font-weight: 400;\" aria-level=\"1\"><span style=\"font-weight: 400;\">Dados pessoais ou empresariais do cliente e do prestador do servi\u00e7o;<\/span><\/li>\n<li style=\"font-weight: 400;\" aria-level=\"1\"><span style=\"font-weight: 400;\">Prazo de execu\u00e7\u00e3o do servi\u00e7o (em dias), detalhando as datas de in\u00edcio e t\u00e9rmino do servi\u00e7o;<\/span><\/li>\n<li style=\"font-weight: 400;\" aria-level=\"1\"><span style=\"font-weight: 400;\">Endere\u00e7o completo onde o servi\u00e7o foi realizado;<\/span><\/li>\n<li style=\"font-weight: 400;\" aria-level=\"1\"><span style=\"font-weight: 400;\">Detalhamento de todas as atividades e informa\u00e7\u00f5es adicionais executadas durante o servi\u00e7o;<\/span><\/li>\n<li style=\"font-weight: 400;\" aria-level=\"1\"><span style=\"font-weight: 400;\">Descri\u00e7\u00e3o dos itens ou cl\u00e1usulas do contrato que n\u00e3o foram cumpridas, juntamente com uma justificativa (opcional);<\/span><\/li>\n<li style=\"font-weight: 400;\" aria-level=\"1\"><span style=\"font-weight: 400;\">Valor e modalidade de pagamento aceitos para quita\u00e7\u00e3o do servi\u00e7o prestado;<\/span><\/li>\n<li style=\"font-weight: 400;\" aria-level=\"1\"><span style=\"font-weight: 400;\">Recomenda-se anexar a esta declara\u00e7\u00e3o, o contrato firmado entre as partes; a ordem de servi\u00e7o; e um relat\u00f3rio de produtividade, se houver.<\/span><\/li>\n<\/ol>\n<p><span style=\"font-weight: 400;\">Vale lembrar que a declara\u00e7\u00e3o de servi\u00e7os prestados n\u00e3o tem validade legal, a n\u00e3o ser que seja registrada em cart\u00f3rio.<\/span><\/p>\n<p><span style=\"font-weight: 400;\">Se voc\u00ea atua como profissional liberal aut\u00f4nomo prestando servi\u00e7os como pessoa f\u00edsica e pretende formalizar o seu neg\u00f3cio e aproveitar todas as oportunidades e vantagens que um CNPJ pode oferecer, conte com a <\/span><a href=\"https:\/\/www.contabilizei.com.br\/sobre\/sobre-a-contabilizei\/\" target=\"_blank\" rel=\"noopener\"><span style=\"font-weight: 400;\">expertise da Contabilizei<\/span><\/a><span style=\"font-weight: 400;\"> na abertura de sua empresa, de forma gratuita e simplificada. <\/span><a href=\"https:\/\/www.contabilizei.com.br\/abrir-empresa\/\" target=\"_blank\" rel=\"noopener\"><span style=\"font-weight: 400;\">Fale com um de nossos especialistas<\/span><\/a><span style=\"font-weight: 400;\">.<\/span><\/p>\n","protected":false},"excerpt":{"rendered":"<p>A declara\u00e7\u00e3o de servi\u00e7os prestados \u00e9 um documento simples de ser elaborado, que comprova a execu\u00e7\u00e3o de um servi\u00e7o realizado ao final de um contrato. Pode ser feito pelo prestador ou contratante e deve ser redigido sempre em terceira pessoa. As informa\u00e7\u00f5es essenciais para criar o documento s\u00e3o: Dados pessoais ou empresariais do cliente e [&hellip;]<\/p>\n","protected":false},"parent":0,"menu_order":0,"template":"","category-questions":[27],"class_list":["post-960","perguntas","type-perguntas","status-publish","hentry","category_questions-autonomo"],"acf":{"contador":{"ID":1732,"post_author":"22","post_date":"2025-03-31 12:51:15","post_date_gmt":"2025-03-31 15:51:15","post_content":"","post_title":"Juliana Steffano","post_excerpt":"","post_status":"publish","comment_status":"closed","ping_status":"closed","post_password":"","post_name":"juliana-steffano","to_ping":"","pinged":"","post_modified":"2025-03-31 12:51:15","post_modified_gmt":"2025-03-31 15:51:15","post_content_filtered":"","post_parent":0,"guid":"https:\/\/www.contabilizei.com.br\/contabilizei-responde\/?post_type=contador&#038;p=1732","menu_order":0,"post_type":"contador","post_mime_type":"","comment_count":"0","filter":"raw"}},"yoast_head":"<!-- This site is optimized with the Yoast SEO plugin v27.5 - https:\/\/yoast.com\/product\/yoast-seo-wordpress\/ -->\n<title>Declara\u00e7\u00e3o de presta\u00e7\u00e3o de servi\u00e7o: como fazer?<\/title>\n<meta name=\"description\" content=\"Saiba o que \u00e9 declara\u00e7\u00e3o de presta\u00e7\u00e3o de servi\u00e7o, como fazer e quais dados pessoais \u00e9 necess\u00e1rio incluir. Confira agora mesmo!\" \/>\n<meta name=\"robots\" content=\"index, follow, max-snippet:-1, max-image-preview:large, max-video-preview:-1\" \/>\n<link rel=\"canonical\" href=\"https:\/\/www.contabilizei.com.br\/contabilizei-responde\/declaracao-de-prestacao-de-servico\/\" \/>\n<meta property=\"og:locale\" content=\"pt_BR\" \/>\n<meta property=\"og:type\" content=\"article\" \/>\n<meta property=\"og:title\" content=\"Declara\u00e7\u00e3o de presta\u00e7\u00e3o de servi\u00e7o: como fazer?\" \/>\n<meta property=\"og:description\" content=\"Saiba o que \u00e9 declara\u00e7\u00e3o de presta\u00e7\u00e3o de servi\u00e7o, como fazer e quais dados pessoais \u00e9 necess\u00e1rio incluir. Confira agora mesmo!\" \/>\n<meta property=\"og:url\" content=\"https:\/\/www.contabilizei.com.br\/contabilizei-responde\/declaracao-de-prestacao-de-servico\/\" \/>\n<meta property=\"og:site_name\" content=\"Contador Responde\" \/>\n<meta name=\"twitter:card\" content=\"summary_large_image\" \/>\n<meta name=\"twitter:label1\" content=\"Est. tempo de leitura\" \/>\n\t<meta name=\"twitter:data1\" content=\"2 minutos\" \/>\n<!-- \/ Yoast SEO plugin. -->","yoast_head_json":{"title":"Declara\u00e7\u00e3o de presta\u00e7\u00e3o de servi\u00e7o: como fazer?","description":"Saiba o que \u00e9 declara\u00e7\u00e3o de presta\u00e7\u00e3o de servi\u00e7o, como fazer e quais dados pessoais \u00e9 necess\u00e1rio incluir. Confira agora mesmo!","robots":{"index":"index","follow":"follow","max-snippet":"max-snippet:-1","max-image-preview":"max-image-preview:large","max-video-preview":"max-video-preview:-1"},"canonical":"https:\/\/www.contabilizei.com.br\/contabilizei-responde\/declaracao-de-prestacao-de-servico\/","og_locale":"pt_BR","og_type":"article","og_title":"Declara\u00e7\u00e3o de presta\u00e7\u00e3o de servi\u00e7o: como fazer?","og_description":"Saiba o que \u00e9 declara\u00e7\u00e3o de presta\u00e7\u00e3o de servi\u00e7o, como fazer e quais dados pessoais \u00e9 necess\u00e1rio incluir. Confira agora mesmo!","og_url":"https:\/\/www.contabilizei.com.br\/contabilizei-responde\/declaracao-de-prestacao-de-servico\/","og_site_name":"Contador Responde","twitter_card":"summary_large_image","twitter_misc":{"Est. tempo de leitura":"2 minutos"},"schema":{"@context":"https:\/\/schema.org","@graph":[{"@type":"WebPage","@id":"https:\/\/www.contabilizei.com.br\/contabilizei-responde\/declaracao-de-prestacao-de-servico\/","url":"https:\/\/www.contabilizei.com.br\/contabilizei-responde\/declaracao-de-prestacao-de-servico\/","name":"Declara\u00e7\u00e3o de presta\u00e7\u00e3o de servi\u00e7o: como fazer?","isPartOf":{"@id":"https:\/\/www.contabilizei.com.br\/contabilizei-responde\/#website"},"datePublished":"2023-06-14T16:23:13+00:00","description":"Saiba o que \u00e9 declara\u00e7\u00e3o de presta\u00e7\u00e3o de servi\u00e7o, como fazer e quais dados pessoais \u00e9 necess\u00e1rio incluir. Confira agora mesmo!","breadcrumb":{"@id":"https:\/\/www.contabilizei.com.br\/contabilizei-responde\/declaracao-de-prestacao-de-servico\/#breadcrumb"},"inLanguage":"pt-BR","potentialAction":[{"@type":"ReadAction","target":["https:\/\/www.contabilizei.com.br\/contabilizei-responde\/declaracao-de-prestacao-de-servico\/"]}]},{"@type":"BreadcrumbList","@id":"https:\/\/www.contabilizei.com.br\/contabilizei-responde\/declaracao-de-prestacao-de-servico\/#breadcrumb","itemListElement":[{"@type":"ListItem","position":1,"name":"Home","item":"https:\/\/www.contabilizei.com.br\/contabilizei-responde\/"},{"@type":"ListItem","position":2,"name":"Perguntas","item":"https:\/\/www.contabilizei.com.br\/contabilizei-responde\/perguntas\/"},{"@type":"ListItem","position":3,"name":"Declara\u00e7\u00e3o de presta\u00e7\u00e3o de servi\u00e7o: como fazer?"}]},{"@type":"WebSite","@id":"https:\/\/www.contabilizei.com.br\/contabilizei-responde\/#website","url":"https:\/\/www.contabilizei.com.br\/contabilizei-responde\/","name":"Contador Responde","description":"","potentialAction":[{"@type":"SearchAction","target":{"@type":"EntryPoint","urlTemplate":"https:\/\/www.contabilizei.com.br\/contabilizei-responde\/?s={search_term_string}"},"query-input":{"@type":"PropertyValueSpecification","valueRequired":true,"valueName":"search_term_string"}}],"inLanguage":"pt-BR"}]}},"_links":{"self":[{"href":"https:\/\/www.contabilizei.com.br\/contabilizei-responde\/api\/wp\/v2\/questions\/960","targetHints":{"allow":["GET"]}}],"collection":[{"href":"https:\/\/www.contabilizei.com.br\/contabilizei-responde\/api\/wp\/v2\/questions"}],"about":[{"href":"https:\/\/www.contabilizei.com.br\/contabilizei-responde\/api\/wp\/v2\/types\/perguntas"}],"acf:post":[{"embeddable":true,"href":"https:\/\/www.contabilizei.com.br\/contabilizei-responde\/api\/wp\/v2\/contador\/1732"}],"wp:attachment":[{"href":"https:\/\/www.contabilizei.com.br\/contabilizei-responde\/api\/wp\/v2\/media?parent=960"}],"wp:term":[{"taxonomy":"category_questions","embeddable":true,"href":"https:\/\/www.contabilizei.com.br\/contabilizei-responde\/api\/wp\/v2\/category-questions?post=960"}],"curies":[{"name":"wp","href":"https:\/\/api.w.org\/{rel}","templated":true}]}}