{"id":959,"date":"2023-06-14T13:17:14","date_gmt":"2023-06-14T16:17:14","guid":{"rendered":"https:\/\/www.contabilizei.com.br\/contabilizei-responde\/?post_type=perguntas&#038;p=959"},"modified":"2024-12-19T14:13:58","modified_gmt":"2024-12-19T17:13:58","slug":"multa-declaracao-mei-atrasada","status":"publish","type":"perguntas","link":"https:\/\/www.contabilizei.com.br\/contabilizei-responde\/multa-declaracao-mei-atrasada\/","title":{"rendered":"Quanto \u00e9 a multa para a declara\u00e7\u00e3o do MEI atrasada?"},"content":{"rendered":"<p><b>O valor da multa pela declara\u00e7\u00e3o do MEI atrasada \u00e9 de R$ 50,00, evoluindo para at\u00e9 20% do valor de seu faturamento anual. Al\u00e9m da multa, tamb\u00e9m incide juros pelo tempo de atraso.<\/b><\/p>\n<p><span style=\"font-weight: 400;\">A declara\u00e7\u00e3o anual da DASN SIMEI \u00e9 uma das principais obriga\u00e7\u00f5es do microempreendedor e deve ser realizada sempre at\u00e9 31 de maio de cada ano com as informa\u00e7\u00f5es financeiras referente ao ano calend\u00e1rio anterior.<\/span><\/p>\n<p><span style=\"font-weight: 400;\">Se voc\u00ea perdeu o prazo oficial para a declara\u00e7\u00e3o anual da DASN SIMEI mas procurar voluntariamente a Receita Federal, realizando a <\/span><a href=\"https:\/\/www8.receita.fazenda.gov.br\/SimplesNacional\/Aplicacoes\/ATSPO\/dasnsimei.app\/Identificacao\" target=\"_blank\" rel=\"noopener\"><span style=\"font-weight: 400;\">entrega da declara\u00e7\u00e3o fora do prazo<\/span><\/a><span style=\"font-weight: 400;\"> sem que seja acionado administrativamente ou judicialmente, receber\u00e1 o desconto de 50% da multa ao realizar a declara\u00e7\u00e3o.<\/span><\/p>\n<p><span style=\"font-weight: 400;\">A DARF com o valor da multa com desconto ser\u00e1 gerada automaticamente ap\u00f3s a entrega da declara\u00e7\u00e3o e deve ser paga em at\u00e9 30 dias. Caso contr\u00e1rio, a multa ser\u00e1 cobrada em seu valor integral.<\/span><\/p>\n<p><span style=\"font-weight: 400;\">O atraso desta declara\u00e7\u00e3o pode levar voc\u00ea a perder uma s\u00e9rie de benef\u00edcios, al\u00e9m do pagamento de multa e juros, tais como:<\/span><\/p>\n<ol>\n<li style=\"font-weight: 400;\" aria-level=\"1\"><span style=\"font-weight: 400;\">Bloqueio de acesso ao DAS;<\/span><\/li>\n<li style=\"font-weight: 400;\" aria-level=\"1\"><span style=\"font-weight: 400;\">Perda de benef\u00edcios do INSS;<\/span><\/li>\n<li style=\"font-weight: 400;\" aria-level=\"1\"><span style=\"font-weight: 400;\">Impossibilidade de emitir notas fiscais;<\/span><\/li>\n<li style=\"font-weight: 400;\" aria-level=\"1\"><span style=\"font-weight: 400;\">Problemas ao solicitar Alvar\u00e1, laudos e licen\u00e7as;<\/span><\/li>\n<li style=\"font-weight: 400;\" aria-level=\"1\"><span style=\"font-weight: 400;\">Dificuldade para solicitar empr\u00e9stimos e realizar outras negocia\u00e7\u00f5es financeiras;<\/span><\/li>\n<li style=\"font-weight: 400;\" aria-level=\"1\"><span style=\"font-weight: 400;\">Suspens\u00e3o ou cancelamento do CNPJ MEI.<\/span><\/li>\n<\/ol>\n<p><span style=\"font-weight: 400;\">Fique atento ao limite anual de faturamento para o MEI e se antecipe na migra\u00e7\u00e3o de MEI para Microempresa, para n\u00e3o ficar irregular com a Receita Federal. Conte a <\/span><a href=\"https:\/\/www.contabilizei.com.br\/sobre\/sobre-a-contabilizei\/\" target=\"_blank\" rel=\"noopener\"><span style=\"font-weight: 400;\">Contabilizei<\/span><\/a><span style=\"font-weight: 400;\"> para dar o pr\u00f3ximo passo de seu neg\u00f3cio, com um processo de migra\u00e7\u00e3o r\u00e1pido e simplificado. <\/span><a href=\"https:\/\/www.contabilizei.com.br\/desenquadrar-mei-para-me\/\" target=\"_blank\" rel=\"noopener\"><span style=\"font-weight: 400;\">Fale com um de nossos especialistas<\/span><\/a><span style=\"font-weight: 400;\">.<\/span><\/p>\n<p><span data-sheets-root=\"1\"> \n<div class=\"wpcf7 no-js\" id=\"wpcf7-f1618-o1\" lang=\"pt-BR\" dir=\"ltr\" data-wpcf7-id=\"1618\">\n<div class=\"screen-reader-response\"><p role=\"status\" aria-live=\"polite\" aria-atomic=\"true\"><\/p> <ul><\/ul><\/div>\n<form action=\"\/contabilizei-responde\/api\/wp\/v2\/questions\/959#wpcf7-f1618-o1\" method=\"post\" class=\"wpcf7-form init\" aria-label=\"Formul\u00e1rios de contato\" novalidate=\"novalidate\" data-status=\"init\">\n<fieldset class=\"hidden-fields-container\"><input type=\"hidden\" name=\"_wpcf7\" value=\"1618\" \/><input type=\"hidden\" name=\"_wpcf7_version\" value=\"6.1.5\" \/><input type=\"hidden\" name=\"_wpcf7_locale\" value=\"pt_BR\" \/><input type=\"hidden\" name=\"_wpcf7_unit_tag\" value=\"wpcf7-f1618-o1\" \/><input type=\"hidden\" name=\"_wpcf7_container_post\" value=\"0\" \/><input type=\"hidden\" name=\"_wpcf7_posted_data_hash\" value=\"\" \/>\n<\/fieldset>\n<div class=\"cta-forms\">\n\t<div class=\"box\">\n\t\t<p class=\"cta-forms-title\">Quer ajuda para fazer o desenquadramento do seu <a href=\"https:\/\/contabilizei.com.br\/contabilidade-online\/mei\/\" target=\"_blank\">MEI<\/a>?\n\t\t<\/p>\n\t\t<p>A Contabilizei \u00e9 l\u00edder em abertura de empresas, deixe seus dados e nossos especialistas entrar\u00e3o em contato.\n\t\t<\/p>\n\t\t<p><label>E-mail<\/label><br \/>\n<span class=\"wpcf7-form-control-wrap\" data-name=\"your-email\"><input size=\"40\" maxlength=\"400\" class=\"wpcf7-form-control wpcf7-email wpcf7-validates-as-required wpcf7-text wpcf7-validates-as-email\" aria-required=\"true\" aria-invalid=\"false\" value=\"\" type=\"email\" name=\"your-email\" \/><\/span>\n\t\t<\/p>\n\t\t<p><label>Telefone<\/label><br \/>\n<span class=\"wpcf7-form-control-wrap\" data-name=\"your-phone\"><input size=\"40\" maxlength=\"400\" class=\"wpcf7-form-control wpcf7-tel wpcf7-validates-as-required wpcf7-text wpcf7-validates-as-tel\" aria-required=\"true\" aria-invalid=\"false\" value=\"\" type=\"tel\" name=\"your-phone\" \/><\/span>\n\t\t<\/p>\n\t\t<p><input type=\"hidden\" name=\"origin\" value=\"CONTABILIZEI RESPONDE: MULTA-DECLARACAO-MEI-ATRASADA\"><br \/>\n<input type=\"hidden\" name=\"conversion\" value=\"https:\/\/www.contabilizei.com.br\/contabilizei-responde\/multa-declaracao-mei-atrasada\/\">\n\t\t<\/p>\n\t\t<p><input class=\"wpcf7-form-control wpcf7-submit has-spinner\" type=\"submit\" value=\"Fale com especialista\" \/>\n\t\t<\/p>\n\t<\/div>\n\t<div class=\"aviso-obrigado hideme\">\n\t\t<p class=\"aviso-obrigado-title\">TUDO CERTO!\n\t\t<\/p>\n\t\t<p>Recebemos suas informa\u00e7\u00f5es, logo nossos especialistas entrar\u00e3o em contato.\n\t\t<\/p>\n\t<\/div>\n<\/div>\n<p><script type=\"text\/javascript\">\njQuery(function(){\n\tdocument.addEventListener( 'wpcf7mailsent', function( event ) { \n if ( '34253' == event.detail.contactFormId ) {\n\t jQuery(\".aviso-obrigado\").css(\"display\", \"flex\");\n } \n\t}, false );\n})\n<\/script>\n<\/p><div class=\"wpcf7-response-output\" aria-hidden=\"true\"><\/div>\n<\/form>\n<\/div>\n<\/span><\/p>\n","protected":false},"excerpt":{"rendered":"<p>O valor da multa pela declara\u00e7\u00e3o do MEI atrasada \u00e9 de R$ 50,00, evoluindo para at\u00e9 20% do valor de seu faturamento anual. Al\u00e9m da multa, tamb\u00e9m incide juros pelo tempo de atraso. A declara\u00e7\u00e3o anual da DASN SIMEI \u00e9 uma das principais obriga\u00e7\u00f5es do microempreendedor e deve ser realizada sempre at\u00e9 31 de maio [&hellip;]<\/p>\n","protected":false},"parent":0,"menu_order":0,"template":"","category-questions":[25],"class_list":["post-959","perguntas","type-perguntas","status-publish","hentry","category_questions-mei"],"acf":{"contador":{"ID":301,"post_author":"8","post_date":"2022-06-15 16:14:23","post_date_gmt":"2022-06-15 19:14:23","post_content":"","post_title":"Nicoli Meira","post_excerpt":"","post_status":"publish","comment_status":"closed","ping_status":"closed","post_password":"","post_name":"nicoli-meira","to_ping":"","pinged":"","post_modified":"2023-03-07 16:50:32","post_modified_gmt":"2023-03-07 19:50:32","post_content_filtered":"","post_parent":0,"guid":"https:\/\/site-static-prd1.ctbz.com.br\/contabilizei-responde\/?post_type=contador&#038;p=301","menu_order":0,"post_type":"contador","post_mime_type":"","comment_count":"0","filter":"raw"}},"yoast_head":"<!-- This site is optimized with the Yoast SEO plugin v27.5 - https:\/\/yoast.com\/product\/yoast-seo-wordpress\/ -->\n<title>Quanto \u00e9 a multa para a declara\u00e7\u00e3o do MEI atrasada?<\/title>\n<meta name=\"description\" content=\"Saiba quanto \u00e9 a multa para a declara\u00e7\u00e3o do MEI atrasada. Confira agora mesmo!\" \/>\n<meta name=\"robots\" content=\"index, follow, max-snippet:-1, max-image-preview:large, max-video-preview:-1\" \/>\n<link rel=\"canonical\" href=\"https:\/\/www.contabilizei.com.br\/contabilizei-responde\/multa-declaracao-mei-atrasada\/\" \/>\n<meta property=\"og:locale\" content=\"pt_BR\" \/>\n<meta property=\"og:type\" content=\"article\" \/>\n<meta property=\"og:title\" content=\"Quanto \u00e9 a multa para a declara\u00e7\u00e3o do MEI atrasada?\" \/>\n<meta property=\"og:description\" content=\"Saiba quanto \u00e9 a multa para a declara\u00e7\u00e3o do MEI atrasada. Confira agora mesmo!\" \/>\n<meta property=\"og:url\" content=\"https:\/\/www.contabilizei.com.br\/contabilizei-responde\/multa-declaracao-mei-atrasada\/\" \/>\n<meta property=\"og:site_name\" content=\"Contador Responde\" \/>\n<meta property=\"article:modified_time\" content=\"2024-12-19T17:13:58+00:00\" \/>\n<meta name=\"twitter:card\" content=\"summary_large_image\" \/>\n<meta name=\"twitter:label1\" content=\"Est. tempo de leitura\" \/>\n\t<meta name=\"twitter:data1\" content=\"2 minutos\" \/>\n<!-- \/ Yoast SEO plugin. -->","yoast_head_json":{"title":"Quanto \u00e9 a multa para a declara\u00e7\u00e3o do MEI atrasada?","description":"Saiba quanto \u00e9 a multa para a declara\u00e7\u00e3o do MEI atrasada. Confira agora mesmo!","robots":{"index":"index","follow":"follow","max-snippet":"max-snippet:-1","max-image-preview":"max-image-preview:large","max-video-preview":"max-video-preview:-1"},"canonical":"https:\/\/www.contabilizei.com.br\/contabilizei-responde\/multa-declaracao-mei-atrasada\/","og_locale":"pt_BR","og_type":"article","og_title":"Quanto \u00e9 a multa para a declara\u00e7\u00e3o do MEI atrasada?","og_description":"Saiba quanto \u00e9 a multa para a declara\u00e7\u00e3o do MEI atrasada. Confira agora mesmo!","og_url":"https:\/\/www.contabilizei.com.br\/contabilizei-responde\/multa-declaracao-mei-atrasada\/","og_site_name":"Contador Responde","article_modified_time":"2024-12-19T17:13:58+00:00","twitter_card":"summary_large_image","twitter_misc":{"Est. tempo de leitura":"2 minutos"},"schema":{"@context":"https:\/\/schema.org","@graph":[{"@type":"WebPage","@id":"https:\/\/www.contabilizei.com.br\/contabilizei-responde\/multa-declaracao-mei-atrasada\/","url":"https:\/\/www.contabilizei.com.br\/contabilizei-responde\/multa-declaracao-mei-atrasada\/","name":"Quanto \u00e9 a multa para a declara\u00e7\u00e3o do MEI atrasada?","isPartOf":{"@id":"https:\/\/www.contabilizei.com.br\/contabilizei-responde\/#website"},"datePublished":"2023-06-14T16:17:14+00:00","dateModified":"2024-12-19T17:13:58+00:00","description":"Saiba quanto \u00e9 a multa para a declara\u00e7\u00e3o do MEI atrasada. Confira agora mesmo!","breadcrumb":{"@id":"https:\/\/www.contabilizei.com.br\/contabilizei-responde\/multa-declaracao-mei-atrasada\/#breadcrumb"},"inLanguage":"pt-BR","potentialAction":[{"@type":"ReadAction","target":["https:\/\/www.contabilizei.com.br\/contabilizei-responde\/multa-declaracao-mei-atrasada\/"]}]},{"@type":"BreadcrumbList","@id":"https:\/\/www.contabilizei.com.br\/contabilizei-responde\/multa-declaracao-mei-atrasada\/#breadcrumb","itemListElement":[{"@type":"ListItem","position":1,"name":"Home","item":"https:\/\/www.contabilizei.com.br\/contabilizei-responde\/"},{"@type":"ListItem","position":2,"name":"Perguntas","item":"https:\/\/www.contabilizei.com.br\/contabilizei-responde\/perguntas\/"},{"@type":"ListItem","position":3,"name":"Quanto \u00e9 a multa para a declara\u00e7\u00e3o do MEI atrasada?"}]},{"@type":"WebSite","@id":"https:\/\/www.contabilizei.com.br\/contabilizei-responde\/#website","url":"https:\/\/www.contabilizei.com.br\/contabilizei-responde\/","name":"Contador Responde","description":"","potentialAction":[{"@type":"SearchAction","target":{"@type":"EntryPoint","urlTemplate":"https:\/\/www.contabilizei.com.br\/contabilizei-responde\/?s={search_term_string}"},"query-input":{"@type":"PropertyValueSpecification","valueRequired":true,"valueName":"search_term_string"}}],"inLanguage":"pt-BR"}]}},"_links":{"self":[{"href":"https:\/\/www.contabilizei.com.br\/contabilizei-responde\/api\/wp\/v2\/questions\/959","targetHints":{"allow":["GET"]}}],"collection":[{"href":"https:\/\/www.contabilizei.com.br\/contabilizei-responde\/api\/wp\/v2\/questions"}],"about":[{"href":"https:\/\/www.contabilizei.com.br\/contabilizei-responde\/api\/wp\/v2\/types\/perguntas"}],"acf:post":[{"embeddable":true,"href":"https:\/\/www.contabilizei.com.br\/contabilizei-responde\/api\/wp\/v2\/contador\/301"}],"wp:attachment":[{"href":"https:\/\/www.contabilizei.com.br\/contabilizei-responde\/api\/wp\/v2\/media?parent=959"}],"wp:term":[{"taxonomy":"category_questions","embeddable":true,"href":"https:\/\/www.contabilizei.com.br\/contabilizei-responde\/api\/wp\/v2\/category-questions?post=959"}],"curies":[{"name":"wp","href":"https:\/\/api.w.org\/{rel}","templated":true}]}}