{"id":948,"date":"2024-02-26T10:02:22","date_gmt":"2024-02-26T13:02:22","guid":{"rendered":"https:\/\/www.contabilizei.com.br\/contabilizei-responde\/?post_type=perguntas&#038;p=948"},"modified":"2025-01-24T16:44:16","modified_gmt":"2025-01-24T19:44:16","slug":"quanto-tempo-de-mei-para-pedir-auxilio-doenca","status":"publish","type":"perguntas","link":"https:\/\/www.contabilizei.com.br\/contabilizei-responde\/quanto-tempo-de-mei-para-pedir-auxilio-doenca\/","title":{"rendered":"Quanto tempo de MEI \u00e9 necess\u00e1rio para pedir aux\u00edlio-doen\u00e7a?"},"content":{"rendered":"<p><b>O MEI pode pedir o aux\u00edlio-doen\u00e7a ap\u00f3s car\u00eancia de 12 meses de contribui\u00e7\u00e3o. No entanto, h\u00e1 exce\u00e7\u00f5es que reduzem ou n\u00e3o exigem essa car\u00eancia.<\/b><\/p>\n<p><span style=\"font-weight: 400;\">A car\u00eancia para o MEI solicitar o aux\u00edlio-doen\u00e7a, quando este passa por algum problema de sa\u00fade que o impede de exercer suas atividades,\u00a0 passa a contar a partir do primeiro pagamento do imposto do MEI, j\u00e1 que a contribui\u00e7\u00e3o com a Previd\u00eancia Social vinculado ao MEI inicia neste pagamento.<\/span><\/p>\n<p><span style=\"font-weight: 400;\">No entanto, o per\u00edodo de contribui\u00e7\u00e3o do MEI pode ser somado a outros per\u00edodos anteriores de contribui\u00e7\u00e3o para Previd\u00eancia Social, no cumprimento da car\u00eancia dos 12 meses.<\/span><\/p>\n<p><span style=\"font-weight: 400;\">Al\u00e9m disso, o contribuinte do INSS est\u00e1 isento do cumprimento da car\u00eancia para solicitar o aux\u00edlio-doen\u00e7a em casos de acidente de trabalho ou quando for afetado por alguma <\/span><a href=\"https:\/\/in.gov.br\/en\/web\/dou\/-\/portaria-interministerial-mtp\/ms-n-22-de-31-de-agosto-de-2022-426206445\" target=\"_blank\" rel=\"noopener\"><span style=\"font-weight: 400;\">doen\u00e7as listadas pela Previd\u00eancia Social<\/span><\/a><span style=\"font-weight: 400;\">. S\u00e3o elas:<\/span><\/p>\n<ul>\n<li style=\"font-weight: 400;\" aria-level=\"1\"><span style=\"font-weight: 400;\">tuberculose ativa;<\/span><\/li>\n<li style=\"font-weight: 400;\" aria-level=\"1\"><span style=\"font-weight: 400;\">hansen\u00edase;<\/span><\/li>\n<li style=\"font-weight: 400;\" aria-level=\"1\"><span style=\"font-weight: 400;\">transtorno mental grave, desde que esteja cursando com aliena\u00e7\u00e3o mental;<\/span><\/li>\n<li style=\"font-weight: 400;\" aria-level=\"1\"><span style=\"font-weight: 400;\">neoplasia maligna;<\/span><\/li>\n<li style=\"font-weight: 400;\" aria-level=\"1\"><span style=\"font-weight: 400;\">cegueira;<\/span><\/li>\n<li style=\"font-weight: 400;\" aria-level=\"1\"><span style=\"font-weight: 400;\">paralisia irrevers\u00edvel e incapacitante;<\/span><\/li>\n<li style=\"font-weight: 400;\" aria-level=\"1\"><span style=\"font-weight: 400;\">cardiopatia grave;<\/span><\/li>\n<li style=\"font-weight: 400;\" aria-level=\"1\"><span style=\"font-weight: 400;\">doen\u00e7a de Parkinson;<\/span><\/li>\n<li style=\"font-weight: 400;\" aria-level=\"1\"><span style=\"font-weight: 400;\">espondilite anquilosante;<\/span><\/li>\n<li style=\"font-weight: 400;\" aria-level=\"1\"><span style=\"font-weight: 400;\">nefropatia grave;<\/span><\/li>\n<li style=\"font-weight: 400;\" aria-level=\"1\"><span style=\"font-weight: 400;\">estado avan\u00e7ado da doen\u00e7a de Paget (oste\u00edte deformante);<\/span><\/li>\n<li style=\"font-weight: 400;\" aria-level=\"1\"><span style=\"font-weight: 400;\">s\u00edndrome da defici\u00eancia imunol\u00f3gica adquirida (Aids);<\/span><\/li>\n<li style=\"font-weight: 400;\" aria-level=\"1\"><span style=\"font-weight: 400;\">contamina\u00e7\u00e3o por radia\u00e7\u00e3o, com base em conclus\u00e3o da medicina especializada;<\/span><\/li>\n<li style=\"font-weight: 400;\" aria-level=\"1\"><span style=\"font-weight: 400;\">hepatopatia grave;<\/span><\/li>\n<li style=\"font-weight: 400;\" aria-level=\"1\"><span style=\"font-weight: 400;\">esclerose m\u00faltipla;<\/span><\/li>\n<li style=\"font-weight: 400;\" aria-level=\"1\"><span style=\"font-weight: 400;\">acidente vascular encef\u00e1lico (agudo); e<\/span><\/li>\n<li style=\"font-weight: 400;\" aria-level=\"1\"><span style=\"font-weight: 400;\">abdome agudo cir\u00fargico.<\/span><\/li>\n<\/ul>\n<p><span style=\"font-weight: 400;\">Se n\u00e3o se encaixar em algumas destas situa\u00e7\u00f5es e n\u00e3o tiver os 12 meses de car\u00eancia, o MEI n\u00e3o tem direito ao aux\u00edlio-doen\u00e7a.<\/span><\/p>\n<p><span style=\"font-weight: 400;\">Vale lembrar que o MEI inadimplente com o pagamento da DAS, n\u00e3o ter\u00e1 este tempo contado para nenhum benef\u00edcio da Previd\u00eancia Social.<\/span><\/p>\n<p><span style=\"font-weight: 400;\">Para requerer o benef\u00edcio junto \u00e0 Previd\u00eancia Social, o segurado pode utilizar os servi\u00e7os do <\/span><a href=\"https:\/\/www.gov.br\/pt-br\/temas\/meu-inss\" target=\"_blank\" rel=\"noopener\"><span style=\"font-weight: 400;\">Meu INSS<\/span><\/a><span style=\"font-weight: 400;\">.<\/span><\/p>\n<p><span style=\"font-weight: 400;\">Essa mesma car\u00eancia de 12 meses se aplica a s\u00f3cios pr\u00f3 laboristas de micro e pequenas empresas. Neste caso, contar com o apoio de um contador \u00e9 essencial. Conte com a <\/span><a href=\"https:\/\/www.contabilizei.com.br\/abrir-empresa\/\" target=\"_blank\" rel=\"noopener\"><span style=\"font-weight: 400;\">Contabilizei<\/span><\/a><span style=\"font-weight: 400;\"> no dia a dia de sua empresa.<\/span><\/p>\n<p><span data-sheets-root=\"1\"> \n<div class=\"wpcf7 no-js\" id=\"wpcf7-f1618-o1\" lang=\"pt-BR\" dir=\"ltr\" data-wpcf7-id=\"1618\">\n<div class=\"screen-reader-response\"><p role=\"status\" aria-live=\"polite\" aria-atomic=\"true\"><\/p> <ul><\/ul><\/div>\n<form action=\"\/contabilizei-responde\/api\/wp\/v2\/questions\/948#wpcf7-f1618-o1\" method=\"post\" class=\"wpcf7-form init\" aria-label=\"Formul\u00e1rios de contato\" novalidate=\"novalidate\" data-status=\"init\">\n<fieldset class=\"hidden-fields-container\"><input type=\"hidden\" name=\"_wpcf7\" value=\"1618\" \/><input type=\"hidden\" name=\"_wpcf7_version\" value=\"6.1.5\" \/><input type=\"hidden\" name=\"_wpcf7_locale\" value=\"pt_BR\" \/><input type=\"hidden\" name=\"_wpcf7_unit_tag\" value=\"wpcf7-f1618-o1\" \/><input type=\"hidden\" name=\"_wpcf7_container_post\" value=\"0\" \/><input type=\"hidden\" name=\"_wpcf7_posted_data_hash\" value=\"\" \/>\n<\/fieldset>\n<div class=\"cta-forms\">\n\t<div class=\"box\">\n\t\t<p class=\"cta-forms-title\">Quer ajuda para fazer o desenquadramento do seu <a href=\"https:\/\/contabilizei.com.br\/contabilidade-online\/mei\/\" target=\"_blank\">MEI<\/a>?\n\t\t<\/p>\n\t\t<p>A Contabilizei \u00e9 l\u00edder em abertura de empresas, deixe seus dados e nossos especialistas entrar\u00e3o em contato.\n\t\t<\/p>\n\t\t<p><label>E-mail<\/label><br \/>\n<span class=\"wpcf7-form-control-wrap\" data-name=\"your-email\"><input size=\"40\" maxlength=\"400\" class=\"wpcf7-form-control wpcf7-email wpcf7-validates-as-required wpcf7-text wpcf7-validates-as-email\" aria-required=\"true\" aria-invalid=\"false\" value=\"\" type=\"email\" name=\"your-email\" \/><\/span>\n\t\t<\/p>\n\t\t<p><label>Telefone<\/label><br \/>\n<span class=\"wpcf7-form-control-wrap\" data-name=\"your-phone\"><input size=\"40\" maxlength=\"400\" class=\"wpcf7-form-control wpcf7-tel wpcf7-validates-as-required wpcf7-text wpcf7-validates-as-tel\" aria-required=\"true\" aria-invalid=\"false\" value=\"\" type=\"tel\" name=\"your-phone\" \/><\/span>\n\t\t<\/p>\n\t\t<p><input type=\"hidden\" name=\"origin\" value=\"CONTABILIZEI RESPONDE: QUANTO-TEMPO-DE-MEI-PARA-PEDIR-AUXILIO-DOENCA\"><br \/>\n<input type=\"hidden\" name=\"conversion\" value=\"https:\/\/www.contabilizei.com.br\/contabilizei-responde\/quanto-tempo-de-mei-para-pedir-auxilio-doenca\/\">\n\t\t<\/p>\n\t\t<p><input class=\"wpcf7-form-control wpcf7-submit has-spinner\" type=\"submit\" value=\"Fale com especialista\" \/>\n\t\t<\/p>\n\t<\/div>\n\t<div class=\"aviso-obrigado hideme\">\n\t\t<p class=\"aviso-obrigado-title\">TUDO CERTO!\n\t\t<\/p>\n\t\t<p>Recebemos suas informa\u00e7\u00f5es, logo nossos especialistas entrar\u00e3o em contato.\n\t\t<\/p>\n\t<\/div>\n<\/div>\n<p><script type=\"text\/javascript\">\njQuery(function(){\n\tdocument.addEventListener( 'wpcf7mailsent', function( event ) { \n if ( '34253' == event.detail.contactFormId ) {\n\t jQuery(\".aviso-obrigado\").css(\"display\", \"flex\");\n } \n\t}, false );\n})\n<\/script>\n<\/p><div class=\"wpcf7-response-output\" aria-hidden=\"true\"><\/div>\n<\/form>\n<\/div>\n<\/span><\/p>\n","protected":false},"excerpt":{"rendered":"<p>O MEI pode pedir o aux\u00edlio-doen\u00e7a ap\u00f3s car\u00eancia de 12 meses de contribui\u00e7\u00e3o. No entanto, h\u00e1 exce\u00e7\u00f5es que reduzem ou n\u00e3o exigem essa car\u00eancia. A car\u00eancia para o MEI solicitar o aux\u00edlio-doen\u00e7a, quando este passa por algum problema de sa\u00fade que o impede de exercer suas atividades,\u00a0 passa a contar a partir do primeiro pagamento [&hellip;]<\/p>\n","protected":false},"parent":0,"menu_order":0,"template":"","category-questions":[25],"class_list":["post-948","perguntas","type-perguntas","status-publish","hentry","category_questions-mei"],"acf":{"contador":{"ID":927,"post_author":"4","post_date":"2023-05-25 10:44:50","post_date_gmt":"2023-05-25 13:44:50","post_content":"","post_title":"Michel Batista","post_excerpt":"","post_status":"publish","comment_status":"closed","ping_status":"closed","post_password":"","post_name":"michel-batista","to_ping":"","pinged":"","post_modified":"2023-05-25 10:44:50","post_modified_gmt":"2023-05-25 13:44:50","post_content_filtered":"","post_parent":0,"guid":"https:\/\/www.contabilizei.com.br\/contabilizei-responde\/?post_type=contador&#038;p=927","menu_order":0,"post_type":"contador","post_mime_type":"","comment_count":"0","filter":"raw"}},"yoast_head":"<!-- This site is optimized with the Yoast SEO plugin v27.5 - https:\/\/yoast.com\/product\/yoast-seo-wordpress\/ -->\n<title>Quanto tempo de MEI \u00e9 necess\u00e1rio para pedir aux\u00edlio-doen\u00e7a?<\/title>\n<meta name=\"description\" content=\"Veja quanto tempo de MEI \u00e9 necess\u00e1rio para pedir aux\u00edlio-doen\u00e7a. Confira agora mesmo!\" \/>\n<meta name=\"robots\" content=\"index, follow, max-snippet:-1, max-image-preview:large, max-video-preview:-1\" \/>\n<link rel=\"canonical\" href=\"https:\/\/www.contabilizei.com.br\/contabilizei-responde\/quanto-tempo-de-mei-para-pedir-auxilio-doenca\/\" \/>\n<meta property=\"og:locale\" content=\"pt_BR\" \/>\n<meta property=\"og:type\" content=\"article\" \/>\n<meta property=\"og:title\" content=\"Quanto tempo de MEI \u00e9 necess\u00e1rio para pedir aux\u00edlio-doen\u00e7a?\" \/>\n<meta property=\"og:description\" content=\"Veja quanto tempo de MEI \u00e9 necess\u00e1rio para pedir aux\u00edlio-doen\u00e7a. Confira agora mesmo!\" \/>\n<meta property=\"og:url\" content=\"https:\/\/www.contabilizei.com.br\/contabilizei-responde\/quanto-tempo-de-mei-para-pedir-auxilio-doenca\/\" \/>\n<meta property=\"og:site_name\" content=\"Contador Responde\" \/>\n<meta property=\"article:modified_time\" content=\"2025-01-24T19:44:16+00:00\" \/>\n<meta name=\"twitter:card\" content=\"summary_large_image\" \/>\n<meta name=\"twitter:label1\" content=\"Est. tempo de leitura\" \/>\n\t<meta name=\"twitter:data1\" content=\"2 minutos\" \/>\n<!-- \/ Yoast SEO plugin. -->","yoast_head_json":{"title":"Quanto tempo de MEI \u00e9 necess\u00e1rio para pedir aux\u00edlio-doen\u00e7a?","description":"Veja quanto tempo de MEI \u00e9 necess\u00e1rio para pedir aux\u00edlio-doen\u00e7a. Confira agora mesmo!","robots":{"index":"index","follow":"follow","max-snippet":"max-snippet:-1","max-image-preview":"max-image-preview:large","max-video-preview":"max-video-preview:-1"},"canonical":"https:\/\/www.contabilizei.com.br\/contabilizei-responde\/quanto-tempo-de-mei-para-pedir-auxilio-doenca\/","og_locale":"pt_BR","og_type":"article","og_title":"Quanto tempo de MEI \u00e9 necess\u00e1rio para pedir aux\u00edlio-doen\u00e7a?","og_description":"Veja quanto tempo de MEI \u00e9 necess\u00e1rio para pedir aux\u00edlio-doen\u00e7a. Confira agora mesmo!","og_url":"https:\/\/www.contabilizei.com.br\/contabilizei-responde\/quanto-tempo-de-mei-para-pedir-auxilio-doenca\/","og_site_name":"Contador Responde","article_modified_time":"2025-01-24T19:44:16+00:00","twitter_card":"summary_large_image","twitter_misc":{"Est. tempo de leitura":"2 minutos"},"schema":{"@context":"https:\/\/schema.org","@graph":[{"@type":"WebPage","@id":"https:\/\/www.contabilizei.com.br\/contabilizei-responde\/quanto-tempo-de-mei-para-pedir-auxilio-doenca\/","url":"https:\/\/www.contabilizei.com.br\/contabilizei-responde\/quanto-tempo-de-mei-para-pedir-auxilio-doenca\/","name":"Quanto tempo de MEI \u00e9 necess\u00e1rio para pedir aux\u00edlio-doen\u00e7a?","isPartOf":{"@id":"https:\/\/www.contabilizei.com.br\/contabilizei-responde\/#website"},"datePublished":"2024-02-26T13:02:22+00:00","dateModified":"2025-01-24T19:44:16+00:00","description":"Veja quanto tempo de MEI \u00e9 necess\u00e1rio para pedir aux\u00edlio-doen\u00e7a. Confira agora mesmo!","breadcrumb":{"@id":"https:\/\/www.contabilizei.com.br\/contabilizei-responde\/quanto-tempo-de-mei-para-pedir-auxilio-doenca\/#breadcrumb"},"inLanguage":"pt-BR","potentialAction":[{"@type":"ReadAction","target":["https:\/\/www.contabilizei.com.br\/contabilizei-responde\/quanto-tempo-de-mei-para-pedir-auxilio-doenca\/"]}]},{"@type":"BreadcrumbList","@id":"https:\/\/www.contabilizei.com.br\/contabilizei-responde\/quanto-tempo-de-mei-para-pedir-auxilio-doenca\/#breadcrumb","itemListElement":[{"@type":"ListItem","position":1,"name":"Home","item":"https:\/\/www.contabilizei.com.br\/contabilizei-responde\/"},{"@type":"ListItem","position":2,"name":"Perguntas","item":"https:\/\/www.contabilizei.com.br\/contabilizei-responde\/perguntas\/"},{"@type":"ListItem","position":3,"name":"Quanto tempo de MEI \u00e9 necess\u00e1rio para pedir aux\u00edlio-doen\u00e7a?"}]},{"@type":"WebSite","@id":"https:\/\/www.contabilizei.com.br\/contabilizei-responde\/#website","url":"https:\/\/www.contabilizei.com.br\/contabilizei-responde\/","name":"Contador Responde","description":"","potentialAction":[{"@type":"SearchAction","target":{"@type":"EntryPoint","urlTemplate":"https:\/\/www.contabilizei.com.br\/contabilizei-responde\/?s={search_term_string}"},"query-input":{"@type":"PropertyValueSpecification","valueRequired":true,"valueName":"search_term_string"}}],"inLanguage":"pt-BR"}]}},"_links":{"self":[{"href":"https:\/\/www.contabilizei.com.br\/contabilizei-responde\/api\/wp\/v2\/questions\/948","targetHints":{"allow":["GET"]}}],"collection":[{"href":"https:\/\/www.contabilizei.com.br\/contabilizei-responde\/api\/wp\/v2\/questions"}],"about":[{"href":"https:\/\/www.contabilizei.com.br\/contabilizei-responde\/api\/wp\/v2\/types\/perguntas"}],"acf:post":[{"embeddable":true,"href":"https:\/\/www.contabilizei.com.br\/contabilizei-responde\/api\/wp\/v2\/contador\/927"}],"wp:attachment":[{"href":"https:\/\/www.contabilizei.com.br\/contabilizei-responde\/api\/wp\/v2\/media?parent=948"}],"wp:term":[{"taxonomy":"category_questions","embeddable":true,"href":"https:\/\/www.contabilizei.com.br\/contabilizei-responde\/api\/wp\/v2\/category-questions?post=948"}],"curies":[{"name":"wp","href":"https:\/\/api.w.org\/{rel}","templated":true}]}}