{"id":947,"date":"2023-06-07T14:50:04","date_gmt":"2023-06-07T17:50:04","guid":{"rendered":"https:\/\/www.contabilizei.com.br\/contabilizei-responde\/?post_type=perguntas&#038;p=947"},"modified":"2024-12-19T12:27:02","modified_gmt":"2024-12-19T15:27:02","slug":"quanto-tempo-de-mei-para-fazer-financiamento","status":"publish","type":"perguntas","link":"https:\/\/www.contabilizei.com.br\/contabilizei-responde\/quanto-tempo-de-mei-para-fazer-financiamento\/","title":{"rendered":"Quanto tempo de MEI \u00e9 necess\u00e1rio para fazer financiamento?"},"content":{"rendered":"<p><b>O tempo necess\u00e1rio para um MEI fazer um financiamento pode variar de acordo com o tipo de financiamento desejado e das pol\u00edticas das institui\u00e7\u00f5es e programas de cr\u00e9ditos escolhidos. O financiamento para MEI \u00e9 poss\u00edvel e vamos falar sobre cada um deles.<\/b><\/p>\n<p><span style=\"font-weight: 400;\">Seja para adquirir\u00a0 im\u00f3veis, ve\u00edculos, m\u00e1quinas, cr\u00e9dito, ou para outras necessidades do microempreendedor, dois dos crit\u00e9rios comuns para libera\u00e7\u00e3o de um financiamento s\u00e3o o tempo de exist\u00eancia do CNPJ e a comprova\u00e7\u00e3o da movimenta\u00e7\u00e3o e estabilidade econ\u00f4mica do MEI.<\/span><\/p>\n<p><span style=\"font-weight: 400;\">Para qualifica\u00e7\u00e3o de financiamento em programas p\u00fablicos, o principal crit\u00e9rio \u00e9 o tempo de formaliza\u00e7\u00e3o do MEI, com um tempo m\u00ednimo exigido pelo programa de 6 meses a 1 ano. Al\u00e9m disso, \u00e9 muito importante que as obriga\u00e7\u00f5es e\u00a0 informa\u00e7\u00f5es do CNPJ estejam atualizadas no Portal do Empreendedor, pois \u00e9 a base de consulta dessas institui\u00e7\u00f5es.<\/span><\/p>\n<p><span style=\"font-weight: 400;\">J\u00e1 para formaliza\u00e7\u00e3o de pedidos em institui\u00e7\u00f5es tradicionais, como bancos e financeiras privadas, al\u00e9m de tempo m\u00ednimo de formaliza\u00e7\u00e3o, ainda analisam a viabilidade do neg\u00f3cio atrav\u00e9s do hist\u00f3rico de cr\u00e9ditos, faturamento e capacidade de pagamento de d\u00edvidas, por exemplo. E para te ajudar na gest\u00e3o financeira de seus neg\u00f3cios, disponibilizamos gratuitamente algumas <\/span><a href=\"https:\/\/www.contabilizei.com.br\/contabilidade-online\/materiais\/tema\/gestao-financeira\/\" target=\"_blank\" rel=\"noopener\"><span style=\"font-weight: 400;\">ferramentas de controle e rotinas<\/span><\/a><span style=\"font-weight: 400;\"> de sua empresa.<\/span><\/p>\n<p><span style=\"font-weight: 400;\">O Governo Federal disponibiliza o <\/span><a href=\"https:\/\/www.gov.br\/empresas-e-negocios\/pt-br\/credito\/credmei-credmpe\" target=\"_blank\" rel=\"noopener\"><span style=\"font-weight: 400;\">programa CRED+<\/span><\/a><span style=\"font-weight: 400;\"> que tem o intuito de simplificar ao MEI e micro empresas o acesso a produtos e servi\u00e7os financeiros com diversas institui\u00e7\u00f5es p\u00fablicas e privadas, facilitando as oportunidades de conseguir cr\u00e9dito e financiamento.<\/span><\/p>\n<p><span style=\"font-weight: 400;\">Para micro e pequenas empresas (ME e EPP) as oportunidades s\u00e3o maiores, mas al\u00e9m de serem realizadas as mesmas an\u00e1lises que s\u00e3o feitas para o MEI, tamb\u00e9m ser\u00e3o exigidas as demonstra\u00e7\u00f5es financeiras da empresa, elaboradas e assinadas por sua contabilidade respons\u00e1vel.<\/span><\/p>\n<p><span style=\"font-weight: 400;\">Na <\/span><a href=\"https:\/\/www.contabilizei.com.br\/sobre\/sobre-a-contabilizei\/\" target=\"_blank\" rel=\"noopener\"><span style=\"font-weight: 400;\">Contabilizei<\/span><\/a><span style=\"font-weight: 400;\"> trabalhamos para simplificar e fortalecer o futuro de cada cliente, garantindo a regularidade cont\u00e1bil e fiscal das empresas, para que estejam aptas no momento de dar este passo junto \u00e0s institui\u00e7\u00f5es.<\/span><\/p>\n<p><span data-sheets-root=\"1\"> \n<div class=\"wpcf7 no-js\" id=\"wpcf7-f1618-o1\" lang=\"pt-BR\" dir=\"ltr\" data-wpcf7-id=\"1618\">\n<div class=\"screen-reader-response\"><p role=\"status\" aria-live=\"polite\" aria-atomic=\"true\"><\/p> <ul><\/ul><\/div>\n<form action=\"\/contabilizei-responde\/api\/wp\/v2\/questions\/947#wpcf7-f1618-o1\" method=\"post\" class=\"wpcf7-form init\" aria-label=\"Formul\u00e1rios de contato\" novalidate=\"novalidate\" data-status=\"init\">\n<fieldset class=\"hidden-fields-container\"><input type=\"hidden\" name=\"_wpcf7\" value=\"1618\" \/><input type=\"hidden\" name=\"_wpcf7_version\" value=\"6.1.5\" \/><input type=\"hidden\" name=\"_wpcf7_locale\" value=\"pt_BR\" \/><input type=\"hidden\" name=\"_wpcf7_unit_tag\" value=\"wpcf7-f1618-o1\" \/><input type=\"hidden\" name=\"_wpcf7_container_post\" value=\"0\" \/><input type=\"hidden\" name=\"_wpcf7_posted_data_hash\" value=\"\" \/>\n<\/fieldset>\n<div class=\"cta-forms\">\n\t<div class=\"box\">\n\t\t<p class=\"cta-forms-title\">Quer ajuda para fazer o desenquadramento do seu <a href=\"https:\/\/contabilizei.com.br\/contabilidade-online\/mei\/\" target=\"_blank\">MEI<\/a>?\n\t\t<\/p>\n\t\t<p>A Contabilizei \u00e9 l\u00edder em abertura de empresas, deixe seus dados e nossos especialistas entrar\u00e3o em contato.\n\t\t<\/p>\n\t\t<p><label>E-mail<\/label><br \/>\n<span class=\"wpcf7-form-control-wrap\" data-name=\"your-email\"><input size=\"40\" maxlength=\"400\" class=\"wpcf7-form-control wpcf7-email wpcf7-validates-as-required wpcf7-text wpcf7-validates-as-email\" aria-required=\"true\" aria-invalid=\"false\" value=\"\" type=\"email\" name=\"your-email\" \/><\/span>\n\t\t<\/p>\n\t\t<p><label>Telefone<\/label><br \/>\n<span class=\"wpcf7-form-control-wrap\" data-name=\"your-phone\"><input size=\"40\" maxlength=\"400\" class=\"wpcf7-form-control wpcf7-tel wpcf7-validates-as-required wpcf7-text wpcf7-validates-as-tel\" aria-required=\"true\" aria-invalid=\"false\" value=\"\" type=\"tel\" name=\"your-phone\" \/><\/span>\n\t\t<\/p>\n\t\t<p><input type=\"hidden\" name=\"origin\" value=\"CONTABILIZEI RESPONDE: QUANTO-TEMPO-DE-MEI-PARA-FAZER-FINANCIAMENTO\"><br \/>\n<input type=\"hidden\" name=\"conversion\" value=\"https:\/\/www.contabilizei.com.br\/contabilizei-responde\/quanto-tempo-de-mei-para-fazer-financiamento\/\">\n\t\t<\/p>\n\t\t<p><input class=\"wpcf7-form-control wpcf7-submit has-spinner\" type=\"submit\" value=\"Fale com especialista\" \/>\n\t\t<\/p>\n\t<\/div>\n\t<div class=\"aviso-obrigado hideme\">\n\t\t<p class=\"aviso-obrigado-title\">TUDO CERTO!\n\t\t<\/p>\n\t\t<p>Recebemos suas informa\u00e7\u00f5es, logo nossos especialistas entrar\u00e3o em contato.\n\t\t<\/p>\n\t<\/div>\n<\/div>\n<p><script type=\"text\/javascript\">\njQuery(function(){\n\tdocument.addEventListener( 'wpcf7mailsent', function( event ) { \n if ( '34253' == event.detail.contactFormId ) {\n\t jQuery(\".aviso-obrigado\").css(\"display\", \"flex\");\n } \n\t}, false );\n})\n<\/script>\n<\/p><div class=\"wpcf7-response-output\" aria-hidden=\"true\"><\/div>\n<\/form>\n<\/div>\n<\/span><\/p>\n","protected":false},"excerpt":{"rendered":"<p>O tempo necess\u00e1rio para um MEI fazer um financiamento pode variar de acordo com o tipo de financiamento desejado e das pol\u00edticas das institui\u00e7\u00f5es e programas de cr\u00e9ditos escolhidos. O financiamento para MEI \u00e9 poss\u00edvel e vamos falar sobre cada um deles. Seja para adquirir\u00a0 im\u00f3veis, ve\u00edculos, m\u00e1quinas, cr\u00e9dito, ou para outras necessidades do microempreendedor, [&hellip;]<\/p>\n","protected":false},"parent":0,"menu_order":0,"template":"","category-questions":[25],"class_list":["post-947","perguntas","type-perguntas","status-publish","hentry","category_questions-mei"],"acf":{"contador":{"ID":927,"post_author":"4","post_date":"2023-05-25 10:44:50","post_date_gmt":"2023-05-25 13:44:50","post_content":"","post_title":"Michel Batista","post_excerpt":"","post_status":"publish","comment_status":"closed","ping_status":"closed","post_password":"","post_name":"michel-batista","to_ping":"","pinged":"","post_modified":"2023-05-25 10:44:50","post_modified_gmt":"2023-05-25 13:44:50","post_content_filtered":"","post_parent":0,"guid":"https:\/\/www.contabilizei.com.br\/contabilizei-responde\/?post_type=contador&#038;p=927","menu_order":0,"post_type":"contador","post_mime_type":"","comment_count":"0","filter":"raw"}},"yoast_head":"<!-- This site is optimized with the Yoast SEO plugin v27.5 - https:\/\/yoast.com\/product\/yoast-seo-wordpress\/ -->\n<title>Quanto tempo de MEI \u00e9 necess\u00e1rio para fazer financiamento?<\/title>\n<meta name=\"description\" content=\"Veja quanto tempo de MEI \u00e9 necess\u00e1rio para fazer financiamento. Confira agora mesmo!\" \/>\n<meta name=\"robots\" content=\"index, follow, max-snippet:-1, max-image-preview:large, max-video-preview:-1\" \/>\n<link rel=\"canonical\" href=\"https:\/\/www.contabilizei.com.br\/contabilizei-responde\/quanto-tempo-de-mei-para-fazer-financiamento\/\" \/>\n<meta property=\"og:locale\" content=\"pt_BR\" \/>\n<meta property=\"og:type\" content=\"article\" \/>\n<meta property=\"og:title\" content=\"Quanto tempo de MEI \u00e9 necess\u00e1rio para fazer financiamento?\" \/>\n<meta property=\"og:description\" content=\"Veja quanto tempo de MEI \u00e9 necess\u00e1rio para fazer financiamento. Confira agora mesmo!\" \/>\n<meta property=\"og:url\" content=\"https:\/\/www.contabilizei.com.br\/contabilizei-responde\/quanto-tempo-de-mei-para-fazer-financiamento\/\" \/>\n<meta property=\"og:site_name\" content=\"Contador Responde\" \/>\n<meta property=\"article:modified_time\" content=\"2024-12-19T15:27:02+00:00\" \/>\n<meta name=\"twitter:card\" content=\"summary_large_image\" \/>\n<meta name=\"twitter:label1\" content=\"Est. tempo de leitura\" \/>\n\t<meta name=\"twitter:data1\" content=\"2 minutos\" \/>\n<!-- \/ Yoast SEO plugin. -->","yoast_head_json":{"title":"Quanto tempo de MEI \u00e9 necess\u00e1rio para fazer financiamento?","description":"Veja quanto tempo de MEI \u00e9 necess\u00e1rio para fazer financiamento. Confira agora mesmo!","robots":{"index":"index","follow":"follow","max-snippet":"max-snippet:-1","max-image-preview":"max-image-preview:large","max-video-preview":"max-video-preview:-1"},"canonical":"https:\/\/www.contabilizei.com.br\/contabilizei-responde\/quanto-tempo-de-mei-para-fazer-financiamento\/","og_locale":"pt_BR","og_type":"article","og_title":"Quanto tempo de MEI \u00e9 necess\u00e1rio para fazer financiamento?","og_description":"Veja quanto tempo de MEI \u00e9 necess\u00e1rio para fazer financiamento. Confira agora mesmo!","og_url":"https:\/\/www.contabilizei.com.br\/contabilizei-responde\/quanto-tempo-de-mei-para-fazer-financiamento\/","og_site_name":"Contador Responde","article_modified_time":"2024-12-19T15:27:02+00:00","twitter_card":"summary_large_image","twitter_misc":{"Est. tempo de leitura":"2 minutos"},"schema":{"@context":"https:\/\/schema.org","@graph":[{"@type":"WebPage","@id":"https:\/\/www.contabilizei.com.br\/contabilizei-responde\/quanto-tempo-de-mei-para-fazer-financiamento\/","url":"https:\/\/www.contabilizei.com.br\/contabilizei-responde\/quanto-tempo-de-mei-para-fazer-financiamento\/","name":"Quanto tempo de MEI \u00e9 necess\u00e1rio para fazer financiamento?","isPartOf":{"@id":"https:\/\/www.contabilizei.com.br\/contabilizei-responde\/#website"},"datePublished":"2023-06-07T17:50:04+00:00","dateModified":"2024-12-19T15:27:02+00:00","description":"Veja quanto tempo de MEI \u00e9 necess\u00e1rio para fazer financiamento. Confira agora mesmo!","breadcrumb":{"@id":"https:\/\/www.contabilizei.com.br\/contabilizei-responde\/quanto-tempo-de-mei-para-fazer-financiamento\/#breadcrumb"},"inLanguage":"pt-BR","potentialAction":[{"@type":"ReadAction","target":["https:\/\/www.contabilizei.com.br\/contabilizei-responde\/quanto-tempo-de-mei-para-fazer-financiamento\/"]}]},{"@type":"BreadcrumbList","@id":"https:\/\/www.contabilizei.com.br\/contabilizei-responde\/quanto-tempo-de-mei-para-fazer-financiamento\/#breadcrumb","itemListElement":[{"@type":"ListItem","position":1,"name":"Home","item":"https:\/\/www.contabilizei.com.br\/contabilizei-responde\/"},{"@type":"ListItem","position":2,"name":"Perguntas","item":"https:\/\/www.contabilizei.com.br\/contabilizei-responde\/perguntas\/"},{"@type":"ListItem","position":3,"name":"Quanto tempo de MEI \u00e9 necess\u00e1rio para fazer financiamento?"}]},{"@type":"WebSite","@id":"https:\/\/www.contabilizei.com.br\/contabilizei-responde\/#website","url":"https:\/\/www.contabilizei.com.br\/contabilizei-responde\/","name":"Contador Responde","description":"","potentialAction":[{"@type":"SearchAction","target":{"@type":"EntryPoint","urlTemplate":"https:\/\/www.contabilizei.com.br\/contabilizei-responde\/?s={search_term_string}"},"query-input":{"@type":"PropertyValueSpecification","valueRequired":true,"valueName":"search_term_string"}}],"inLanguage":"pt-BR"}]}},"_links":{"self":[{"href":"https:\/\/www.contabilizei.com.br\/contabilizei-responde\/api\/wp\/v2\/questions\/947","targetHints":{"allow":["GET"]}}],"collection":[{"href":"https:\/\/www.contabilizei.com.br\/contabilizei-responde\/api\/wp\/v2\/questions"}],"about":[{"href":"https:\/\/www.contabilizei.com.br\/contabilizei-responde\/api\/wp\/v2\/types\/perguntas"}],"acf:post":[{"embeddable":true,"href":"https:\/\/www.contabilizei.com.br\/contabilizei-responde\/api\/wp\/v2\/contador\/927"}],"wp:attachment":[{"href":"https:\/\/www.contabilizei.com.br\/contabilizei-responde\/api\/wp\/v2\/media?parent=947"}],"wp:term":[{"taxonomy":"category_questions","embeddable":true,"href":"https:\/\/www.contabilizei.com.br\/contabilizei-responde\/api\/wp\/v2\/category-questions?post=947"}],"curies":[{"name":"wp","href":"https:\/\/api.w.org\/{rel}","templated":true}]}}