{"id":931,"date":"2023-05-25T15:23:16","date_gmt":"2023-05-25T18:23:16","guid":{"rendered":"https:\/\/www.contabilizei.com.br\/contabilizei-responde\/?post_type=perguntas&#038;p=931"},"modified":"2025-03-20T14:51:41","modified_gmt":"2025-03-20T17:51:41","slug":"nao-declarei-imposto-de-renda-nos-ultimos-5-anos","status":"publish","type":"perguntas","link":"https:\/\/www.contabilizei.com.br\/contabilizei-responde\/nao-declarei-imposto-de-renda-nos-ultimos-5-anos\/","title":{"rendered":"N\u00e3o declarei imposto de renda nos \u00faltimos 5 anos e agora?"},"content":{"rendered":"<p><b>A n\u00e3o declara\u00e7\u00e3o do imposto de renda nos prazos estabelecidos pela Receita Federal acarreta uma s\u00e9rie de consequ\u00eancias, que s\u00e3o agravadas quando a aus\u00eancia de declara\u00e7\u00e3o acontece por muitos anos consecutivos.<\/b><\/p>\n<p><span style=\"font-weight: 400;\">Al\u00e9m dos riscos de <\/span><b>bloqueio de CPF<\/b><span style=\"font-weight: 400;\">, inviabiliza\u00e7\u00e3o de emiss\u00e3o de documentos de identifica\u00e7\u00e3o, dificuldade de comprovar renda, receber restri\u00e7\u00f5es financeiras, impossibilidade de abrir empresa ou iniciar em um novo trabalho e a incid\u00eancia das multas e juros pelo atraso e sobre o valor do imposto devido, a n\u00e3o declara\u00e7\u00e3o do imposto de renda por mais de 2 anos consecutivos pode configurar um crime contra a ordem tribut\u00e1ria, com a <\/span><b>acusa\u00e7\u00e3o de sonega\u00e7\u00e3o fiscal<\/b><span style=\"font-weight: 400;\">, e em alguns casos podendo enquadrar at\u00e9 como fraude, e uma pena m\u00e1xima de 5 anos de pris\u00e3o.<\/span><\/p>\n<p><span style=\"font-weight: 400;\">Para evitar que chegue a este ponto, a melhor op\u00e7\u00e3o \u00e9 regularizar antes de receber uma notifica\u00e7\u00e3o da Receita Federal. Veja como:<\/span><\/p>\n<ol>\n<li style=\"font-weight: 400;\" aria-level=\"1\"><span style=\"font-weight: 400;\">Organize os documentos: Verifique quais documentos s\u00e3o necess\u00e1rios, como comprovantes de rendimentos, despesas m\u00e9dicas e recibos de alugu\u00e9is, entre outros.\u00a0<\/span><\/li>\n<li style=\"font-weight: 400;\" aria-level=\"1\"><span style=\"font-weight: 400;\">Fa\u00e7a a declara\u00e7\u00e3o em atraso: Preencha e envie uma declara\u00e7\u00e3o espec\u00edfica para cada ano n\u00e3o declarado. Use o programa oficial da Receita Federal ou contrate um contador para auxili\u00e1-lo.<\/span><\/li>\n<li style=\"font-weight: 400;\" aria-level=\"1\"><span style=\"font-weight: 400;\">Verifique poss\u00edveis pend\u00eancias: \u00c9 poss\u00edvel que, ao enviar as declara\u00e7\u00f5es em atraso, voc\u00ea receba notifica\u00e7\u00f5es de pend\u00eancias ou multas. Caso isso ocorra, regularize essas quest\u00f5es o mais r\u00e1pido poss\u00edvel.<\/span><\/li>\n<li style=\"font-weight: 400;\" aria-level=\"1\"><span style=\"font-weight: 400;\">Pague os impostos e multas devidos: Consulte a Receita Federal ou um contador para obter orienta\u00e7\u00f5es espec\u00edficas sobre as formas de pagamento e as possibilidades de parcelamentos dispon\u00edveis.<\/span><\/li>\n<li style=\"font-weight: 400;\" aria-level=\"1\"><span style=\"font-weight: 400;\">Mantenha-se atualizado com a declara\u00e7\u00e3o anual.<\/span><\/li>\n<\/ol>\n<p><span style=\"font-weight: 400;\">Recomenda-se buscar a assist\u00eancia de um contador para obter orienta\u00e7\u00f5es adequadas durante o processo de regulariza\u00e7\u00e3o. Eles podem auxili\u00e1-lo a cumprir corretamente suas obriga\u00e7\u00f5es fiscais e minimizar poss\u00edveis consequ\u00eancias negativas.\u00a0<\/span><\/p>\n<p><iframe loading=\"lazy\" title=\"O que acontece se N\u00c3O declarar IMPOSTO DE RENDA?\" width=\"640\" height=\"360\" src=\"https:\/\/www.youtube.com\/embed\/_wzCUgdHVNw?feature=oembed\" frameborder=\"0\" allow=\"accelerometer; autoplay; clipboard-write; encrypted-media; gyroscope; picture-in-picture; web-share\" referrerpolicy=\"strict-origin-when-cross-origin\" allowfullscreen><\/iframe><\/p>\n<p><span style=\"font-weight: 400;\">A <\/span><a href=\"https:\/\/www.contabilizei.com.br\/sobre\/sobre-a-contabilizei\/\" target=\"_blank\" rel=\"noopener\"><span style=\"font-weight: 400;\">Contabilizei<\/span><\/a><span style=\"font-weight: 400;\"> disponibilizou um guia atualizado para a declara\u00e7\u00e3o do imposto de renda em 2023. <\/span><a href=\"https:\/\/www.contabilizei.com.br\/contabilidade-online\/guia-irpf-2023\/\" target=\"_blank\" rel=\"noopener\"><span style=\"font-weight: 400;\">Acesse nosso blog e confira<\/span><\/a><span style=\"font-weight: 400;\">.<\/span><\/p>\n","protected":false},"excerpt":{"rendered":"<p>A n\u00e3o declara\u00e7\u00e3o do imposto de renda nos prazos estabelecidos pela Receita Federal acarreta uma s\u00e9rie de consequ\u00eancias, que s\u00e3o agravadas quando a aus\u00eancia de declara\u00e7\u00e3o acontece por muitos anos consecutivos. Al\u00e9m dos riscos de bloqueio de CPF, inviabiliza\u00e7\u00e3o de emiss\u00e3o de documentos de identifica\u00e7\u00e3o, dificuldade de comprovar renda, receber restri\u00e7\u00f5es financeiras, impossibilidade de abrir [&hellip;]<\/p>\n","protected":false},"parent":0,"menu_order":0,"template":"","category-questions":[36],"class_list":["post-931","perguntas","type-perguntas","status-publish","hentry","category_questions-conteudos-contabeis"],"acf":{"contador":{"ID":927,"post_author":"4","post_date":"2023-05-25 10:44:50","post_date_gmt":"2023-05-25 13:44:50","post_content":"","post_title":"Michel Batista","post_excerpt":"","post_status":"publish","comment_status":"closed","ping_status":"closed","post_password":"","post_name":"michel-batista","to_ping":"","pinged":"","post_modified":"2023-05-25 10:44:50","post_modified_gmt":"2023-05-25 13:44:50","post_content_filtered":"","post_parent":0,"guid":"https:\/\/www.contabilizei.com.br\/contabilizei-responde\/?post_type=contador&#038;p=927","menu_order":0,"post_type":"contador","post_mime_type":"","comment_count":"0","filter":"raw"}},"yoast_head":"<!-- This site is optimized with the Yoast SEO plugin v27.5 - https:\/\/yoast.com\/product\/yoast-seo-wordpress\/ -->\n<title>N\u00e3o declarei imposto de renda nos \u00faltimos 5 anos e agora?<\/title>\n<meta name=\"description\" content=\"Saiba o que fazer no caso de n\u00e3o ter declarado o Imposto de Renda (IRPF) nos \u00faltimos 5 anos ou mais. Confira agora mesmo!\" \/>\n<meta name=\"robots\" content=\"index, follow, max-snippet:-1, max-image-preview:large, max-video-preview:-1\" \/>\n<link rel=\"canonical\" href=\"https:\/\/www.contabilizei.com.br\/contabilizei-responde\/nao-declarei-imposto-de-renda-nos-ultimos-5-anos\/\" \/>\n<meta property=\"og:locale\" content=\"pt_BR\" \/>\n<meta property=\"og:type\" content=\"article\" \/>\n<meta property=\"og:title\" content=\"N\u00e3o declarei imposto de renda nos \u00faltimos 5 anos e agora?\" \/>\n<meta property=\"og:description\" content=\"Saiba o que fazer no caso de n\u00e3o ter declarado o Imposto de Renda (IRPF) nos \u00faltimos 5 anos ou mais. Confira agora mesmo!\" \/>\n<meta property=\"og:url\" content=\"https:\/\/www.contabilizei.com.br\/contabilizei-responde\/nao-declarei-imposto-de-renda-nos-ultimos-5-anos\/\" \/>\n<meta property=\"og:site_name\" content=\"Contador Responde\" \/>\n<meta property=\"article:modified_time\" content=\"2025-03-20T17:51:41+00:00\" \/>\n<meta name=\"twitter:card\" content=\"summary_large_image\" \/>\n<meta name=\"twitter:label1\" content=\"Est. tempo de leitura\" \/>\n\t<meta name=\"twitter:data1\" content=\"2 minutos\" \/>\n<!-- \/ Yoast SEO plugin. -->","yoast_head_json":{"title":"N\u00e3o declarei imposto de renda nos \u00faltimos 5 anos e agora?","description":"Saiba o que fazer no caso de n\u00e3o ter declarado o Imposto de Renda (IRPF) nos \u00faltimos 5 anos ou mais. Confira agora mesmo!","robots":{"index":"index","follow":"follow","max-snippet":"max-snippet:-1","max-image-preview":"max-image-preview:large","max-video-preview":"max-video-preview:-1"},"canonical":"https:\/\/www.contabilizei.com.br\/contabilizei-responde\/nao-declarei-imposto-de-renda-nos-ultimos-5-anos\/","og_locale":"pt_BR","og_type":"article","og_title":"N\u00e3o declarei imposto de renda nos \u00faltimos 5 anos e agora?","og_description":"Saiba o que fazer no caso de n\u00e3o ter declarado o Imposto de Renda (IRPF) nos \u00faltimos 5 anos ou mais. Confira agora mesmo!","og_url":"https:\/\/www.contabilizei.com.br\/contabilizei-responde\/nao-declarei-imposto-de-renda-nos-ultimos-5-anos\/","og_site_name":"Contador Responde","article_modified_time":"2025-03-20T17:51:41+00:00","twitter_card":"summary_large_image","twitter_misc":{"Est. tempo de leitura":"2 minutos"},"schema":{"@context":"https:\/\/schema.org","@graph":[{"@type":"WebPage","@id":"https:\/\/www.contabilizei.com.br\/contabilizei-responde\/nao-declarei-imposto-de-renda-nos-ultimos-5-anos\/","url":"https:\/\/www.contabilizei.com.br\/contabilizei-responde\/nao-declarei-imposto-de-renda-nos-ultimos-5-anos\/","name":"N\u00e3o declarei imposto de renda nos \u00faltimos 5 anos e agora?","isPartOf":{"@id":"https:\/\/www.contabilizei.com.br\/contabilizei-responde\/#website"},"datePublished":"2023-05-25T18:23:16+00:00","dateModified":"2025-03-20T17:51:41+00:00","description":"Saiba o que fazer no caso de n\u00e3o ter declarado o Imposto de Renda (IRPF) nos \u00faltimos 5 anos ou mais. Confira agora mesmo!","breadcrumb":{"@id":"https:\/\/www.contabilizei.com.br\/contabilizei-responde\/nao-declarei-imposto-de-renda-nos-ultimos-5-anos\/#breadcrumb"},"inLanguage":"pt-BR","potentialAction":[{"@type":"ReadAction","target":["https:\/\/www.contabilizei.com.br\/contabilizei-responde\/nao-declarei-imposto-de-renda-nos-ultimos-5-anos\/"]}]},{"@type":"BreadcrumbList","@id":"https:\/\/www.contabilizei.com.br\/contabilizei-responde\/nao-declarei-imposto-de-renda-nos-ultimos-5-anos\/#breadcrumb","itemListElement":[{"@type":"ListItem","position":1,"name":"Home","item":"https:\/\/www.contabilizei.com.br\/contabilizei-responde\/"},{"@type":"ListItem","position":2,"name":"Perguntas","item":"https:\/\/www.contabilizei.com.br\/contabilizei-responde\/perguntas\/"},{"@type":"ListItem","position":3,"name":"N\u00e3o declarei imposto de renda nos \u00faltimos 5 anos e agora?"}]},{"@type":"WebSite","@id":"https:\/\/www.contabilizei.com.br\/contabilizei-responde\/#website","url":"https:\/\/www.contabilizei.com.br\/contabilizei-responde\/","name":"Contador Responde","description":"","potentialAction":[{"@type":"SearchAction","target":{"@type":"EntryPoint","urlTemplate":"https:\/\/www.contabilizei.com.br\/contabilizei-responde\/?s={search_term_string}"},"query-input":{"@type":"PropertyValueSpecification","valueRequired":true,"valueName":"search_term_string"}}],"inLanguage":"pt-BR"}]}},"_links":{"self":[{"href":"https:\/\/www.contabilizei.com.br\/contabilizei-responde\/api\/wp\/v2\/questions\/931","targetHints":{"allow":["GET"]}}],"collection":[{"href":"https:\/\/www.contabilizei.com.br\/contabilizei-responde\/api\/wp\/v2\/questions"}],"about":[{"href":"https:\/\/www.contabilizei.com.br\/contabilizei-responde\/api\/wp\/v2\/types\/perguntas"}],"acf:post":[{"embeddable":true,"href":"https:\/\/www.contabilizei.com.br\/contabilizei-responde\/api\/wp\/v2\/contador\/927"}],"wp:attachment":[{"href":"https:\/\/www.contabilizei.com.br\/contabilizei-responde\/api\/wp\/v2\/media?parent=931"}],"wp:term":[{"taxonomy":"category_questions","embeddable":true,"href":"https:\/\/www.contabilizei.com.br\/contabilizei-responde\/api\/wp\/v2\/category-questions?post=931"}],"curies":[{"name":"wp","href":"https:\/\/api.w.org\/{rel}","templated":true}]}}