{"id":906,"date":"2023-05-11T16:10:51","date_gmt":"2023-05-11T19:10:51","guid":{"rendered":"https:\/\/www.contabilizei.com.br\/contabilizei-responde\/?post_type=perguntas&#038;p=906"},"modified":"2023-05-11T16:10:51","modified_gmt":"2023-05-11T19:10:51","slug":"codigo-cbo-medico-clinico-geral","status":"publish","type":"perguntas","link":"https:\/\/www.contabilizei.com.br\/contabilizei-responde\/codigo-cbo-medico-clinico-geral\/","title":{"rendered":"Qual o c\u00f3digo do CBO para m\u00e9dico cl\u00ednico geral?"},"content":{"rendered":"<p><b>O C\u00f3digo Brasileiro da Ocupa\u00e7\u00e3o de m\u00e9dicos cl\u00ednico geral \u00e9 o CBO 2251-25.<\/b><\/p>\n<p><span style=\"font-weight: 400;\">Segundo a tabela divulgada pela Secretaria Especial da Previd\u00eancia e Trabalho do Minist\u00e9rio da Economia (MTE), este CBO pertence ao grupo dos profissionais da medicina que atuam como m\u00e9dico cl\u00ednico geral, m\u00e9dico especialista em cl\u00ednica m\u00e9dica, m\u00e9dico especialista em medicina interna e m\u00e9dico internista.<\/span><\/p>\n<p><span style=\"font-weight: 400;\">Al\u00e9m disso, o MTE apresenta como descri\u00e7\u00e3o das atividades destes profissionais a realiza\u00e7\u00e3o de consultas e atendimentos m\u00e9dicos; tratamento de pacientes e clientes; implementa\u00e7\u00e3o de a\u00e7\u00f5es de preven\u00e7\u00e3o de doen\u00e7as e promo\u00e7\u00e3o da sa\u00fade tanto individuais quanto coletivas; coordena\u00e7\u00e3o de programas e servi\u00e7os de sa\u00fade; per\u00edcias, auditorias e sindic\u00e2ncias m\u00e9dicas; elaborar documentos e\u00a0<\/span><span style=\"font-weight: 400;\">difundir conhecimentos m\u00e9dicos.<\/span><\/p>\n<p><span style=\"font-weight: 400;\">Baixe o e-book preparado pela Contabilizei e<\/span><a href=\"https:\/\/www.contabilizei.com.br\/contabilidade-online\/materiais\/impostos-para-profissionais-da-saude\/\" target=\"_blank\" rel=\"noopener\"><span style=\"font-weight: 400;\"> saiba como profissionais de sa\u00fade podem economizar em impostos<\/span><\/a><span style=\"font-weight: 400;\">!<\/span><\/p>\n<p><span style=\"font-weight: 400;\">A Contabilizei \u00e9 <\/span><a href=\"https:\/\/www.contabilizei.com.br\/experts\/medicos\/\" target=\"_blank\" rel=\"noopener\"><span style=\"font-weight: 400;\">expert no atendimento de empresas de medicina e profissionais da sa\u00fade.<\/span><\/a><span style=\"font-weight: 400;\"> Ganhe mais tempo para voc\u00ea e seus pacientes, e deixe a contabilidade de sua empresa com a gente.<\/span><\/p>\n","protected":false},"excerpt":{"rendered":"<p>O C\u00f3digo Brasileiro da Ocupa\u00e7\u00e3o de m\u00e9dicos cl\u00ednico geral \u00e9 o CBO 2251-25. Segundo a tabela divulgada pela Secretaria Especial da Previd\u00eancia e Trabalho do Minist\u00e9rio da Economia (MTE), este CBO pertence ao grupo dos profissionais da medicina que atuam como m\u00e9dico cl\u00ednico geral, m\u00e9dico especialista em cl\u00ednica m\u00e9dica, m\u00e9dico especialista em medicina interna e [&hellip;]<\/p>\n","protected":false},"parent":0,"menu_order":0,"template":"","category-questions":[35],"class_list":["post-906","perguntas","type-perguntas","status-publish","hentry","category_questions-medico"],"acf":{"contador":{"ID":1732,"post_author":"22","post_date":"2025-03-31 12:51:15","post_date_gmt":"2025-03-31 15:51:15","post_content":"","post_title":"Juliana Steffano","post_excerpt":"","post_status":"publish","comment_status":"closed","ping_status":"closed","post_password":"","post_name":"juliana-steffano","to_ping":"","pinged":"","post_modified":"2025-03-31 12:51:15","post_modified_gmt":"2025-03-31 15:51:15","post_content_filtered":"","post_parent":0,"guid":"https:\/\/www.contabilizei.com.br\/contabilizei-responde\/?post_type=contador&#038;p=1732","menu_order":0,"post_type":"contador","post_mime_type":"","comment_count":"0","filter":"raw"}},"yoast_head":"<!-- This site is optimized with the Yoast SEO plugin v27.5 - https:\/\/yoast.com\/product\/yoast-seo-wordpress\/ -->\n<title>Qual o c\u00f3digo do CBO para m\u00e9dico cl\u00ednico geral?<\/title>\n<meta name=\"description\" content=\"Saiba qual o c\u00f3digo do CBO para m\u00e9dico cl\u00ednico geral, o que \u00e9 o CBO e mais. Confira agora mesmo!\" \/>\n<meta name=\"robots\" content=\"index, follow, max-snippet:-1, max-image-preview:large, max-video-preview:-1\" \/>\n<link rel=\"canonical\" href=\"https:\/\/www.contabilizei.com.br\/contabilizei-responde\/codigo-cbo-medico-clinico-geral\/\" \/>\n<meta property=\"og:locale\" content=\"pt_BR\" \/>\n<meta property=\"og:type\" content=\"article\" \/>\n<meta property=\"og:title\" content=\"Qual o c\u00f3digo do CBO para m\u00e9dico cl\u00ednico geral?\" \/>\n<meta property=\"og:description\" content=\"Saiba qual o c\u00f3digo do CBO para m\u00e9dico cl\u00ednico geral, o que \u00e9 o CBO e mais. Confira agora mesmo!\" \/>\n<meta property=\"og:url\" content=\"https:\/\/www.contabilizei.com.br\/contabilizei-responde\/codigo-cbo-medico-clinico-geral\/\" \/>\n<meta property=\"og:site_name\" content=\"Contador Responde\" \/>\n<meta name=\"twitter:card\" content=\"summary_large_image\" \/>\n<meta name=\"twitter:label1\" content=\"Est. tempo de leitura\" \/>\n\t<meta name=\"twitter:data1\" content=\"1 minuto\" \/>\n<!-- \/ Yoast SEO plugin. -->","yoast_head_json":{"title":"Qual o c\u00f3digo do CBO para m\u00e9dico cl\u00ednico geral?","description":"Saiba qual o c\u00f3digo do CBO para m\u00e9dico cl\u00ednico geral, o que \u00e9 o CBO e mais. Confira agora mesmo!","robots":{"index":"index","follow":"follow","max-snippet":"max-snippet:-1","max-image-preview":"max-image-preview:large","max-video-preview":"max-video-preview:-1"},"canonical":"https:\/\/www.contabilizei.com.br\/contabilizei-responde\/codigo-cbo-medico-clinico-geral\/","og_locale":"pt_BR","og_type":"article","og_title":"Qual o c\u00f3digo do CBO para m\u00e9dico cl\u00ednico geral?","og_description":"Saiba qual o c\u00f3digo do CBO para m\u00e9dico cl\u00ednico geral, o que \u00e9 o CBO e mais. Confira agora mesmo!","og_url":"https:\/\/www.contabilizei.com.br\/contabilizei-responde\/codigo-cbo-medico-clinico-geral\/","og_site_name":"Contador Responde","twitter_card":"summary_large_image","twitter_misc":{"Est. tempo de leitura":"1 minuto"},"schema":{"@context":"https:\/\/schema.org","@graph":[{"@type":"WebPage","@id":"https:\/\/www.contabilizei.com.br\/contabilizei-responde\/codigo-cbo-medico-clinico-geral\/","url":"https:\/\/www.contabilizei.com.br\/contabilizei-responde\/codigo-cbo-medico-clinico-geral\/","name":"Qual o c\u00f3digo do CBO para m\u00e9dico cl\u00ednico geral?","isPartOf":{"@id":"https:\/\/www.contabilizei.com.br\/contabilizei-responde\/#website"},"datePublished":"2023-05-11T19:10:51+00:00","description":"Saiba qual o c\u00f3digo do CBO para m\u00e9dico cl\u00ednico geral, o que \u00e9 o CBO e mais. Confira agora mesmo!","breadcrumb":{"@id":"https:\/\/www.contabilizei.com.br\/contabilizei-responde\/codigo-cbo-medico-clinico-geral\/#breadcrumb"},"inLanguage":"pt-BR","potentialAction":[{"@type":"ReadAction","target":["https:\/\/www.contabilizei.com.br\/contabilizei-responde\/codigo-cbo-medico-clinico-geral\/"]}]},{"@type":"BreadcrumbList","@id":"https:\/\/www.contabilizei.com.br\/contabilizei-responde\/codigo-cbo-medico-clinico-geral\/#breadcrumb","itemListElement":[{"@type":"ListItem","position":1,"name":"Home","item":"https:\/\/www.contabilizei.com.br\/contabilizei-responde\/"},{"@type":"ListItem","position":2,"name":"Perguntas","item":"https:\/\/www.contabilizei.com.br\/contabilizei-responde\/perguntas\/"},{"@type":"ListItem","position":3,"name":"Qual o c\u00f3digo do CBO para m\u00e9dico cl\u00ednico geral?"}]},{"@type":"WebSite","@id":"https:\/\/www.contabilizei.com.br\/contabilizei-responde\/#website","url":"https:\/\/www.contabilizei.com.br\/contabilizei-responde\/","name":"Contador Responde","description":"","potentialAction":[{"@type":"SearchAction","target":{"@type":"EntryPoint","urlTemplate":"https:\/\/www.contabilizei.com.br\/contabilizei-responde\/?s={search_term_string}"},"query-input":{"@type":"PropertyValueSpecification","valueRequired":true,"valueName":"search_term_string"}}],"inLanguage":"pt-BR"}]}},"_links":{"self":[{"href":"https:\/\/www.contabilizei.com.br\/contabilizei-responde\/api\/wp\/v2\/questions\/906","targetHints":{"allow":["GET"]}}],"collection":[{"href":"https:\/\/www.contabilizei.com.br\/contabilizei-responde\/api\/wp\/v2\/questions"}],"about":[{"href":"https:\/\/www.contabilizei.com.br\/contabilizei-responde\/api\/wp\/v2\/types\/perguntas"}],"acf:post":[{"embeddable":true,"href":"https:\/\/www.contabilizei.com.br\/contabilizei-responde\/api\/wp\/v2\/contador\/1732"}],"wp:attachment":[{"href":"https:\/\/www.contabilizei.com.br\/contabilizei-responde\/api\/wp\/v2\/media?parent=906"}],"wp:term":[{"taxonomy":"category_questions","embeddable":true,"href":"https:\/\/www.contabilizei.com.br\/contabilizei-responde\/api\/wp\/v2\/category-questions?post=906"}],"curies":[{"name":"wp","href":"https:\/\/api.w.org\/{rel}","templated":true}]}}