{"id":867,"date":"2023-04-28T15:47:52","date_gmt":"2023-04-28T18:47:52","guid":{"rendered":"https:\/\/www.contabilizei.com.br\/contabilizei-responde\/?post_type=perguntas&#038;p=867"},"modified":"2024-05-03T16:09:53","modified_gmt":"2024-05-03T19:09:53","slug":"quais-sao-os-direitos-da-microempresa","status":"publish","type":"perguntas","link":"https:\/\/www.contabilizei.com.br\/contabilizei-responde\/quais-sao-os-direitos-da-microempresa\/","title":{"rendered":"Quais s\u00e3o os direitos da Microempresa?"},"content":{"rendered":"<p><b>A Microempresa, por estar amparada pela Lei Complementar 123 de 2006, tem direitos especiais com a finalidade de favorecer os neg\u00f3cios de menor porte:<\/b><\/p>\n<ul>\n<li style=\"font-weight: 400;\" aria-level=\"1\"><span style=\"font-weight: 400;\">Recolhimento dos tributos de forma unificada;<\/span><\/li>\n<li style=\"font-weight: 400;\" aria-level=\"1\"><span style=\"font-weight: 400;\">Redu\u00e7\u00e3o na carga tribut\u00e1ria;<\/span><\/li>\n<li style=\"font-weight: 400;\" aria-level=\"1\"><span style=\"font-weight: 400;\">Menor burocracia para atua\u00e7\u00e3o;<\/span><\/li>\n<li style=\"font-weight: 400;\" aria-level=\"1\"><span style=\"font-weight: 400;\">Tributa\u00e7\u00e3o com base na receita bruta anual;<\/span><\/li>\n<li style=\"font-weight: 400;\" aria-level=\"1\"><span style=\"font-weight: 400;\">Prefer\u00eancia em licita\u00e7\u00f5es;<\/span><\/li>\n<li style=\"font-weight: 400;\" aria-level=\"1\"><span style=\"font-weight: 400;\">Abertura e baixa com menor complexidade.<\/span><\/li>\n<\/ul>\n<p><span style=\"font-weight: 400;\">O recolhimento de tributos para as empresas que aderem ao Simples Nacional ocorre com a utiliza\u00e7\u00e3o de uma guia \u00fanica, onde constam os impostos conforme a faixa de receita bruta anual \u00e0 qual a empresa se inscreve.\u00a0 Dessa forma, al\u00e9m de pagar menos impostos porque algumas taxas n\u00e3o incidem em quem \u00e9 deste regime tribut\u00e1rio, os empres\u00e1rios n\u00e3o precisam de muitos pap\u00e9is diferentes para manter a empresa em dia.<\/span><\/p>\n<p><span style=\"font-weight: 400;\">Em outros quesitos tamb\u00e9m h\u00e1 redu\u00e7\u00e3o de burocracia: a contabilidade deste porte de empresa \u00e9 simplificada. Isso n\u00e3o quer dizer que o CNPJ est\u00e1 dispensado de contar com um contador respons\u00e1vel pelos seus dados, mas sim que as entregas s\u00e3o diferentes, pensadas para a realidade dos neg\u00f3cios menores.\u00a0<\/span><\/p>\n<p><span style=\"font-weight: 400;\">As Microempresas tamb\u00e9m s\u00e3o beneficiadas nas licita\u00e7\u00f5es: podem competir com margem maior de lucro do que as empresas maiores, podendo ofertar valor at\u00e9 10% maior do que o concorrente de menor pre\u00e7o.<\/span><\/p>\n<p><span style=\"font-weight: 400;\">Se voc\u00ea est\u00e1 interessado em abrir uma empresa, converse com os especialistas da <\/span><a href=\"https:\/\/www.contabilizei.com.br\/abrir-empresa\" target=\"_blank\" rel=\"noopener\"><span style=\"font-weight: 400;\">Contabilizei<\/span><\/a><span style=\"font-weight: 400;\">: com mais de 100 mil clientes atendidos, podemos te guiar por todos os processos da contabilidade no Simples Nacional.<\/span><\/p>\n","protected":false},"excerpt":{"rendered":"<p>A Microempresa, por estar amparada pela Lei Complementar 123 de 2006, tem direitos especiais com a finalidade de favorecer os neg\u00f3cios de menor porte: Recolhimento dos tributos de forma unificada; Redu\u00e7\u00e3o na carga tribut\u00e1ria; Menor burocracia para atua\u00e7\u00e3o; Tributa\u00e7\u00e3o com base na receita bruta anual; Prefer\u00eancia em licita\u00e7\u00f5es; Abertura e baixa com menor complexidade. O [&hellip;]<\/p>\n","protected":false},"parent":0,"menu_order":0,"template":"","category-questions":[37],"class_list":["post-867","perguntas","type-perguntas","status-publish","hentry","category_questions-me"],"acf":{"contador":{"ID":301,"post_author":"8","post_date":"2022-06-15 16:14:23","post_date_gmt":"2022-06-15 19:14:23","post_content":"","post_title":"Nicoli Meira","post_excerpt":"","post_status":"publish","comment_status":"closed","ping_status":"closed","post_password":"","post_name":"nicoli-meira","to_ping":"","pinged":"","post_modified":"2023-03-07 16:50:32","post_modified_gmt":"2023-03-07 19:50:32","post_content_filtered":"","post_parent":0,"guid":"https:\/\/site-static-prd1.ctbz.com.br\/contabilizei-responde\/?post_type=contador&#038;p=301","menu_order":0,"post_type":"contador","post_mime_type":"","comment_count":"0","filter":"raw"}},"yoast_head":"<!-- This site is optimized with the Yoast SEO plugin v27.5 - https:\/\/yoast.com\/product\/yoast-seo-wordpress\/ -->\n<title>Quais s\u00e3o os direitos da Microempresa?<\/title>\n<meta name=\"description\" content=\"Saiba quais s\u00e3o os direitos da Microempresa e como garanti-los pela lei. Confira agora mesmo!\" \/>\n<meta name=\"robots\" content=\"index, follow, max-snippet:-1, max-image-preview:large, max-video-preview:-1\" \/>\n<link rel=\"canonical\" href=\"https:\/\/www.contabilizei.com.br\/contabilizei-responde\/quais-sao-os-direitos-da-microempresa\/\" \/>\n<meta property=\"og:locale\" content=\"pt_BR\" \/>\n<meta property=\"og:type\" content=\"article\" \/>\n<meta property=\"og:title\" content=\"Quais s\u00e3o os direitos da Microempresa?\" \/>\n<meta property=\"og:description\" content=\"Saiba quais s\u00e3o os direitos da Microempresa e como garanti-los pela lei. Confira agora mesmo!\" \/>\n<meta property=\"og:url\" content=\"https:\/\/www.contabilizei.com.br\/contabilizei-responde\/quais-sao-os-direitos-da-microempresa\/\" \/>\n<meta property=\"og:site_name\" content=\"Contador Responde\" \/>\n<meta property=\"article:modified_time\" content=\"2024-05-03T19:09:53+00:00\" \/>\n<meta name=\"twitter:card\" content=\"summary_large_image\" \/>\n<meta name=\"twitter:label1\" content=\"Est. tempo de leitura\" \/>\n\t<meta name=\"twitter:data1\" content=\"2 minutos\" \/>\n<!-- \/ Yoast SEO plugin. -->","yoast_head_json":{"title":"Quais s\u00e3o os direitos da Microempresa?","description":"Saiba quais s\u00e3o os direitos da Microempresa e como garanti-los pela lei. Confira agora mesmo!","robots":{"index":"index","follow":"follow","max-snippet":"max-snippet:-1","max-image-preview":"max-image-preview:large","max-video-preview":"max-video-preview:-1"},"canonical":"https:\/\/www.contabilizei.com.br\/contabilizei-responde\/quais-sao-os-direitos-da-microempresa\/","og_locale":"pt_BR","og_type":"article","og_title":"Quais s\u00e3o os direitos da Microempresa?","og_description":"Saiba quais s\u00e3o os direitos da Microempresa e como garanti-los pela lei. Confira agora mesmo!","og_url":"https:\/\/www.contabilizei.com.br\/contabilizei-responde\/quais-sao-os-direitos-da-microempresa\/","og_site_name":"Contador Responde","article_modified_time":"2024-05-03T19:09:53+00:00","twitter_card":"summary_large_image","twitter_misc":{"Est. tempo de leitura":"2 minutos"},"schema":{"@context":"https:\/\/schema.org","@graph":[{"@type":"WebPage","@id":"https:\/\/www.contabilizei.com.br\/contabilizei-responde\/quais-sao-os-direitos-da-microempresa\/","url":"https:\/\/www.contabilizei.com.br\/contabilizei-responde\/quais-sao-os-direitos-da-microempresa\/","name":"Quais s\u00e3o os direitos da Microempresa?","isPartOf":{"@id":"https:\/\/www.contabilizei.com.br\/contabilizei-responde\/#website"},"datePublished":"2023-04-28T18:47:52+00:00","dateModified":"2024-05-03T19:09:53+00:00","description":"Saiba quais s\u00e3o os direitos da Microempresa e como garanti-los pela lei. Confira agora mesmo!","breadcrumb":{"@id":"https:\/\/www.contabilizei.com.br\/contabilizei-responde\/quais-sao-os-direitos-da-microempresa\/#breadcrumb"},"inLanguage":"pt-BR","potentialAction":[{"@type":"ReadAction","target":["https:\/\/www.contabilizei.com.br\/contabilizei-responde\/quais-sao-os-direitos-da-microempresa\/"]}]},{"@type":"BreadcrumbList","@id":"https:\/\/www.contabilizei.com.br\/contabilizei-responde\/quais-sao-os-direitos-da-microempresa\/#breadcrumb","itemListElement":[{"@type":"ListItem","position":1,"name":"Home","item":"https:\/\/www.contabilizei.com.br\/contabilizei-responde\/"},{"@type":"ListItem","position":2,"name":"Perguntas","item":"https:\/\/www.contabilizei.com.br\/contabilizei-responde\/perguntas\/"},{"@type":"ListItem","position":3,"name":"Quais s\u00e3o os direitos da Microempresa?"}]},{"@type":"WebSite","@id":"https:\/\/www.contabilizei.com.br\/contabilizei-responde\/#website","url":"https:\/\/www.contabilizei.com.br\/contabilizei-responde\/","name":"Contador Responde","description":"","potentialAction":[{"@type":"SearchAction","target":{"@type":"EntryPoint","urlTemplate":"https:\/\/www.contabilizei.com.br\/contabilizei-responde\/?s={search_term_string}"},"query-input":{"@type":"PropertyValueSpecification","valueRequired":true,"valueName":"search_term_string"}}],"inLanguage":"pt-BR"}]}},"_links":{"self":[{"href":"https:\/\/www.contabilizei.com.br\/contabilizei-responde\/api\/wp\/v2\/questions\/867","targetHints":{"allow":["GET"]}}],"collection":[{"href":"https:\/\/www.contabilizei.com.br\/contabilizei-responde\/api\/wp\/v2\/questions"}],"about":[{"href":"https:\/\/www.contabilizei.com.br\/contabilizei-responde\/api\/wp\/v2\/types\/perguntas"}],"acf:post":[{"embeddable":true,"href":"https:\/\/www.contabilizei.com.br\/contabilizei-responde\/api\/wp\/v2\/contador\/301"}],"wp:attachment":[{"href":"https:\/\/www.contabilizei.com.br\/contabilizei-responde\/api\/wp\/v2\/media?parent=867"}],"wp:term":[{"taxonomy":"category_questions","embeddable":true,"href":"https:\/\/www.contabilizei.com.br\/contabilizei-responde\/api\/wp\/v2\/category-questions?post=867"}],"curies":[{"name":"wp","href":"https:\/\/api.w.org\/{rel}","templated":true}]}}