{"id":855,"date":"2023-04-19T14:21:40","date_gmt":"2023-04-19T17:21:40","guid":{"rendered":"https:\/\/www.contabilizei.com.br\/contabilizei-responde\/?post_type=perguntas&#038;p=855"},"modified":"2023-04-19T14:21:40","modified_gmt":"2023-04-19T17:21:40","slug":"alteracao-contratual-saida-de-socio-e-aumento-de-capital","status":"publish","type":"perguntas","link":"https:\/\/www.contabilizei.com.br\/contabilizei-responde\/alteracao-contratual-saida-de-socio-e-aumento-de-capital\/","title":{"rendered":"Altera\u00e7\u00e3o contratual com sa\u00edda de s\u00f3cio e aumento de capital: como fazer"},"content":{"rendered":"<p><b>Para formalizar a sa\u00edda de s\u00f3cios e\/ou aumento de capital social de uma empresa \u00e9 necess\u00e1rio realizar a altera\u00e7\u00e3o do contrato social e registr\u00e1-lo na Junta Comercial, atualizando a documenta\u00e7\u00e3o de constitui\u00e7\u00e3o e os cadastros com a Receita Federal e demais \u00f3rg\u00e3os p\u00fablicos.<\/b><\/p>\n<p><span style=\"font-weight: 400;\">No caso de sa\u00edda de s\u00f3cios, \u00e9 importante verificar se a empresa poder\u00e1 ter a mesma natureza jur\u00eddica ou se esta informa\u00e7\u00e3o tamb\u00e9m precisar\u00e1 ser atualizada.\u00a0<\/span><\/p>\n<p><span style=\"font-weight: 400;\">Por exemplo, caso uma Sociedade Limitada composta por dois s\u00f3cios queira realizar uma altera\u00e7\u00e3o contratual de sa\u00edda de um deles, n\u00e3o ser\u00e1 poss\u00edvel continuar como Ltda, devendo o s\u00f3cio titular escolher entre alterar o regime jur\u00eddico para uma Sociedade Limitada Unipessoal ou Empres\u00e1rio Individual.<\/span><\/p>\n<p><span style=\"font-weight: 400;\">J\u00e1 no casos das altera\u00e7\u00f5es de capital social \u00e9 importante estar atento ao tipo de bem ou direito que est\u00e1 sendo incorporado ao patrim\u00f4nio da empresa e tamb\u00e9m aos novos percentuais de participa\u00e7\u00e3o de cada s\u00f3cio ap\u00f3s o aporte, pois isso pode interferir nos valores pagos como distribui\u00e7\u00e3o dos lucros.<\/span><\/p>\n<p><span style=\"font-weight: 400;\">O ideal nos casos de altera\u00e7\u00f5es contratuais de sa\u00edda de s\u00f3cios ou aumento de capital \u00e9 contar com o apoio especializado de um contador, pois apesar da documenta\u00e7\u00e3o n\u00e3o ter maiores complica\u00e7\u00f5es para ser confeccionada, o processo de registro pode se tornar bem burocr\u00e1tico.\u00a0<\/span><\/p>\n<p><span style=\"font-weight: 400;\">Al\u00e9m disso, a contabilidade auxiliar\u00e1 nas novas defini\u00e7\u00f5es, esclarecendo todas as d\u00favidas dos s\u00f3cios e garantindo que a empresa contemple todas as altera\u00e7\u00f5es desejadas, evitando retrabalhos e custos adicionais desnecess\u00e1rios.<\/span><\/p>\n<p><span style=\"font-weight: 400;\">Na <\/span><a href=\"https:\/\/www.contabilizei.com.br\/?force=true\" target=\"_blank\" rel=\"noopener\"><span style=\"font-weight: 400;\">Contabilizei<\/span><\/a><span style=\"font-weight: 400;\">, os clientes contam com todo o apoio necess\u00e1rio para realizar altera\u00e7\u00f5es contratuais de sa\u00edda de s\u00f3cios, aumento de capital e qualquer outra modifica\u00e7\u00e3o desejada.<\/span><\/p>\n<p><span style=\"font-weight: 400;\">Al\u00e9m disso, a <\/span><a href=\"https:\/\/www.contabilizei.com.br\/abrir-empresa\/\" target=\"_blank\" rel=\"noopener\"><span style=\"font-weight: 400;\">abertura do CNPJ \u00e9 de gra\u00e7a<\/span><\/a><span style=\"font-weight: 400;\"> e o empres\u00e1rio conta com uma equipe com mais de 1.000 especialistas para auxiliar na gest\u00e3o cont\u00e1bil e financeira do neg\u00f3cio. <\/span><\/p>\n","protected":false},"excerpt":{"rendered":"<p>Para formalizar a sa\u00edda de s\u00f3cios e\/ou aumento de capital social de uma empresa \u00e9 necess\u00e1rio realizar a altera\u00e7\u00e3o do contrato social e registr\u00e1-lo na Junta Comercial, atualizando a documenta\u00e7\u00e3o de constitui\u00e7\u00e3o e os cadastros com a Receita Federal e demais \u00f3rg\u00e3os p\u00fablicos. No caso de sa\u00edda de s\u00f3cios, \u00e9 importante verificar se a empresa [&hellip;]<\/p>\n","protected":false},"parent":0,"menu_order":0,"template":"","category-questions":[27],"class_list":["post-855","perguntas","type-perguntas","status-publish","hentry","category_questions-autonomo"],"acf":{"contador":{"ID":1732,"post_author":"22","post_date":"2025-03-31 12:51:15","post_date_gmt":"2025-03-31 15:51:15","post_content":"","post_title":"Juliana Steffano","post_excerpt":"","post_status":"publish","comment_status":"closed","ping_status":"closed","post_password":"","post_name":"juliana-steffano","to_ping":"","pinged":"","post_modified":"2025-03-31 12:51:15","post_modified_gmt":"2025-03-31 15:51:15","post_content_filtered":"","post_parent":0,"guid":"https:\/\/www.contabilizei.com.br\/contabilizei-responde\/?post_type=contador&#038;p=1732","menu_order":0,"post_type":"contador","post_mime_type":"","comment_count":"0","filter":"raw"}},"yoast_head":"<!-- This site is optimized with the Yoast SEO plugin v27.5 - https:\/\/yoast.com\/product\/yoast-seo-wordpress\/ -->\n<title>Altera\u00e7\u00e3o contratual com sa\u00edda de s\u00f3cio e aumento de capital: como fazer<\/title>\n<meta name=\"description\" content=\"Saiba como fazer altera\u00e7\u00e3o contratual com sa\u00edda de s\u00f3cio e aumento de capital. Confira agora mesmo!\" \/>\n<meta name=\"robots\" content=\"index, follow, max-snippet:-1, max-image-preview:large, max-video-preview:-1\" \/>\n<link rel=\"canonical\" href=\"https:\/\/www.contabilizei.com.br\/contabilizei-responde\/alteracao-contratual-saida-de-socio-e-aumento-de-capital\/\" \/>\n<meta property=\"og:locale\" content=\"pt_BR\" \/>\n<meta property=\"og:type\" content=\"article\" \/>\n<meta property=\"og:title\" content=\"Altera\u00e7\u00e3o contratual com sa\u00edda de s\u00f3cio e aumento de capital: como fazer\" \/>\n<meta property=\"og:description\" content=\"Saiba como fazer altera\u00e7\u00e3o contratual com sa\u00edda de s\u00f3cio e aumento de capital. Confira agora mesmo!\" \/>\n<meta property=\"og:url\" content=\"https:\/\/www.contabilizei.com.br\/contabilizei-responde\/alteracao-contratual-saida-de-socio-e-aumento-de-capital\/\" \/>\n<meta property=\"og:site_name\" content=\"Contador Responde\" \/>\n<meta name=\"twitter:card\" content=\"summary_large_image\" \/>\n<meta name=\"twitter:label1\" content=\"Est. tempo de leitura\" \/>\n\t<meta name=\"twitter:data1\" content=\"2 minutos\" \/>\n<!-- \/ Yoast SEO plugin. -->","yoast_head_json":{"title":"Altera\u00e7\u00e3o contratual com sa\u00edda de s\u00f3cio e aumento de capital: como fazer","description":"Saiba como fazer altera\u00e7\u00e3o contratual com sa\u00edda de s\u00f3cio e aumento de capital. Confira agora mesmo!","robots":{"index":"index","follow":"follow","max-snippet":"max-snippet:-1","max-image-preview":"max-image-preview:large","max-video-preview":"max-video-preview:-1"},"canonical":"https:\/\/www.contabilizei.com.br\/contabilizei-responde\/alteracao-contratual-saida-de-socio-e-aumento-de-capital\/","og_locale":"pt_BR","og_type":"article","og_title":"Altera\u00e7\u00e3o contratual com sa\u00edda de s\u00f3cio e aumento de capital: como fazer","og_description":"Saiba como fazer altera\u00e7\u00e3o contratual com sa\u00edda de s\u00f3cio e aumento de capital. Confira agora mesmo!","og_url":"https:\/\/www.contabilizei.com.br\/contabilizei-responde\/alteracao-contratual-saida-de-socio-e-aumento-de-capital\/","og_site_name":"Contador Responde","twitter_card":"summary_large_image","twitter_misc":{"Est. tempo de leitura":"2 minutos"},"schema":{"@context":"https:\/\/schema.org","@graph":[{"@type":"WebPage","@id":"https:\/\/www.contabilizei.com.br\/contabilizei-responde\/alteracao-contratual-saida-de-socio-e-aumento-de-capital\/","url":"https:\/\/www.contabilizei.com.br\/contabilizei-responde\/alteracao-contratual-saida-de-socio-e-aumento-de-capital\/","name":"Altera\u00e7\u00e3o contratual com sa\u00edda de s\u00f3cio e aumento de capital: como fazer","isPartOf":{"@id":"https:\/\/www.contabilizei.com.br\/contabilizei-responde\/#website"},"datePublished":"2023-04-19T17:21:40+00:00","description":"Saiba como fazer altera\u00e7\u00e3o contratual com sa\u00edda de s\u00f3cio e aumento de capital. Confira agora mesmo!","breadcrumb":{"@id":"https:\/\/www.contabilizei.com.br\/contabilizei-responde\/alteracao-contratual-saida-de-socio-e-aumento-de-capital\/#breadcrumb"},"inLanguage":"pt-BR","potentialAction":[{"@type":"ReadAction","target":["https:\/\/www.contabilizei.com.br\/contabilizei-responde\/alteracao-contratual-saida-de-socio-e-aumento-de-capital\/"]}]},{"@type":"BreadcrumbList","@id":"https:\/\/www.contabilizei.com.br\/contabilizei-responde\/alteracao-contratual-saida-de-socio-e-aumento-de-capital\/#breadcrumb","itemListElement":[{"@type":"ListItem","position":1,"name":"Home","item":"https:\/\/www.contabilizei.com.br\/contabilizei-responde\/"},{"@type":"ListItem","position":2,"name":"Perguntas","item":"https:\/\/www.contabilizei.com.br\/contabilizei-responde\/perguntas\/"},{"@type":"ListItem","position":3,"name":"Altera\u00e7\u00e3o contratual com sa\u00edda de s\u00f3cio e aumento de capital: como fazer"}]},{"@type":"WebSite","@id":"https:\/\/www.contabilizei.com.br\/contabilizei-responde\/#website","url":"https:\/\/www.contabilizei.com.br\/contabilizei-responde\/","name":"Contador Responde","description":"","potentialAction":[{"@type":"SearchAction","target":{"@type":"EntryPoint","urlTemplate":"https:\/\/www.contabilizei.com.br\/contabilizei-responde\/?s={search_term_string}"},"query-input":{"@type":"PropertyValueSpecification","valueRequired":true,"valueName":"search_term_string"}}],"inLanguage":"pt-BR"}]}},"_links":{"self":[{"href":"https:\/\/www.contabilizei.com.br\/contabilizei-responde\/api\/wp\/v2\/questions\/855","targetHints":{"allow":["GET"]}}],"collection":[{"href":"https:\/\/www.contabilizei.com.br\/contabilizei-responde\/api\/wp\/v2\/questions"}],"about":[{"href":"https:\/\/www.contabilizei.com.br\/contabilizei-responde\/api\/wp\/v2\/types\/perguntas"}],"acf:post":[{"embeddable":true,"href":"https:\/\/www.contabilizei.com.br\/contabilizei-responde\/api\/wp\/v2\/contador\/1732"}],"wp:attachment":[{"href":"https:\/\/www.contabilizei.com.br\/contabilizei-responde\/api\/wp\/v2\/media?parent=855"}],"wp:term":[{"taxonomy":"category_questions","embeddable":true,"href":"https:\/\/www.contabilizei.com.br\/contabilizei-responde\/api\/wp\/v2\/category-questions?post=855"}],"curies":[{"name":"wp","href":"https:\/\/api.w.org\/{rel}","templated":true}]}}