{"id":834,"date":"2023-04-07T14:40:08","date_gmt":"2023-04-07T17:40:08","guid":{"rendered":"https:\/\/www.contabilizei.com.br\/contabilizei-responde\/?post_type=perguntas&#038;p=834"},"modified":"2024-12-18T16:22:59","modified_gmt":"2024-12-18T19:22:59","slug":"quem-paga-mei-tem-direito-ao-inss","status":"publish","type":"perguntas","link":"https:\/\/www.contabilizei.com.br\/contabilizei-responde\/quem-paga-mei-tem-direito-ao-inss\/","title":{"rendered":"Quem paga MEI tem direito ao INSS?"},"content":{"rendered":"<p><b>Sim, quem paga MEI tem direito ao INSS pois dentro dos impostos que est\u00e3o reunidos no Documento de Arrecada\u00e7\u00e3o do Simples Nacional do Microempreendedor Individual (DASN-MEI) consta a contribui\u00e7\u00e3o do empreendedor para este \u00f3rg\u00e3o.<\/b><\/p>\n<p><span style=\"font-weight: 400;\">\u00c9 por isso que ao aderir a um CNPJ MEI para atuar no seu neg\u00f3cio, o empres\u00e1rio est\u00e1 coberto pelos benef\u00edcios dos segurados do INSS, como aposentadoria, sal\u00e1rio maternidade, pens\u00e3o por morte e aux\u00edlio doen\u00e7a.\u00a0<\/span><\/p>\n<p><span style=\"font-weight: 400;\">Como o empreendedor contribui para o Instituto, ele tem acesso a esses recursos no caso de ficar impossibilitado de trabalhar, da mesma forma como os profissionais que est\u00e3o contratados pela CLT, com carteira assinada.<\/span><\/p>\n<p><span style=\"font-weight: 400;\">Mas \u00e9 importante compreender que esse n\u00e3o \u00e9 um benef\u00edcio para empres\u00e1rios somente no modelo do Microempreendedor Individual: quem quer empreender em outros modelos de empresa, maiores e com mais possibilidades de crescimento, tamb\u00e9m far\u00e1 contribui\u00e7\u00e3o para o INSS ao realizar a atribui\u00e7\u00e3o do pr\u00f3-labore para si mesmo. Quer dizer: todos os empres\u00e1rios formalizados contribuem para a seguridade social e t\u00eam direito aos benef\u00edcios do INSS quando necess\u00e1rio.\u00a0<\/span><\/p>\n<p><span style=\"font-weight: 400;\">\u00c9 claro que essas contribui\u00e7\u00f5es valem, inclusive, para contar tempo de servi\u00e7o: tanto no MEI quanto nas outras empresas, os empreendedores registrados no quadro societ\u00e1rio est\u00e3o contabilizando esses anos de investimento no neg\u00f3cio para a aposentadoria.<\/span><\/p>\n<p><span style=\"font-weight: 400;\">Se voc\u00ea tem d\u00favidas quanto ao tipo de empresa que deve abrir para formalizar o seu neg\u00f3cio, converse com os especialistas da <\/span><a href=\"https:\/\/www.contabilizei.com.br\/abrir-empresa\" target=\"_blank\" rel=\"noopener\"><span style=\"font-weight: 400;\">Contabilizei<\/span><\/a><span style=\"font-weight: 400;\">: n\u00f3s podemos te ajudar a escolher o melhor caminho para o seu empreendimento.<\/span><\/p>\n<p><span data-sheets-root=\"1\"> \n<div class=\"wpcf7 no-js\" id=\"wpcf7-f1618-o1\" lang=\"pt-BR\" dir=\"ltr\" data-wpcf7-id=\"1618\">\n<div class=\"screen-reader-response\"><p role=\"status\" aria-live=\"polite\" aria-atomic=\"true\"><\/p> <ul><\/ul><\/div>\n<form action=\"\/contabilizei-responde\/api\/wp\/v2\/questions\/834#wpcf7-f1618-o1\" method=\"post\" class=\"wpcf7-form init\" aria-label=\"Formul\u00e1rios de contato\" novalidate=\"novalidate\" data-status=\"init\">\n<fieldset class=\"hidden-fields-container\"><input type=\"hidden\" name=\"_wpcf7\" value=\"1618\" \/><input type=\"hidden\" name=\"_wpcf7_version\" value=\"6.1.5\" \/><input type=\"hidden\" name=\"_wpcf7_locale\" value=\"pt_BR\" \/><input type=\"hidden\" name=\"_wpcf7_unit_tag\" value=\"wpcf7-f1618-o1\" \/><input type=\"hidden\" name=\"_wpcf7_container_post\" value=\"0\" \/><input type=\"hidden\" name=\"_wpcf7_posted_data_hash\" value=\"\" \/>\n<\/fieldset>\n<div class=\"cta-forms\">\n\t<div class=\"box\">\n\t\t<p class=\"cta-forms-title\">Quer ajuda para fazer o desenquadramento do seu <a href=\"https:\/\/contabilizei.com.br\/contabilidade-online\/mei\/\" target=\"_blank\">MEI<\/a>?\n\t\t<\/p>\n\t\t<p>A Contabilizei \u00e9 l\u00edder em abertura de empresas, deixe seus dados e nossos especialistas entrar\u00e3o em contato.\n\t\t<\/p>\n\t\t<p><label>E-mail<\/label><br \/>\n<span class=\"wpcf7-form-control-wrap\" data-name=\"your-email\"><input size=\"40\" maxlength=\"400\" class=\"wpcf7-form-control wpcf7-email wpcf7-validates-as-required wpcf7-text wpcf7-validates-as-email\" aria-required=\"true\" aria-invalid=\"false\" value=\"\" type=\"email\" name=\"your-email\" \/><\/span>\n\t\t<\/p>\n\t\t<p><label>Telefone<\/label><br \/>\n<span class=\"wpcf7-form-control-wrap\" data-name=\"your-phone\"><input size=\"40\" maxlength=\"400\" class=\"wpcf7-form-control wpcf7-tel wpcf7-validates-as-required wpcf7-text wpcf7-validates-as-tel\" aria-required=\"true\" aria-invalid=\"false\" value=\"\" type=\"tel\" name=\"your-phone\" \/><\/span>\n\t\t<\/p>\n\t\t<p><input type=\"hidden\" name=\"origin\" value=\"CONTABILIZEI RESPONDE: QUEM-PAGA-MEI-TEM-DIREITO-AO-INSS\"><br \/>\n<input type=\"hidden\" name=\"conversion\" value=\"https:\/\/www.contabilizei.com.br\/contabilizei-responde\/quem-paga-mei-tem-direito-ao-inss\/\">\n\t\t<\/p>\n\t\t<p><input class=\"wpcf7-form-control wpcf7-submit has-spinner\" type=\"submit\" value=\"Fale com especialista\" \/>\n\t\t<\/p>\n\t<\/div>\n\t<div class=\"aviso-obrigado hideme\">\n\t\t<p class=\"aviso-obrigado-title\">TUDO CERTO!\n\t\t<\/p>\n\t\t<p>Recebemos suas informa\u00e7\u00f5es, logo nossos especialistas entrar\u00e3o em contato.\n\t\t<\/p>\n\t<\/div>\n<\/div>\n<p><script type=\"text\/javascript\">\njQuery(function(){\n\tdocument.addEventListener( 'wpcf7mailsent', function( event ) { \n if ( '34253' == event.detail.contactFormId ) {\n\t jQuery(\".aviso-obrigado\").css(\"display\", \"flex\");\n } \n\t}, false );\n})\n<\/script>\n<\/p><div class=\"wpcf7-response-output\" aria-hidden=\"true\"><\/div>\n<\/form>\n<\/div>\n<\/span><\/p>\n","protected":false},"excerpt":{"rendered":"<p>Sim, quem paga MEI tem direito ao INSS pois dentro dos impostos que est\u00e3o reunidos no Documento de Arrecada\u00e7\u00e3o do Simples Nacional do Microempreendedor Individual (DASN-MEI) consta a contribui\u00e7\u00e3o do empreendedor para este \u00f3rg\u00e3o. \u00c9 por isso que ao aderir a um CNPJ MEI para atuar no seu neg\u00f3cio, o empres\u00e1rio est\u00e1 coberto pelos benef\u00edcios [&hellip;]<\/p>\n","protected":false},"parent":0,"menu_order":0,"template":"","category-questions":[25],"class_list":["post-834","perguntas","type-perguntas","status-publish","hentry","category_questions-mei"],"acf":{"contador":{"ID":1735,"post_author":"22","post_date":"2025-03-31 13:18:42","post_date_gmt":"2025-03-31 16:18:42","post_content":"","post_title":"Eduarda Cristina de Souza","post_excerpt":"","post_status":"publish","comment_status":"closed","ping_status":"closed","post_password":"","post_name":"eduarda-cristina-de-souza","to_ping":"","pinged":"","post_modified":"2025-07-16 17:01:33","post_modified_gmt":"2025-07-16 20:01:33","post_content_filtered":"","post_parent":0,"guid":"https:\/\/www.contabilizei.com.br\/contabilizei-responde\/?post_type=contador&#038;p=1735","menu_order":0,"post_type":"contador","post_mime_type":"","comment_count":"0","filter":"raw"}},"yoast_head":"<!-- This site is optimized with the Yoast SEO plugin v27.5 - https:\/\/yoast.com\/product\/yoast-seo-wordpress\/ -->\n<title>Quem paga MEI tem direito ao INSS?<\/title>\n<meta name=\"description\" content=\"Saiba se quem paga MEI tem direito ao INSS, como solicitar os direitos e qual o valor de contribui\u00e7\u00e3o. Confira agora mesmo!\" \/>\n<meta name=\"robots\" content=\"index, follow, max-snippet:-1, max-image-preview:large, max-video-preview:-1\" \/>\n<link rel=\"canonical\" href=\"https:\/\/www.contabilizei.com.br\/contabilizei-responde\/quem-paga-mei-tem-direito-ao-inss\/\" \/>\n<meta property=\"og:locale\" content=\"pt_BR\" \/>\n<meta property=\"og:type\" content=\"article\" \/>\n<meta property=\"og:title\" content=\"Quem paga MEI tem direito ao INSS?\" \/>\n<meta property=\"og:description\" content=\"Saiba se quem paga MEI tem direito ao INSS, como solicitar os direitos e qual o valor de contribui\u00e7\u00e3o. Confira agora mesmo!\" \/>\n<meta property=\"og:url\" content=\"https:\/\/www.contabilizei.com.br\/contabilizei-responde\/quem-paga-mei-tem-direito-ao-inss\/\" \/>\n<meta property=\"og:site_name\" content=\"Contador Responde\" \/>\n<meta property=\"article:modified_time\" content=\"2024-12-18T19:22:59+00:00\" \/>\n<meta name=\"twitter:card\" content=\"summary_large_image\" \/>\n<meta name=\"twitter:label1\" content=\"Est. tempo de leitura\" \/>\n\t<meta name=\"twitter:data1\" content=\"2 minutos\" \/>\n<!-- \/ Yoast SEO plugin. -->","yoast_head_json":{"title":"Quem paga MEI tem direito ao INSS?","description":"Saiba se quem paga MEI tem direito ao INSS, como solicitar os direitos e qual o valor de contribui\u00e7\u00e3o. Confira agora mesmo!","robots":{"index":"index","follow":"follow","max-snippet":"max-snippet:-1","max-image-preview":"max-image-preview:large","max-video-preview":"max-video-preview:-1"},"canonical":"https:\/\/www.contabilizei.com.br\/contabilizei-responde\/quem-paga-mei-tem-direito-ao-inss\/","og_locale":"pt_BR","og_type":"article","og_title":"Quem paga MEI tem direito ao INSS?","og_description":"Saiba se quem paga MEI tem direito ao INSS, como solicitar os direitos e qual o valor de contribui\u00e7\u00e3o. Confira agora mesmo!","og_url":"https:\/\/www.contabilizei.com.br\/contabilizei-responde\/quem-paga-mei-tem-direito-ao-inss\/","og_site_name":"Contador Responde","article_modified_time":"2024-12-18T19:22:59+00:00","twitter_card":"summary_large_image","twitter_misc":{"Est. tempo de leitura":"2 minutos"},"schema":{"@context":"https:\/\/schema.org","@graph":[{"@type":"WebPage","@id":"https:\/\/www.contabilizei.com.br\/contabilizei-responde\/quem-paga-mei-tem-direito-ao-inss\/","url":"https:\/\/www.contabilizei.com.br\/contabilizei-responde\/quem-paga-mei-tem-direito-ao-inss\/","name":"Quem paga MEI tem direito ao INSS?","isPartOf":{"@id":"https:\/\/www.contabilizei.com.br\/contabilizei-responde\/#website"},"datePublished":"2023-04-07T17:40:08+00:00","dateModified":"2024-12-18T19:22:59+00:00","description":"Saiba se quem paga MEI tem direito ao INSS, como solicitar os direitos e qual o valor de contribui\u00e7\u00e3o. Confira agora mesmo!","breadcrumb":{"@id":"https:\/\/www.contabilizei.com.br\/contabilizei-responde\/quem-paga-mei-tem-direito-ao-inss\/#breadcrumb"},"inLanguage":"pt-BR","potentialAction":[{"@type":"ReadAction","target":["https:\/\/www.contabilizei.com.br\/contabilizei-responde\/quem-paga-mei-tem-direito-ao-inss\/"]}]},{"@type":"BreadcrumbList","@id":"https:\/\/www.contabilizei.com.br\/contabilizei-responde\/quem-paga-mei-tem-direito-ao-inss\/#breadcrumb","itemListElement":[{"@type":"ListItem","position":1,"name":"Home","item":"https:\/\/www.contabilizei.com.br\/contabilizei-responde\/"},{"@type":"ListItem","position":2,"name":"Perguntas","item":"https:\/\/www.contabilizei.com.br\/contabilizei-responde\/perguntas\/"},{"@type":"ListItem","position":3,"name":"Quem paga MEI tem direito ao INSS?"}]},{"@type":"WebSite","@id":"https:\/\/www.contabilizei.com.br\/contabilizei-responde\/#website","url":"https:\/\/www.contabilizei.com.br\/contabilizei-responde\/","name":"Contador Responde","description":"","potentialAction":[{"@type":"SearchAction","target":{"@type":"EntryPoint","urlTemplate":"https:\/\/www.contabilizei.com.br\/contabilizei-responde\/?s={search_term_string}"},"query-input":{"@type":"PropertyValueSpecification","valueRequired":true,"valueName":"search_term_string"}}],"inLanguage":"pt-BR"}]}},"_links":{"self":[{"href":"https:\/\/www.contabilizei.com.br\/contabilizei-responde\/api\/wp\/v2\/questions\/834","targetHints":{"allow":["GET"]}}],"collection":[{"href":"https:\/\/www.contabilizei.com.br\/contabilizei-responde\/api\/wp\/v2\/questions"}],"about":[{"href":"https:\/\/www.contabilizei.com.br\/contabilizei-responde\/api\/wp\/v2\/types\/perguntas"}],"acf:post":[{"embeddable":true,"href":"https:\/\/www.contabilizei.com.br\/contabilizei-responde\/api\/wp\/v2\/contador\/1735"}],"wp:attachment":[{"href":"https:\/\/www.contabilizei.com.br\/contabilizei-responde\/api\/wp\/v2\/media?parent=834"}],"wp:term":[{"taxonomy":"category_questions","embeddable":true,"href":"https:\/\/www.contabilizei.com.br\/contabilizei-responde\/api\/wp\/v2\/category-questions?post=834"}],"curies":[{"name":"wp","href":"https:\/\/api.w.org\/{rel}","templated":true}]}}