{"id":828,"date":"2023-04-04T14:58:22","date_gmt":"2023-04-04T17:58:22","guid":{"rendered":"https:\/\/www.contabilizei.com.br\/contabilizei-responde\/?post_type=perguntas&#038;p=828"},"modified":"2026-02-04T14:48:02","modified_gmt":"2026-02-04T17:48:02","slug":"declaracao-mei-prazo-prorrogado","status":"publish","type":"perguntas","link":"https:\/\/www.contabilizei.com.br\/contabilizei-responde\/declaracao-mei-prazo-prorrogado\/","title":{"rendered":"Declara\u00e7\u00e3o MEI 2026: prazo prorrogado?"},"content":{"rendered":"<p><b>A Declara\u00e7\u00e3o MEI <span data-sheets-root=\"1\">2026 <\/span>tem prazo de entrega at\u00e9 o dia 31 de maio. N\u00e3o houve delibera\u00e7\u00e3o pela prorroga\u00e7\u00e3o deste prazo at\u00e9 o momento &#8211; e a regra estabelece o final do m\u00eas de maio como final do per\u00edodo de entrega sem multa.<\/b><\/p>\n<p><span style=\"font-weight: 400;\">O <strong>p<\/strong><\/span><b>er\u00edodo de envio da DAS-SIMEI inicia em janeiro,<\/b><span style=\"font-weight: 400;\"> e os empres\u00e1rios que n\u00e3o realizarem a entrega at\u00e9 o prazo final ter\u00e3o de arcar com<\/span><b> cobran\u00e7a extra pelo atraso.<\/b><span style=\"font-weight: 400;\"> O n\u00e3o envio deste documento pode ocasionar at\u00e9 mesmo a perda do registro como Microempreendedor Individual, dificultando a utiliza\u00e7\u00e3o do seu CNPJ. Com a entrega pendente, <\/span><b>o MEI fica impedido de gerar o DAS para pagamento dos impostos, e acaba n\u00e3o conseguindo emitir notas fiscais<\/b><span style=\"font-weight: 400;\"> &#8211; um problema gera outro.<\/span><\/p>\n<p><span style=\"font-weight: 400;\">Se voc\u00ea est\u00e1 com dificuldades para enviar a Declara\u00e7\u00e3o porque percebe que o faturamento ultrapassou os <span data-sheets-root=\"1\">R$ 81 mil<\/span> permitidos no Microempreendedor Individual, consulte a <\/span><a href=\"https:\/\/www.contabilizei.com.br\/desenquadrar-mei-para-me\/\" target=\"_blank\" rel=\"noopener\"><span style=\"font-weight: 400;\">Contabilizei<\/span><\/a><span style=\"font-weight: 400;\"> sobre a melhor forma de colocar esta situa\u00e7\u00e3o em dia. Mesmo migrando para o modelo de microempresa no Simples Nacional voc\u00ea ainda ter\u00e1 carga tribut\u00e1ria compat\u00edvel com o seu neg\u00f3cio.<\/span><\/p>\n<p><span style=\"font-weight: 400;\">A Declara\u00e7\u00e3o Anual do MEI <span data-sheets-root=\"1\">2026 <\/span>utiliza os dados do per\u00edodo de <span data-sheets-root=\"1\">2025 <\/span>para preenchimento. Empresas que n\u00e3o tiveram faturamento ao longo do ano apurado ou que encerraram atividades ainda precisam enviar a Declara\u00e7\u00e3o.\u00a0<\/span><\/p>\n","protected":false},"excerpt":{"rendered":"<p>A Declara\u00e7\u00e3o MEI tem prazo de entrega at\u00e9 o dia 31 de maio. N\u00e3o houve delibera\u00e7\u00e3o pela prorroga\u00e7\u00e3o deste prazo at\u00e9 o momento &#8211; e a regra estabelece o final do m\u00eas de maio como final do per\u00edodo de entrega sem multa. O per\u00edodo de envio da DAS-SIMEI inicia em janeiro, e os empres\u00e1rios que [&hellip;]<\/p>\n","protected":false},"parent":0,"menu_order":0,"template":"","category-questions":[25],"class_list":["post-828","perguntas","type-perguntas","status-publish","hentry","category_questions-mei"],"acf":{"contador":{"ID":1735,"post_author":"22","post_date":"2025-03-31 13:18:42","post_date_gmt":"2025-03-31 16:18:42","post_content":"","post_title":"Eduarda Cristina de Souza","post_excerpt":"","post_status":"publish","comment_status":"closed","ping_status":"closed","post_password":"","post_name":"eduarda-cristina-de-souza","to_ping":"","pinged":"","post_modified":"2025-07-16 17:01:33","post_modified_gmt":"2025-07-16 20:01:33","post_content_filtered":"","post_parent":0,"guid":"https:\/\/www.contabilizei.com.br\/contabilizei-responde\/?post_type=contador&#038;p=1735","menu_order":0,"post_type":"contador","post_mime_type":"","comment_count":"0","filter":"raw"}},"yoast_head":"<!-- This site is optimized with the Yoast SEO plugin v27.5 - https:\/\/yoast.com\/product\/yoast-seo-wordpress\/ -->\n<title>Declara\u00e7\u00e3o MEI 2026: prazo prorrogado?<\/title>\n<meta name=\"description\" content=\"Saiba se a Declara\u00e7\u00e3o MEI 2025 teve o prazo prorrogado e qual \u00e9 a data de entrega do DAS-SIMEI. Confira agora mesmo!\" \/>\n<meta name=\"robots\" content=\"index, follow, max-snippet:-1, max-image-preview:large, max-video-preview:-1\" \/>\n<link rel=\"canonical\" href=\"https:\/\/www.contabilizei.com.br\/contabilizei-responde\/declaracao-mei-prazo-prorrogado\/\" \/>\n<meta property=\"og:locale\" content=\"pt_BR\" \/>\n<meta property=\"og:type\" content=\"article\" \/>\n<meta property=\"og:title\" content=\"Declara\u00e7\u00e3o MEI 2026: prazo prorrogado?\" \/>\n<meta property=\"og:description\" content=\"Saiba se a Declara\u00e7\u00e3o MEI 2025 teve o prazo prorrogado e qual \u00e9 a data de entrega do DAS-SIMEI. Confira agora mesmo!\" \/>\n<meta property=\"og:url\" content=\"https:\/\/www.contabilizei.com.br\/contabilizei-responde\/declaracao-mei-prazo-prorrogado\/\" \/>\n<meta property=\"og:site_name\" content=\"Contador Responde\" \/>\n<meta property=\"article:modified_time\" content=\"2026-02-04T17:48:02+00:00\" \/>\n<meta name=\"twitter:card\" content=\"summary_large_image\" \/>\n<meta name=\"twitter:label1\" content=\"Est. tempo de leitura\" \/>\n\t<meta name=\"twitter:data1\" content=\"2 minutos\" \/>\n<!-- \/ Yoast SEO plugin. -->","yoast_head_json":{"title":"Declara\u00e7\u00e3o MEI 2026: prazo prorrogado?","description":"Saiba se a Declara\u00e7\u00e3o MEI 2025 teve o prazo prorrogado e qual \u00e9 a data de entrega do DAS-SIMEI. Confira agora mesmo!","robots":{"index":"index","follow":"follow","max-snippet":"max-snippet:-1","max-image-preview":"max-image-preview:large","max-video-preview":"max-video-preview:-1"},"canonical":"https:\/\/www.contabilizei.com.br\/contabilizei-responde\/declaracao-mei-prazo-prorrogado\/","og_locale":"pt_BR","og_type":"article","og_title":"Declara\u00e7\u00e3o MEI 2026: prazo prorrogado?","og_description":"Saiba se a Declara\u00e7\u00e3o MEI 2025 teve o prazo prorrogado e qual \u00e9 a data de entrega do DAS-SIMEI. Confira agora mesmo!","og_url":"https:\/\/www.contabilizei.com.br\/contabilizei-responde\/declaracao-mei-prazo-prorrogado\/","og_site_name":"Contador Responde","article_modified_time":"2026-02-04T17:48:02+00:00","twitter_card":"summary_large_image","twitter_misc":{"Est. tempo de leitura":"2 minutos"},"schema":{"@context":"https:\/\/schema.org","@graph":[{"@type":"WebPage","@id":"https:\/\/www.contabilizei.com.br\/contabilizei-responde\/declaracao-mei-prazo-prorrogado\/","url":"https:\/\/www.contabilizei.com.br\/contabilizei-responde\/declaracao-mei-prazo-prorrogado\/","name":"Declara\u00e7\u00e3o MEI [internal_variables field=\"ano_atual\"]: prazo prorrogado?","isPartOf":{"@id":"https:\/\/www.contabilizei.com.br\/contabilizei-responde\/#website"},"datePublished":"2023-04-04T17:58:22+00:00","dateModified":"2026-02-04T17:48:02+00:00","description":"Saiba se a Declara\u00e7\u00e3o MEI 2025 teve o prazo prorrogado e qual \u00e9 a data de entrega do DAS-SIMEI. Confira agora mesmo!","breadcrumb":{"@id":"https:\/\/www.contabilizei.com.br\/contabilizei-responde\/declaracao-mei-prazo-prorrogado\/#breadcrumb"},"inLanguage":"pt-BR","potentialAction":[{"@type":"ReadAction","target":["https:\/\/www.contabilizei.com.br\/contabilizei-responde\/declaracao-mei-prazo-prorrogado\/"]}]},{"@type":"BreadcrumbList","@id":"https:\/\/www.contabilizei.com.br\/contabilizei-responde\/declaracao-mei-prazo-prorrogado\/#breadcrumb","itemListElement":[{"@type":"ListItem","position":1,"name":"Home","item":"https:\/\/www.contabilizei.com.br\/contabilizei-responde\/"},{"@type":"ListItem","position":2,"name":"Perguntas","item":"https:\/\/www.contabilizei.com.br\/contabilizei-responde\/perguntas\/"},{"@type":"ListItem","position":3,"name":"Declara\u00e7\u00e3o MEI 2026: prazo prorrogado?"}]},{"@type":"WebSite","@id":"https:\/\/www.contabilizei.com.br\/contabilizei-responde\/#website","url":"https:\/\/www.contabilizei.com.br\/contabilizei-responde\/","name":"Contador Responde","description":"","potentialAction":[{"@type":"SearchAction","target":{"@type":"EntryPoint","urlTemplate":"https:\/\/www.contabilizei.com.br\/contabilizei-responde\/?s={search_term_string}"},"query-input":{"@type":"PropertyValueSpecification","valueRequired":true,"valueName":"search_term_string"}}],"inLanguage":"pt-BR"}]}},"_links":{"self":[{"href":"https:\/\/www.contabilizei.com.br\/contabilizei-responde\/api\/wp\/v2\/questions\/828","targetHints":{"allow":["GET"]}}],"collection":[{"href":"https:\/\/www.contabilizei.com.br\/contabilizei-responde\/api\/wp\/v2\/questions"}],"about":[{"href":"https:\/\/www.contabilizei.com.br\/contabilizei-responde\/api\/wp\/v2\/types\/perguntas"}],"acf:post":[{"embeddable":true,"href":"https:\/\/www.contabilizei.com.br\/contabilizei-responde\/api\/wp\/v2\/contador\/1735"}],"wp:attachment":[{"href":"https:\/\/www.contabilizei.com.br\/contabilizei-responde\/api\/wp\/v2\/media?parent=828"}],"wp:term":[{"taxonomy":"category_questions","embeddable":true,"href":"https:\/\/www.contabilizei.com.br\/contabilizei-responde\/api\/wp\/v2\/category-questions?post=828"}],"curies":[{"name":"wp","href":"https:\/\/api.w.org\/{rel}","templated":true}]}}