{"id":795,"date":"2023-03-22T14:16:00","date_gmt":"2023-03-22T17:16:00","guid":{"rendered":"https:\/\/www.contabilizei.com.br\/contabilizei-responde\/?post_type=perguntas&#038;p=795"},"modified":"2026-01-15T18:26:37","modified_gmt":"2026-01-15T21:26:37","slug":"posso-ser-clt-e-mei-ao-mesmo-tempo","status":"publish","type":"perguntas","link":"https:\/\/www.contabilizei.com.br\/contabilizei-responde\/posso-ser-clt-e-mei-ao-mesmo-tempo\/","title":{"rendered":"Posso ser CLT e MEI ao mesmo tempo?"},"content":{"rendered":"<p><b>Sim, \u00e9 permitido que uma pessoa seja contratada pelo regime <\/b><a href=\"https:\/\/www.contabilizei.com.br\/contabilidade-online\/clt-x-mei\/\" target=\"_blank\" rel=\"noopener\"><b>CLT<\/b><\/a><b> e, ao mesmo tempo, tenha um CNPJ como Microempreendedor Individual (<\/b><a href=\"https:\/\/www.contabilizei.com.br\/contabilidade-online\/como-abrir-um-mei\/\" target=\"_blank\" rel=\"noopener\"><b>MEI<\/b><\/a><b>).<\/b><span style=\"font-weight: 400;\">\u00a0<\/span><\/p>\n<p><span style=\"font-weight: 400;\">Nesse caso, <\/span><b>a pessoa exerce atividades distintas<\/b><span style=\"font-weight: 400;\">: <\/span><b>como CLT, cumpre jornada e fun\u00e7\u00f5es determinadas pelo empregador, recebendo sal\u00e1rio e benef\u00edcios<\/b><span style=\"font-weight: 400;\"> conforme a Consolida\u00e7\u00e3o das Leis do Trabalho (CLT).\u00a0<\/span><\/p>\n<p><span style=\"font-weight: 400;\">J\u00e1 <\/span><b>como MEI, atua de forma aut\u00f4noma em uma atividade permitida ao regime, recolhendo mensalmente os tributos<\/b><span style=\"font-weight: 400;\"> por meio do DAS (Documento de Arrecada\u00e7\u00e3o do Simples Nacional).<\/span><\/p>\n<p><span style=\"font-weight: 400;\">Este caso \u00e9 comum para pessoas que exercem mais de um tipo de atividade ou desejam obter renda extra porque os ganhos em apenas um trabalho provavelmente n\u00e3o est\u00e3o garantindo seu sustento.\u00a0<\/span><\/p>\n<p><span style=\"font-weight: 400;\">Assim, \u00e9 poss\u00edvel manter o contrato CLT e atuar em determinado hor\u00e1rio nesta fun\u00e7\u00e3o e, ao mesmo tempo, manter um registro de Microempreendedor Individual para exercer outra atividade e conseguir ganhos extras.<\/span><\/p>\n<p><b>Importante:<\/b><span style=\"font-weight: 400;\"> para quem tem CNPJ aberto, existem algumas regras caso seja necess\u00e1rio pedir o seguro-desemprego. Por exemplo: caso o MEI tenha renda, o pedido do seguro-desemprego pode ser indeferido (negado). <\/span><a href=\"https:\/\/www.contabilizei.com.br\/contabilizei-responde\/se-abrir-cnpj-mei-perde-seguro-desemprego\/\" target=\"_blank\" rel=\"noopener\"><span style=\"font-weight: 400;\">Saiba mais neste artigo<\/span><\/a><span style=\"font-weight: 400;\">.<\/span><\/p>\n<p><span style=\"font-weight: 400;\">Vale lembrar que <\/span><b>o registro do CNPJ MEI \u00e9 permitido para uma <\/b><a href=\"https:\/\/www.contabilizei.com.br\/contabilidade-online\/atividades-mei-tabela\/\" target=\"_blank\" rel=\"noopener\"><b>lista espec\u00edfica de atividades econ\u00f4micas<\/b><\/a><b> previstas pelo governo federal.<\/b><span style=\"font-weight: 400;\"> Essas atividades s\u00e3o, em geral, de baixo risco e n\u00e3o incluem profiss\u00f5es regulamentadas de natureza intelectual, como m\u00e9dicos, advogados, engenheiros, entre outros.\u00a0<\/span><\/p>\n<p><span style=\"font-weight: 400;\">Outra regra importante \u00e9 que o titular do MEI n\u00e3o pode ser s\u00f3cio, administrador ou titular de outra empresa, ou seja, ele pode ter apenas aquele CNPJ ativo.<\/span><\/p>\n<p><span style=\"font-weight: 400;\">Al\u00e9m disso, <\/span><b>o faturamento do MEI \u00e9 de at\u00e9 R$ 81 mil ao ano (cerca de R$6.750 por m\u00eas)<\/b><span style=\"font-weight: 400;\">. Esse valor atende bem a atividades extras como a pr\u00e1tica de artesanato, confeitaria, alguns tipos de produ\u00e7\u00e3o de materiais gr\u00e1ficos e art\u00edsticos, entre outros.\u00a0<\/span><\/p>\n<p><span style=\"font-weight: 400;\">\u00c9 sempre importante avaliar se o tipo de neg\u00f3cio MEI \u00e9 o que voc\u00ea est\u00e1 procurando: para uma atividade econ\u00f4mica que seja sua principal fonte de renda, muitas vezes uma microempresa no Simples Nacional \u00e9 mais interessante. Converse com a <\/span><a href=\"https:\/\/www.contabilizei.com.br\/abrir-empresa\" target=\"_blank\" rel=\"noopener\"><span style=\"font-weight: 400;\">Contabilizei<\/span><\/a><span style=\"font-weight: 400;\"> e identifique os modelos de empresa que voc\u00ea pode abrir para a atividade que est\u00e1 buscando.<\/span><\/p>\n<p><span data-sheets-root=\"1\"> \n<div class=\"wpcf7 no-js\" id=\"wpcf7-f1618-o1\" lang=\"pt-BR\" dir=\"ltr\" data-wpcf7-id=\"1618\">\n<div class=\"screen-reader-response\"><p role=\"status\" aria-live=\"polite\" aria-atomic=\"true\"><\/p> <ul><\/ul><\/div>\n<form action=\"\/contabilizei-responde\/api\/wp\/v2\/questions\/795#wpcf7-f1618-o1\" method=\"post\" class=\"wpcf7-form init\" aria-label=\"Formul\u00e1rios de contato\" novalidate=\"novalidate\" data-status=\"init\">\n<fieldset class=\"hidden-fields-container\"><input type=\"hidden\" name=\"_wpcf7\" value=\"1618\" \/><input type=\"hidden\" name=\"_wpcf7_version\" value=\"6.1.5\" \/><input type=\"hidden\" name=\"_wpcf7_locale\" value=\"pt_BR\" \/><input type=\"hidden\" name=\"_wpcf7_unit_tag\" value=\"wpcf7-f1618-o1\" \/><input type=\"hidden\" name=\"_wpcf7_container_post\" value=\"0\" \/><input type=\"hidden\" name=\"_wpcf7_posted_data_hash\" value=\"\" \/>\n<\/fieldset>\n<div class=\"cta-forms\">\n\t<div class=\"box\">\n\t\t<p class=\"cta-forms-title\">Quer ajuda para fazer o desenquadramento do seu <a href=\"https:\/\/contabilizei.com.br\/contabilidade-online\/mei\/\" target=\"_blank\">MEI<\/a>?\n\t\t<\/p>\n\t\t<p>A Contabilizei \u00e9 l\u00edder em abertura de empresas, deixe seus dados e nossos especialistas entrar\u00e3o em contato.\n\t\t<\/p>\n\t\t<p><label>E-mail<\/label><br \/>\n<span class=\"wpcf7-form-control-wrap\" data-name=\"your-email\"><input size=\"40\" maxlength=\"400\" class=\"wpcf7-form-control wpcf7-email wpcf7-validates-as-required wpcf7-text wpcf7-validates-as-email\" aria-required=\"true\" aria-invalid=\"false\" value=\"\" type=\"email\" name=\"your-email\" \/><\/span>\n\t\t<\/p>\n\t\t<p><label>Telefone<\/label><br \/>\n<span class=\"wpcf7-form-control-wrap\" data-name=\"your-phone\"><input size=\"40\" maxlength=\"400\" class=\"wpcf7-form-control wpcf7-tel wpcf7-validates-as-required wpcf7-text wpcf7-validates-as-tel\" aria-required=\"true\" aria-invalid=\"false\" value=\"\" type=\"tel\" name=\"your-phone\" \/><\/span>\n\t\t<\/p>\n\t\t<p><input type=\"hidden\" name=\"origin\" value=\"CONTABILIZEI RESPONDE: POSSO-SER-CLT-E-MEI-AO-MESMO-TEMPO\"><br \/>\n<input type=\"hidden\" name=\"conversion\" value=\"https:\/\/www.contabilizei.com.br\/contabilizei-responde\/posso-ser-clt-e-mei-ao-mesmo-tempo\/\">\n\t\t<\/p>\n\t\t<p><input class=\"wpcf7-form-control wpcf7-submit has-spinner\" type=\"submit\" value=\"Fale com especialista\" \/>\n\t\t<\/p>\n\t<\/div>\n\t<div class=\"aviso-obrigado hideme\">\n\t\t<p class=\"aviso-obrigado-title\">TUDO CERTO!\n\t\t<\/p>\n\t\t<p>Recebemos suas informa\u00e7\u00f5es, logo nossos especialistas entrar\u00e3o em contato.\n\t\t<\/p>\n\t<\/div>\n<\/div>\n<p><script type=\"text\/javascript\">\njQuery(function(){\n\tdocument.addEventListener( 'wpcf7mailsent', function( event ) { \n if ( '34253' == event.detail.contactFormId ) {\n\t jQuery(\".aviso-obrigado\").css(\"display\", \"flex\");\n } \n\t}, false );\n})\n<\/script>\n<\/p><div class=\"wpcf7-response-output\" aria-hidden=\"true\"><\/div>\n<\/form>\n<\/div>\n<\/span><\/p>\n<p><b>Continue conosco e saiba mais:<\/b><\/p>\n<p><a href=\"https:\/\/www.contabilizei.com.br\/contabilidade-online\/clt-ou-pj-o-que-compensa-mais\/\" target=\"_blank\" rel=\"noopener\"><span style=\"font-weight: 400;\">CLT ou PJ: qual vale mais a pena? Descubra a diferen\u00e7a<\/span><\/a><\/p>\n<p><a href=\"https:\/\/www.contabilizei.com.br\/contabilidade-online\/como-transformar-salario-clt-em-pj\/\" target=\"_blank\" rel=\"noopener\"><span style=\"font-weight: 400;\">Como transformar sal\u00e1rio CLT em PJ?<\/span><\/a><\/p>\n<p><a href=\"https:\/\/www.contabilizei.com.br\/contabilidade-online\/atividades-mei-tabela\/\" target=\"_blank\" rel=\"noopener\"><span style=\"font-weight: 400;\">Atividades MEI: tabela de atividades e CNAEs MEI permitidas<\/span><\/a><\/p>\n<p><a href=\"https:\/\/www.contabilizei.com.br\/contabilidade-online\/como-abrir-um-mei\/\" target=\"_blank\" rel=\"noopener\"><span style=\"font-weight: 400;\">Abrir MEI: Passo a passo de como abrir um MEI<\/span><\/a><\/p>\n<p><a href=\"https:\/\/www.contabilizei.com.br\/contabilidade-online\/mei-irregular-consequencias-e-possibilidades\/\" target=\"_blank\" rel=\"noopener\"><span style=\"font-weight: 400;\">Voc\u00ea tem certeza de que pode ser MEI? Veja 5 consequ\u00eancias do MEI irregular e op\u00e7\u00f5es para o seu neg\u00f3cio<\/span><\/a><\/p>\n","protected":false},"excerpt":{"rendered":"<p>Sim, \u00e9 permitido que uma pessoa seja contratada pelo regime CLT e, ao mesmo tempo, tenha um CNPJ como Microempreendedor Individual (MEI).\u00a0 Nesse caso, a pessoa exerce atividades distintas: como CLT, cumpre jornada e fun\u00e7\u00f5es determinadas pelo empregador, recebendo sal\u00e1rio e benef\u00edcios conforme a Consolida\u00e7\u00e3o das Leis do Trabalho (CLT).\u00a0 J\u00e1 como MEI, atua de [&hellip;]<\/p>\n","protected":false},"parent":0,"menu_order":0,"template":"","category-questions":[25],"class_list":["post-795","perguntas","type-perguntas","status-publish","hentry","category_questions-mei"],"acf":{"contador":{"ID":1735,"post_author":"22","post_date":"2025-03-31 13:18:42","post_date_gmt":"2025-03-31 16:18:42","post_content":"","post_title":"Eduarda Cristina de Souza","post_excerpt":"","post_status":"publish","comment_status":"closed","ping_status":"closed","post_password":"","post_name":"eduarda-cristina-de-souza","to_ping":"","pinged":"","post_modified":"2025-07-16 17:01:33","post_modified_gmt":"2025-07-16 20:01:33","post_content_filtered":"","post_parent":0,"guid":"https:\/\/www.contabilizei.com.br\/contabilizei-responde\/?post_type=contador&#038;p=1735","menu_order":0,"post_type":"contador","post_mime_type":"","comment_count":"0","filter":"raw"}},"yoast_head":"<!-- This site is optimized with the Yoast SEO plugin v27.4 - https:\/\/yoast.com\/product\/yoast-seo-wordpress\/ -->\n<title>Posso ser CLT e MEI ao mesmo tempo?<\/title>\n<meta name=\"description\" content=\"Saiba se voc\u00ea pode ser CLT e MEI ao mesmo tempo e quais cuidados tomar para n\u00e3o ficar sem direitos trabalhistas. Confira agora mesmo!\" \/>\n<meta name=\"robots\" content=\"index, follow, max-snippet:-1, max-image-preview:large, max-video-preview:-1\" \/>\n<link rel=\"canonical\" href=\"https:\/\/www.contabilizei.com.br\/contabilizei-responde\/posso-ser-clt-e-mei-ao-mesmo-tempo\/\" \/>\n<meta property=\"og:locale\" content=\"pt_BR\" \/>\n<meta property=\"og:type\" content=\"article\" \/>\n<meta property=\"og:title\" content=\"Posso ser CLT e MEI ao mesmo tempo?\" \/>\n<meta property=\"og:description\" content=\"Saiba se voc\u00ea pode ser CLT e MEI ao mesmo tempo e quais cuidados tomar para n\u00e3o ficar sem direitos trabalhistas. Confira agora mesmo!\" \/>\n<meta property=\"og:url\" content=\"https:\/\/www.contabilizei.com.br\/contabilizei-responde\/posso-ser-clt-e-mei-ao-mesmo-tempo\/\" \/>\n<meta property=\"og:site_name\" content=\"Contador Responde\" \/>\n<meta property=\"article:modified_time\" content=\"2026-01-15T21:26:37+00:00\" \/>\n<meta name=\"twitter:card\" content=\"summary_large_image\" \/>\n<meta name=\"twitter:label1\" content=\"Est. tempo de leitura\" \/>\n\t<meta name=\"twitter:data1\" content=\"3 minutos\" \/>\n<!-- \/ Yoast SEO plugin. -->","yoast_head_json":{"title":"Posso ser CLT e MEI ao mesmo tempo?","description":"Saiba se voc\u00ea pode ser CLT e MEI ao mesmo tempo e quais cuidados tomar para n\u00e3o ficar sem direitos trabalhistas. Confira agora mesmo!","robots":{"index":"index","follow":"follow","max-snippet":"max-snippet:-1","max-image-preview":"max-image-preview:large","max-video-preview":"max-video-preview:-1"},"canonical":"https:\/\/www.contabilizei.com.br\/contabilizei-responde\/posso-ser-clt-e-mei-ao-mesmo-tempo\/","og_locale":"pt_BR","og_type":"article","og_title":"Posso ser CLT e MEI ao mesmo tempo?","og_description":"Saiba se voc\u00ea pode ser CLT e MEI ao mesmo tempo e quais cuidados tomar para n\u00e3o ficar sem direitos trabalhistas. Confira agora mesmo!","og_url":"https:\/\/www.contabilizei.com.br\/contabilizei-responde\/posso-ser-clt-e-mei-ao-mesmo-tempo\/","og_site_name":"Contador Responde","article_modified_time":"2026-01-15T21:26:37+00:00","twitter_card":"summary_large_image","twitter_misc":{"Est. tempo de leitura":"3 minutos"},"schema":{"@context":"https:\/\/schema.org","@graph":[{"@type":"WebPage","@id":"https:\/\/www.contabilizei.com.br\/contabilizei-responde\/posso-ser-clt-e-mei-ao-mesmo-tempo\/","url":"https:\/\/www.contabilizei.com.br\/contabilizei-responde\/posso-ser-clt-e-mei-ao-mesmo-tempo\/","name":"Posso ser CLT e MEI ao mesmo tempo?","isPartOf":{"@id":"https:\/\/www.contabilizei.com.br\/contabilizei-responde\/#website"},"datePublished":"2023-03-22T17:16:00+00:00","dateModified":"2026-01-15T21:26:37+00:00","description":"Saiba se voc\u00ea pode ser CLT e MEI ao mesmo tempo e quais cuidados tomar para n\u00e3o ficar sem direitos trabalhistas. Confira agora mesmo!","breadcrumb":{"@id":"https:\/\/www.contabilizei.com.br\/contabilizei-responde\/posso-ser-clt-e-mei-ao-mesmo-tempo\/#breadcrumb"},"inLanguage":"pt-BR","potentialAction":[{"@type":"ReadAction","target":["https:\/\/www.contabilizei.com.br\/contabilizei-responde\/posso-ser-clt-e-mei-ao-mesmo-tempo\/"]}]},{"@type":"BreadcrumbList","@id":"https:\/\/www.contabilizei.com.br\/contabilizei-responde\/posso-ser-clt-e-mei-ao-mesmo-tempo\/#breadcrumb","itemListElement":[{"@type":"ListItem","position":1,"name":"Home","item":"https:\/\/www.contabilizei.com.br\/contabilizei-responde\/"},{"@type":"ListItem","position":2,"name":"Perguntas","item":"https:\/\/www.contabilizei.com.br\/contabilizei-responde\/perguntas\/"},{"@type":"ListItem","position":3,"name":"Posso ser CLT e MEI ao mesmo tempo?"}]},{"@type":"WebSite","@id":"https:\/\/www.contabilizei.com.br\/contabilizei-responde\/#website","url":"https:\/\/www.contabilizei.com.br\/contabilizei-responde\/","name":"Contador Responde","description":"","potentialAction":[{"@type":"SearchAction","target":{"@type":"EntryPoint","urlTemplate":"https:\/\/www.contabilizei.com.br\/contabilizei-responde\/?s={search_term_string}"},"query-input":{"@type":"PropertyValueSpecification","valueRequired":true,"valueName":"search_term_string"}}],"inLanguage":"pt-BR"}]}},"_links":{"self":[{"href":"https:\/\/www.contabilizei.com.br\/contabilizei-responde\/api\/wp\/v2\/questions\/795","targetHints":{"allow":["GET"]}}],"collection":[{"href":"https:\/\/www.contabilizei.com.br\/contabilizei-responde\/api\/wp\/v2\/questions"}],"about":[{"href":"https:\/\/www.contabilizei.com.br\/contabilizei-responde\/api\/wp\/v2\/types\/perguntas"}],"acf:post":[{"embeddable":true,"href":"https:\/\/www.contabilizei.com.br\/contabilizei-responde\/api\/wp\/v2\/contador\/1735"}],"wp:attachment":[{"href":"https:\/\/www.contabilizei.com.br\/contabilizei-responde\/api\/wp\/v2\/media?parent=795"}],"wp:term":[{"taxonomy":"category_questions","embeddable":true,"href":"https:\/\/www.contabilizei.com.br\/contabilizei-responde\/api\/wp\/v2\/category-questions?post=795"}],"curies":[{"name":"wp","href":"https:\/\/api.w.org\/{rel}","templated":true}]}}