{"id":647,"date":"2023-01-31T18:26:47","date_gmt":"2023-01-31T21:26:47","guid":{"rendered":"https:\/\/www.contabilizei.com.br\/contabilizei-responde\/?post_type=perguntas&#038;p=647"},"modified":"2025-03-28T11:50:25","modified_gmt":"2025-03-28T14:50:25","slug":"como-regularizar-empresa-inapta-por-omissao-de-declaracoes","status":"publish","type":"perguntas","link":"https:\/\/www.contabilizei.com.br\/contabilizei-responde\/como-regularizar-empresa-inapta-por-omissao-de-declaracoes\/","title":{"rendered":"Como regularizar empresa inapta por omiss\u00e3o de declara\u00e7\u00f5es?"},"content":{"rendered":"<p><b>Para regularizar empresa inapta por omiss\u00e3o de declara\u00e7\u00f5es \u00e9 preciso entregar os documentos que ficaram faltando ou comprovar que foram entregues no per\u00edodo, caso tenha ocorrido o envio mas n\u00e3o conste nos dados da Receita Federal.\u00a0<\/b><\/p>\n<p><span style=\"font-weight: 400;\">Para consultar quais as declara\u00e7\u00f5es devidas \u00e9 poss\u00edvel acessar o <\/span><a href=\"https:\/\/cav.receita.fazenda.gov.br\/autenticacao\/login\" target=\"_blank\" rel=\"noopener\"><span style=\"font-weight: 400;\">Portal eCAC<\/span><\/a><span style=\"font-weight: 400;\">:<\/span><\/p>\n<ul>\n<li style=\"font-weight: 400;\" aria-level=\"1\"><span style=\"font-weight: 400;\">Acesse o Portal com os dados da empresa: CNPJ, c\u00f3digo de acesso e senha.<\/span><\/li>\n<li style=\"font-weight: 400;\" aria-level=\"1\"><span style=\"font-weight: 400;\">No menu da direita da tela, na parte inferior, voc\u00ea encontra o link \u201cConsulta Pend\u00eancias &#8211; Situa\u00e7\u00e3o Fiscal\u201d.<\/span><\/li>\n<li style=\"font-weight: 400;\" aria-level=\"1\"><span style=\"font-weight: 400;\">No relat\u00f3rio emitido, ser\u00e1 poss\u00edvel identificar o que est\u00e1 faltando para que seja feito o ajuste.<\/span><\/li>\n<\/ul>\n<p><span style=\"font-weight: 400;\">A <\/span><a href=\"https:\/\/www.contabilizei.com.br\/\" target=\"_blank\" rel=\"noopener\"><span style=\"font-weight: 400;\">Contabilizei<\/span><\/a><span style=\"font-weight: 400;\"> assessora os neg\u00f3cios para que todas as obriga\u00e7\u00f5es sejam cumpridas no prazo, e pode encaminhar os ajustes necess\u00e1rios para que sua empresa comece a trilhar esse caminho saud\u00e1vel.<\/span><\/p>\n<p><b>As principais declara\u00e7\u00f5es das empresas s\u00e3o a\u00a0 DEFIS <\/b><span style=\"font-weight: 400;\">(Declara\u00e7\u00e3o de Informa\u00e7\u00f5es Socioecon\u00f4micas e Fiscais) do Simples Nacional, a <\/span><b>DASN-SIMEI<\/b><span style=\"font-weight: 400;\"> (Declara\u00e7\u00e3o Anual do Simples Nacional para o Microempreendedor Individual), a <\/span><b>\u00a0ECD <\/b><span style=\"font-weight: 400;\">(Escritura\u00e7\u00e3o Cont\u00e1bil Digital) e a <\/span><b>ECF<\/b><span style=\"font-weight: 400;\"> (Escritura\u00e7\u00e3o Cont\u00e1bil Fiscal).<\/span><\/p>\n<p><script src=\"https:\/\/js.hsforms.net\/forms\/embed\/21138480.js\" defer><\/script><\/p>\n<div class=\"hs-form-frame\" data-region=\"na1\" data-form-id=\"a29df6d3-68de-4be7-9cbd-04e6776a4e67\" data-portal-id=\"21138480\"><\/div>\n<p><span style=\"font-weight: 400;\">Lembre-se de que no ano-fiscal existem uma s\u00e9rie de outras obriga\u00e7\u00f5es, que tamb\u00e9m impactar\u00e3o na entrega das declara\u00e7\u00f5es da sua empresa.\u00a0<\/span><\/p>\n<p><span style=\"font-weight: 400;\">Os problemas que levam o CNPJ a ser considerado inapto podem ocorrer em diferentes processos fiscais, ent\u00e3o o mais importante \u00e9 poder contar com uma assessoria de qualidade &#8211; \u00e9 um trabalho para profissionais da \u00e1rea, acostumados a averiguar onde foi que faltou alguma informa\u00e7\u00e3o.<\/span><\/p>\n","protected":false},"excerpt":{"rendered":"<p>Para regularizar empresa inapta por omiss\u00e3o de declara\u00e7\u00f5es \u00e9 preciso entregar os documentos que ficaram faltando ou comprovar que foram entregues no per\u00edodo, caso tenha ocorrido o envio mas n\u00e3o conste nos dados da Receita Federal.\u00a0 Para consultar quais as declara\u00e7\u00f5es devidas \u00e9 poss\u00edvel acessar o Portal eCAC: Acesse o Portal com os dados da [&hellip;]<\/p>\n","protected":false},"parent":0,"menu_order":0,"template":"","category-questions":[32],"class_list":["post-647","perguntas","type-perguntas","status-publish","hentry","category_questions-fiscal"],"acf":{"contador":{"ID":1751,"post_author":"22","post_date":"2025-06-18 17:54:34","post_date_gmt":"2025-06-18 20:54:34","post_content":"","post_title":"Nilc\u00e9ia Domingues","post_excerpt":"","post_status":"publish","comment_status":"closed","ping_status":"closed","post_password":"","post_name":"nilceia-domingues","to_ping":"","pinged":"","post_modified":"2025-06-23 14:16:39","post_modified_gmt":"2025-06-23 17:16:39","post_content_filtered":"","post_parent":0,"guid":"https:\/\/www.contabilizei.com.br\/contabilizei-responde\/?post_type=contador&#038;p=1751","menu_order":0,"post_type":"contador","post_mime_type":"","comment_count":"0","filter":"raw"}},"yoast_head":"<!-- This site is optimized with the Yoast SEO plugin v27.5 - https:\/\/yoast.com\/product\/yoast-seo-wordpress\/ -->\n<title>Como regularizar empresa inapta por omiss\u00e3o de declara\u00e7\u00f5es?<\/title>\n<meta name=\"description\" content=\"Saiba como regularizar empresa inapta por omiss\u00e3o de declara\u00e7\u00f5es. Confira agora mesmo!\" \/>\n<meta name=\"robots\" content=\"index, follow, max-snippet:-1, max-image-preview:large, max-video-preview:-1\" \/>\n<link rel=\"canonical\" href=\"https:\/\/www.contabilizei.com.br\/contabilizei-responde\/como-regularizar-empresa-inapta-por-omissao-de-declaracoes\/\" \/>\n<meta property=\"og:locale\" content=\"pt_BR\" \/>\n<meta property=\"og:type\" content=\"article\" \/>\n<meta property=\"og:title\" content=\"Como regularizar empresa inapta por omiss\u00e3o de declara\u00e7\u00f5es?\" \/>\n<meta property=\"og:description\" content=\"Saiba como regularizar empresa inapta por omiss\u00e3o de declara\u00e7\u00f5es. Confira agora mesmo!\" \/>\n<meta property=\"og:url\" content=\"https:\/\/www.contabilizei.com.br\/contabilizei-responde\/como-regularizar-empresa-inapta-por-omissao-de-declaracoes\/\" \/>\n<meta property=\"og:site_name\" content=\"Contador Responde\" \/>\n<meta property=\"article:modified_time\" content=\"2025-03-28T14:50:25+00:00\" \/>\n<meta name=\"twitter:card\" content=\"summary_large_image\" \/>\n<meta name=\"twitter:label1\" content=\"Est. tempo de leitura\" \/>\n\t<meta name=\"twitter:data1\" content=\"2 minutos\" \/>\n<!-- \/ Yoast SEO plugin. -->","yoast_head_json":{"title":"Como regularizar empresa inapta por omiss\u00e3o de declara\u00e7\u00f5es?","description":"Saiba como regularizar empresa inapta por omiss\u00e3o de declara\u00e7\u00f5es. Confira agora mesmo!","robots":{"index":"index","follow":"follow","max-snippet":"max-snippet:-1","max-image-preview":"max-image-preview:large","max-video-preview":"max-video-preview:-1"},"canonical":"https:\/\/www.contabilizei.com.br\/contabilizei-responde\/como-regularizar-empresa-inapta-por-omissao-de-declaracoes\/","og_locale":"pt_BR","og_type":"article","og_title":"Como regularizar empresa inapta por omiss\u00e3o de declara\u00e7\u00f5es?","og_description":"Saiba como regularizar empresa inapta por omiss\u00e3o de declara\u00e7\u00f5es. Confira agora mesmo!","og_url":"https:\/\/www.contabilizei.com.br\/contabilizei-responde\/como-regularizar-empresa-inapta-por-omissao-de-declaracoes\/","og_site_name":"Contador Responde","article_modified_time":"2025-03-28T14:50:25+00:00","twitter_card":"summary_large_image","twitter_misc":{"Est. tempo de leitura":"2 minutos"},"schema":{"@context":"https:\/\/schema.org","@graph":[{"@type":"WebPage","@id":"https:\/\/www.contabilizei.com.br\/contabilizei-responde\/como-regularizar-empresa-inapta-por-omissao-de-declaracoes\/","url":"https:\/\/www.contabilizei.com.br\/contabilizei-responde\/como-regularizar-empresa-inapta-por-omissao-de-declaracoes\/","name":"Como regularizar empresa inapta por omiss\u00e3o de declara\u00e7\u00f5es?","isPartOf":{"@id":"https:\/\/www.contabilizei.com.br\/contabilizei-responde\/#website"},"datePublished":"2023-01-31T21:26:47+00:00","dateModified":"2025-03-28T14:50:25+00:00","description":"Saiba como regularizar empresa inapta por omiss\u00e3o de declara\u00e7\u00f5es. Confira agora mesmo!","breadcrumb":{"@id":"https:\/\/www.contabilizei.com.br\/contabilizei-responde\/como-regularizar-empresa-inapta-por-omissao-de-declaracoes\/#breadcrumb"},"inLanguage":"pt-BR","potentialAction":[{"@type":"ReadAction","target":["https:\/\/www.contabilizei.com.br\/contabilizei-responde\/como-regularizar-empresa-inapta-por-omissao-de-declaracoes\/"]}]},{"@type":"BreadcrumbList","@id":"https:\/\/www.contabilizei.com.br\/contabilizei-responde\/como-regularizar-empresa-inapta-por-omissao-de-declaracoes\/#breadcrumb","itemListElement":[{"@type":"ListItem","position":1,"name":"Home","item":"https:\/\/www.contabilizei.com.br\/contabilizei-responde\/"},{"@type":"ListItem","position":2,"name":"Perguntas","item":"https:\/\/www.contabilizei.com.br\/contabilizei-responde\/perguntas\/"},{"@type":"ListItem","position":3,"name":"Como regularizar empresa inapta por omiss\u00e3o de declara\u00e7\u00f5es?"}]},{"@type":"WebSite","@id":"https:\/\/www.contabilizei.com.br\/contabilizei-responde\/#website","url":"https:\/\/www.contabilizei.com.br\/contabilizei-responde\/","name":"Contador Responde","description":"","potentialAction":[{"@type":"SearchAction","target":{"@type":"EntryPoint","urlTemplate":"https:\/\/www.contabilizei.com.br\/contabilizei-responde\/?s={search_term_string}"},"query-input":{"@type":"PropertyValueSpecification","valueRequired":true,"valueName":"search_term_string"}}],"inLanguage":"pt-BR"}]}},"_links":{"self":[{"href":"https:\/\/www.contabilizei.com.br\/contabilizei-responde\/api\/wp\/v2\/questions\/647","targetHints":{"allow":["GET"]}}],"collection":[{"href":"https:\/\/www.contabilizei.com.br\/contabilizei-responde\/api\/wp\/v2\/questions"}],"about":[{"href":"https:\/\/www.contabilizei.com.br\/contabilizei-responde\/api\/wp\/v2\/types\/perguntas"}],"acf:post":[{"embeddable":true,"href":"https:\/\/www.contabilizei.com.br\/contabilizei-responde\/api\/wp\/v2\/contador\/1751"}],"wp:attachment":[{"href":"https:\/\/www.contabilizei.com.br\/contabilizei-responde\/api\/wp\/v2\/media?parent=647"}],"wp:term":[{"taxonomy":"category_questions","embeddable":true,"href":"https:\/\/www.contabilizei.com.br\/contabilizei-responde\/api\/wp\/v2\/category-questions?post=647"}],"curies":[{"name":"wp","href":"https:\/\/api.w.org\/{rel}","templated":true}]}}