{"id":616,"date":"2023-01-26T15:09:57","date_gmt":"2023-01-26T18:09:57","guid":{"rendered":"https:\/\/www.contabilizei.com.br\/contabilizei-responde\/?post_type=perguntas&#038;p=616"},"modified":"2023-11-21T17:37:15","modified_gmt":"2023-11-21T20:37:15","slug":"o-endereco-do-mei-pode-ser-residencial","status":"publish","type":"perguntas","link":"https:\/\/www.contabilizei.com.br\/contabilizei-responde\/o-endereco-do-mei-pode-ser-residencial\/","title":{"rendered":"O endere\u00e7o do MEI pode ser residencial?"},"content":{"rendered":"<p><b>Sim, o endere\u00e7o do <a href=\"https:\/\/www.contabilizei.com.br\/contabilidade-online\/como-abrir-um-mei\/\" target=\"_blank\" rel=\"noopener\">MEI<\/a> pode ser residencial.<\/b><span style=\"font-weight: 400;\"> Ao preencher o cadastro como MEI no Portal do Empreendedor, o empres\u00e1rio informa endere\u00e7os residencial e comercial, e ambos podem ser o mesmo para os casos de atividades que s\u00e3o permitidas para serem exercidas no ambiente dom\u00e9stico.<\/span><\/p>\n<p><span style=\"font-weight: 400;\">Como o Microempreendedor Individual \u00e9 permitido para uma s\u00e9rie de atividades, h\u00e1 casos em que isso n\u00e3o \u00e9 permitido. O <\/span><a href=\"https:\/\/www.planalto.gov.br\/ccivil_03\/leis\/lcp\/lcp123.htm\" target=\"_blank\" rel=\"noopener\"><span style=\"font-weight: 400;\">Estatuto Nacional da Microempresa e da Empresa de Pequeno Porte<\/span><\/a><span style=\"font-weight: 400;\">, Lei Complementar N\u00ba123, de dezembro de 2016, indica que a autoriza\u00e7\u00e3o para utiliza\u00e7\u00e3o do endere\u00e7o residencial deve ser permitida \u201c<\/span><b>na hip\u00f3tese em que a atividade n\u00e3o gere grande circula\u00e7\u00e3o de pessoas\u201d. Atividades que envolvem produtos qu\u00edmicos ou barulho<\/b><span style=\"font-weight: 400;\">, por exemplo, tamb\u00e9m n\u00e3o recebem a permiss\u00e3o.<\/span><\/p>\n<p><span style=\"font-weight: 400;\">Muitas atividades do Simples Nacional tamb\u00e9m contam com a permiss\u00e3o de utilizar o endere\u00e7o residencial como comercial: \u00e9 sempre interessante verificar com a <\/span><a href=\"https:\/\/www.contabilizei.com.br\/abrir-empresa\/\" target=\"_blank\" rel=\"noopener\"><span style=\"font-weight: 400;\">Contabilizei<\/span><\/a><span style=\"font-weight: 400;\"> qual o melhor tipo de empresa para o seu neg\u00f3cio.<\/span><\/p>\n<p><span data-sheets-value=\"{&quot;1&quot;:2,&quot;2&quot;:&quot;N\u00e3o sabe como fazer o desenquadramento de MEI? Deixe com a gente. Agora a Contabilizei faz todo o processo de forma gratuita para voc\u00ea. \u00c9 muito mais facilidade e seguran\u00e7a para sua empresa. Fale com um dos nossos mais de mil especialistas para iniciar o desenquadramento do seu MEI.&quot;}\" data-sheets-userformat=\"{&quot;2&quot;:1315777,&quot;3&quot;:{&quot;1&quot;:0},&quot;9&quot;:0,&quot;10&quot;:1,&quot;11&quot;:4,&quot;12&quot;:0,&quot;15&quot;:&quot;Arial&quot;,&quot;21&quot;:0,&quot;23&quot;:1}\" data-sheets-textstyleruns=\"{&quot;1&quot;:0}\uee10{&quot;1&quot;:190,&quot;2&quot;:{&quot;2&quot;:{&quot;1&quot;:2,&quot;2&quot;:1136076},&quot;9&quot;:1}}\uee10{&quot;1&quot;:237}\" data-sheets-hyperlinkruns=\"{&quot;1&quot;:190,&quot;2&quot;:&quot;https:\/\/www.contabilizei.com.br\/desenquadrar-mei-para-me\/&quot;}\uee10{&quot;1&quot;:237}\">N\u00e3o sabe como fazer o <a href=\"https:\/\/www.contabilizei.com.br\/contabilidade-online\/desenquadramento-mei\/\" target=\"_blank\" rel=\"noopener\">desenquadramento de MEI<\/a>? Deixe com a gente. Agora a Contabilizei faz todo o processo de forma gratuita para voc\u00ea. \u00c9 muito mais facilidade e seguran\u00e7a para sua empresa. <a class=\"in-cell-link\" href=\"https:\/\/www.contabilizei.com.br\/desenquadrar-mei-para-me\/\" target=\"_blank\" rel=\"noopener\">Fale com um dos nossos mais de mil especialista<\/a>s para iniciar o desenquadramento do seu MEI.<\/span><\/p>\n<p><b>Continue com a gente e saiba mais:<\/b><\/p>\n<p><a href=\"https:\/\/www.contabilizei.com.br\/contabilidade-online\/faturamento-mei-limite\/\" target=\"_blank\" rel=\"noopener\"><span style=\"font-weight: 400;\">https:\/\/www.contabilizei.com.br\/contabilidade-online\/mei\/<\/span><\/a><\/p>\n<p><a href=\"https:\/\/www.contabilizei.com.br\/contabilidade-online\/faturamento-mei-limite\/\" target=\"_blank\" rel=\"noopener\"><span style=\"font-weight: 400;\">https:\/\/www.contabilizei.com.br\/contabilidade-online\/profissional-liberal-autonomo-diferencas\/<\/span><\/a><\/p>\n<p><a href=\"https:\/\/www.contabilizei.com.br\/contabilidade-online\/faturamento-mei-limite\/\" target=\"_blank\" rel=\"noopener\"><span style=\"font-weight: 400;\">https:\/\/www.contabilizei.com.br\/contabilidade-online\/contratacao-pj\/<\/span><\/a><\/p>\n<p><a href=\"https:\/\/www.contabilizei.com.br\/contabilidade-online\/faturamento-mei-limite\/\" target=\"_blank\" rel=\"noopener\"><span style=\"font-weight: 400;\">https:\/\/www.contabilizei.com.br\/contabilidade-online\/faturamento-mei-limite\/<\/span><\/a><\/p>\n<p><a href=\"https:\/\/www.contabilizei.com.br\/contabilidade-online\/faturamento-mei-limite\/\"><span style=\"font-weight: 400;\">https:\/\/www.contabilizei.com.br\/contabilidade-online\/materiais\/nao-posso-ser-mei-e-agora\/<\/span><\/a><\/p>\n","protected":false},"excerpt":{"rendered":"<p>Sim, o endere\u00e7o do MEI pode ser residencial. Ao preencher o cadastro como MEI no Portal do Empreendedor, o empres\u00e1rio informa endere\u00e7os residencial e comercial, e ambos podem ser o mesmo para os casos de atividades que s\u00e3o permitidas para serem exercidas no ambiente dom\u00e9stico. Como o Microempreendedor Individual \u00e9 permitido para uma s\u00e9rie de [&hellip;]<\/p>\n","protected":false},"parent":0,"menu_order":0,"template":"","category-questions":[25],"class_list":["post-616","perguntas","type-perguntas","status-publish","hentry","category_questions-mei"],"acf":{"contador":{"ID":1735,"post_author":"22","post_date":"2025-03-31 13:18:42","post_date_gmt":"2025-03-31 16:18:42","post_content":"","post_title":"Eduarda Cristina de Souza","post_excerpt":"","post_status":"publish","comment_status":"closed","ping_status":"closed","post_password":"","post_name":"eduarda-cristina-de-souza","to_ping":"","pinged":"","post_modified":"2025-07-16 17:01:33","post_modified_gmt":"2025-07-16 20:01:33","post_content_filtered":"","post_parent":0,"guid":"https:\/\/www.contabilizei.com.br\/contabilizei-responde\/?post_type=contador&#038;p=1735","menu_order":0,"post_type":"contador","post_mime_type":"","comment_count":"0","filter":"raw"}},"yoast_head":"<!-- This site is optimized with the Yoast SEO plugin v27.5 - https:\/\/yoast.com\/product\/yoast-seo-wordpress\/ -->\n<title>O endere\u00e7o do MEI pode ser residencial? - Contador Responde<\/title>\n<meta name=\"description\" content=\"Saiba se o endere\u00e7o do MEI pode ser residencial e mais detalhes antes de abrir um MEI. Confira agora mesmo!\" \/>\n<meta name=\"robots\" content=\"index, follow, max-snippet:-1, max-image-preview:large, max-video-preview:-1\" \/>\n<link rel=\"canonical\" href=\"https:\/\/www.contabilizei.com.br\/contabilizei-responde\/o-endereco-do-mei-pode-ser-residencial\/\" \/>\n<meta property=\"og:locale\" content=\"pt_BR\" \/>\n<meta property=\"og:type\" content=\"article\" \/>\n<meta property=\"og:title\" content=\"O endere\u00e7o do MEI pode ser residencial? - Contador Responde\" \/>\n<meta property=\"og:description\" content=\"Saiba se o endere\u00e7o do MEI pode ser residencial e mais detalhes antes de abrir um MEI. Confira agora mesmo!\" \/>\n<meta property=\"og:url\" content=\"https:\/\/www.contabilizei.com.br\/contabilizei-responde\/o-endereco-do-mei-pode-ser-residencial\/\" \/>\n<meta property=\"og:site_name\" content=\"Contador Responde\" \/>\n<meta property=\"article:modified_time\" content=\"2023-11-21T20:37:15+00:00\" \/>\n<meta name=\"twitter:card\" content=\"summary_large_image\" \/>\n<meta name=\"twitter:label1\" content=\"Est. tempo de leitura\" \/>\n\t<meta name=\"twitter:data1\" content=\"2 minutos\" \/>\n<!-- \/ Yoast SEO plugin. -->","yoast_head_json":{"title":"O endere\u00e7o do MEI pode ser residencial? - Contador Responde","description":"Saiba se o endere\u00e7o do MEI pode ser residencial e mais detalhes antes de abrir um MEI. Confira agora mesmo!","robots":{"index":"index","follow":"follow","max-snippet":"max-snippet:-1","max-image-preview":"max-image-preview:large","max-video-preview":"max-video-preview:-1"},"canonical":"https:\/\/www.contabilizei.com.br\/contabilizei-responde\/o-endereco-do-mei-pode-ser-residencial\/","og_locale":"pt_BR","og_type":"article","og_title":"O endere\u00e7o do MEI pode ser residencial? - Contador Responde","og_description":"Saiba se o endere\u00e7o do MEI pode ser residencial e mais detalhes antes de abrir um MEI. Confira agora mesmo!","og_url":"https:\/\/www.contabilizei.com.br\/contabilizei-responde\/o-endereco-do-mei-pode-ser-residencial\/","og_site_name":"Contador Responde","article_modified_time":"2023-11-21T20:37:15+00:00","twitter_card":"summary_large_image","twitter_misc":{"Est. tempo de leitura":"2 minutos"},"schema":{"@context":"https:\/\/schema.org","@graph":[{"@type":"WebPage","@id":"https:\/\/www.contabilizei.com.br\/contabilizei-responde\/o-endereco-do-mei-pode-ser-residencial\/","url":"https:\/\/www.contabilizei.com.br\/contabilizei-responde\/o-endereco-do-mei-pode-ser-residencial\/","name":"O endere\u00e7o do MEI pode ser residencial? - Contador Responde","isPartOf":{"@id":"https:\/\/www.contabilizei.com.br\/contabilizei-responde\/#website"},"datePublished":"2023-01-26T18:09:57+00:00","dateModified":"2023-11-21T20:37:15+00:00","description":"Saiba se o endere\u00e7o do MEI pode ser residencial e mais detalhes antes de abrir um MEI. Confira agora mesmo!","breadcrumb":{"@id":"https:\/\/www.contabilizei.com.br\/contabilizei-responde\/o-endereco-do-mei-pode-ser-residencial\/#breadcrumb"},"inLanguage":"pt-BR","potentialAction":[{"@type":"ReadAction","target":["https:\/\/www.contabilizei.com.br\/contabilizei-responde\/o-endereco-do-mei-pode-ser-residencial\/"]}]},{"@type":"BreadcrumbList","@id":"https:\/\/www.contabilizei.com.br\/contabilizei-responde\/o-endereco-do-mei-pode-ser-residencial\/#breadcrumb","itemListElement":[{"@type":"ListItem","position":1,"name":"Home","item":"https:\/\/www.contabilizei.com.br\/contabilizei-responde\/"},{"@type":"ListItem","position":2,"name":"Perguntas","item":"https:\/\/www.contabilizei.com.br\/contabilizei-responde\/perguntas\/"},{"@type":"ListItem","position":3,"name":"O endere\u00e7o do MEI pode ser residencial?"}]},{"@type":"WebSite","@id":"https:\/\/www.contabilizei.com.br\/contabilizei-responde\/#website","url":"https:\/\/www.contabilizei.com.br\/contabilizei-responde\/","name":"Contador Responde","description":"","potentialAction":[{"@type":"SearchAction","target":{"@type":"EntryPoint","urlTemplate":"https:\/\/www.contabilizei.com.br\/contabilizei-responde\/?s={search_term_string}"},"query-input":{"@type":"PropertyValueSpecification","valueRequired":true,"valueName":"search_term_string"}}],"inLanguage":"pt-BR"}]}},"_links":{"self":[{"href":"https:\/\/www.contabilizei.com.br\/contabilizei-responde\/api\/wp\/v2\/questions\/616","targetHints":{"allow":["GET"]}}],"collection":[{"href":"https:\/\/www.contabilizei.com.br\/contabilizei-responde\/api\/wp\/v2\/questions"}],"about":[{"href":"https:\/\/www.contabilizei.com.br\/contabilizei-responde\/api\/wp\/v2\/types\/perguntas"}],"acf:post":[{"embeddable":true,"href":"https:\/\/www.contabilizei.com.br\/contabilizei-responde\/api\/wp\/v2\/contador\/1735"}],"wp:attachment":[{"href":"https:\/\/www.contabilizei.com.br\/contabilizei-responde\/api\/wp\/v2\/media?parent=616"}],"wp:term":[{"taxonomy":"category_questions","embeddable":true,"href":"https:\/\/www.contabilizei.com.br\/contabilizei-responde\/api\/wp\/v2\/category-questions?post=616"}],"curies":[{"name":"wp","href":"https:\/\/api.w.org\/{rel}","templated":true}]}}