{"id":564,"date":"2023-01-03T13:58:57","date_gmt":"2023-01-03T16:58:57","guid":{"rendered":"https:\/\/www.contabilizei.com.br\/contabilizei-responde\/?post_type=perguntas&#038;p=564"},"modified":"2023-01-03T13:58:57","modified_gmt":"2023-01-03T16:58:57","slug":"contribuinte-facultativo-o-que-e","status":"publish","type":"perguntas","link":"https:\/\/www.contabilizei.com.br\/contabilizei-responde\/contribuinte-facultativo-o-que-e\/","title":{"rendered":"Contribuinte facultativo: o que \u00e9?"},"content":{"rendered":"<p><b>O contribuinte facultativo \u00e9 aquele que quer ter cobertura da Previd\u00eancia Social, mas n\u00e3o est\u00e1 trabalhando de forma remunerada<\/b><span style=\"font-weight: 400;\">. Esta particularidade pode ser incorporada pelo contribuinte a partir dos 16 anos.<\/span><\/p>\n<p><span style=\"font-weight: 400;\">\u00a0<\/span><span style=\"font-weight: 400;\">Dentre os casos mais comuns de contribuintes facultativos est\u00e3o as <\/span><b>donas de casa; estudantes que n\u00e3o trabalham, brasileiros expatriados que acompanham o c\u00f4njuge, s\u00edndicos de condom\u00ednio n\u00e3o remunerado; membros de conselhos, como o Conselho Tutelar, bolsistas do ensino m\u00e9dio e superior, estagi\u00e1rios, desempregados; presidi\u00e1rios, entre outros<\/b><span style=\"font-weight: 400;\">. Importante lembrar que esse tipo de contribui\u00e7\u00e3o ao INSS n\u00e3o \u00e9 obrigat\u00f3rio e nem se torna obrigat\u00f3rio, mesmo que a pessoa passe a pagar com regularidade.\u00a0<\/span><span style=\"font-weight: 400;\">\u00a0<\/span><\/p>\n<p><span style=\"font-weight: 400;\">Outra quest\u00e3o importante \u00e9 que o contribuinte facultativo difere do contribuinte individual em fun\u00e7\u00e3o da atividade remunerada. Enquanto o facultativo, como explicamos acima, exerce o direito de contribuir quando estiver descoberto pela Previd\u00eancia Social, o Contribuinte Individual \u00e9 o segurado que exerce atividade remunerada e tem a obriga\u00e7\u00e3o de contribuir para o INSS sobre seus ganhos mensais.\u00a0<\/span><\/p>\n<p><span style=\"font-weight: 400;\">Para se tornar um contribuinte facultativo, o cidad\u00e3o precisa possuir alguns requisitos b\u00e1sicos como ser maior de 16 anos, n\u00e3o ter renda pr\u00f3pria e n\u00e3o exercer atividade remunerada. O valor da contribui\u00e7\u00e3o segue as mesmas regras das demais contribui\u00e7\u00f5es dos assalariados.<\/span><\/p>\n<p><b>S\u00e3o direitos adquiridos ao contribuir facultativamente para o INSS:<\/b><\/p>\n<ul>\n<li style=\"font-weight: 400;\" aria-level=\"1\"><span style=\"font-weight: 400;\">Aposentadoria por idade<\/span><\/li>\n<li style=\"font-weight: 400;\" aria-level=\"1\"><span style=\"font-weight: 400;\">Aposentadoria por invalidez<\/span><\/li>\n<li style=\"font-weight: 400;\" aria-level=\"1\"><span style=\"font-weight: 400;\">Aux\u00edlio doen\u00e7a<\/span><\/li>\n<li style=\"font-weight: 400;\" aria-level=\"1\"><span style=\"font-weight: 400;\">Aux\u00edlio reclus\u00e3o<\/span><\/li>\n<li style=\"font-weight: 400;\" aria-level=\"1\"><span style=\"font-weight: 400;\">Sal\u00e1rio maternidade\u00a0<\/span><\/li>\n<li style=\"font-weight: 400;\" aria-level=\"1\"><span style=\"font-weight: 400;\">Sal\u00e1rio fam\u00edlia<\/span><\/li>\n<li style=\"font-weight: 400;\" aria-level=\"1\"><span style=\"font-weight: 400;\">Benef\u00edcio assistencial \u00e0 pessoa com defici\u00eancia (BPC)<\/span><\/li>\n<li style=\"font-weight: 400;\" aria-level=\"1\"><span style=\"font-weight: 400;\">Pens\u00e3o por morte (urbana e rural).<\/span><\/li>\n<\/ul>\n<p>&nbsp;<\/p>\n<p><b>Continue com a gente e saiba mais:<\/b><\/p>\n<p><a href=\"https:\/\/www.contabilizei.com.br\/contabilidade-online\/aposentadoria-complementar-mei\/\" target=\"_blank\" rel=\"noopener\"><span style=\"font-weight: 400;\">https:\/\/www.contabilizei.com.br\/contabilidade-online\/aposentadoria-complementar-mei\/<\/span><\/a><\/p>\n<p><a href=\"https:\/\/www.contabilizei.com.br\/contabilidade-online\/inss-simples-nacional\/\" target=\"_blank\" rel=\"noopener\"><span style=\"font-weight: 400;\">https:\/\/www.contabilizei.com.br\/contabilidade-online\/inss-simples-nacional\/<\/span><\/a><\/p>\n<p><a href=\"https:\/\/www.contabilizei.com.br\/contabilidade-online\/teto-inss\/\" target=\"_blank\" rel=\"noopener\"><span style=\"font-weight: 400;\">https:\/\/www.contabilizei.com.br\/contabilidade-online\/teto-inss\/<\/span><\/a><\/p>\n<p><a href=\"https:\/\/www.contabilizei.com.br\/contabilidade-online\/desconto-inss\/\" target=\"_blank\" rel=\"noopener\"><span style=\"font-weight: 400;\">https:\/\/www.contabilizei.com.br\/contabilidade-online\/desconto-inss\/<\/span><\/a><\/p>\n<p><a href=\"https:\/\/www.contabilizei.com.br\/contabilidade-online\/tabela-inss\/\" target=\"_blank\" rel=\"noopener\"><span style=\"font-weight: 400;\">https:\/\/www.contabilizei.com.br\/contabilidade-online\/tabela-inss\/<\/span><\/a><\/p>\n","protected":false},"excerpt":{"rendered":"<p>O contribuinte facultativo \u00e9 aquele que quer ter cobertura da Previd\u00eancia Social, mas n\u00e3o est\u00e1 trabalhando de forma remunerada. Esta particularidade pode ser incorporada pelo contribuinte a partir dos 16 anos. \u00a0Dentre os casos mais comuns de contribuintes facultativos est\u00e3o as donas de casa; estudantes que n\u00e3o trabalham, brasileiros expatriados que acompanham o c\u00f4njuge, s\u00edndicos [&hellip;]<\/p>\n","protected":false},"parent":0,"menu_order":0,"template":"","category-questions":[27],"class_list":["post-564","perguntas","type-perguntas","status-publish","hentry","category_questions-autonomo"],"acf":{"contador":{"ID":1732,"post_author":"22","post_date":"2025-03-31 12:51:15","post_date_gmt":"2025-03-31 15:51:15","post_content":"","post_title":"Juliana Steffano","post_excerpt":"","post_status":"publish","comment_status":"closed","ping_status":"closed","post_password":"","post_name":"juliana-steffano","to_ping":"","pinged":"","post_modified":"2025-03-31 12:51:15","post_modified_gmt":"2025-03-31 15:51:15","post_content_filtered":"","post_parent":0,"guid":"https:\/\/www.contabilizei.com.br\/contabilizei-responde\/?post_type=contador&#038;p=1732","menu_order":0,"post_type":"contador","post_mime_type":"","comment_count":"0","filter":"raw"}},"yoast_head":"<!-- This site is optimized with the Yoast SEO plugin v27.5 - https:\/\/yoast.com\/product\/yoast-seo-wordpress\/ -->\n<title>Contribuinte facultativo: o que \u00e9?<\/title>\n<meta name=\"description\" content=\"Saiba o que \u00e9 contribuinte facultativo, quando vale a pena e como come\u00e7ar a contribuir para a Previd\u00eancia. Confira agora mesmo!\" \/>\n<meta name=\"robots\" content=\"index, follow, max-snippet:-1, max-image-preview:large, max-video-preview:-1\" \/>\n<link rel=\"canonical\" href=\"https:\/\/www.contabilizei.com.br\/contabilizei-responde\/contribuinte-facultativo-o-que-e\/\" \/>\n<meta property=\"og:locale\" content=\"pt_BR\" \/>\n<meta property=\"og:type\" content=\"article\" \/>\n<meta property=\"og:title\" content=\"Contribuinte facultativo: o que \u00e9?\" \/>\n<meta property=\"og:description\" content=\"Saiba o que \u00e9 contribuinte facultativo, quando vale a pena e como come\u00e7ar a contribuir para a Previd\u00eancia. Confira agora mesmo!\" \/>\n<meta property=\"og:url\" content=\"https:\/\/www.contabilizei.com.br\/contabilizei-responde\/contribuinte-facultativo-o-que-e\/\" \/>\n<meta property=\"og:site_name\" content=\"Contador Responde\" \/>\n<meta name=\"twitter:card\" content=\"summary_large_image\" \/>\n<meta name=\"twitter:label1\" content=\"Est. tempo de leitura\" \/>\n\t<meta name=\"twitter:data1\" content=\"2 minutos\" \/>\n<!-- \/ Yoast SEO plugin. -->","yoast_head_json":{"title":"Contribuinte facultativo: o que \u00e9?","description":"Saiba o que \u00e9 contribuinte facultativo, quando vale a pena e como come\u00e7ar a contribuir para a Previd\u00eancia. Confira agora mesmo!","robots":{"index":"index","follow":"follow","max-snippet":"max-snippet:-1","max-image-preview":"max-image-preview:large","max-video-preview":"max-video-preview:-1"},"canonical":"https:\/\/www.contabilizei.com.br\/contabilizei-responde\/contribuinte-facultativo-o-que-e\/","og_locale":"pt_BR","og_type":"article","og_title":"Contribuinte facultativo: o que \u00e9?","og_description":"Saiba o que \u00e9 contribuinte facultativo, quando vale a pena e como come\u00e7ar a contribuir para a Previd\u00eancia. Confira agora mesmo!","og_url":"https:\/\/www.contabilizei.com.br\/contabilizei-responde\/contribuinte-facultativo-o-que-e\/","og_site_name":"Contador Responde","twitter_card":"summary_large_image","twitter_misc":{"Est. tempo de leitura":"2 minutos"},"schema":{"@context":"https:\/\/schema.org","@graph":[{"@type":"WebPage","@id":"https:\/\/www.contabilizei.com.br\/contabilizei-responde\/contribuinte-facultativo-o-que-e\/","url":"https:\/\/www.contabilizei.com.br\/contabilizei-responde\/contribuinte-facultativo-o-que-e\/","name":"Contribuinte facultativo: o que \u00e9?","isPartOf":{"@id":"https:\/\/www.contabilizei.com.br\/contabilizei-responde\/#website"},"datePublished":"2023-01-03T16:58:57+00:00","description":"Saiba o que \u00e9 contribuinte facultativo, quando vale a pena e como come\u00e7ar a contribuir para a Previd\u00eancia. Confira agora mesmo!","breadcrumb":{"@id":"https:\/\/www.contabilizei.com.br\/contabilizei-responde\/contribuinte-facultativo-o-que-e\/#breadcrumb"},"inLanguage":"pt-BR","potentialAction":[{"@type":"ReadAction","target":["https:\/\/www.contabilizei.com.br\/contabilizei-responde\/contribuinte-facultativo-o-que-e\/"]}]},{"@type":"BreadcrumbList","@id":"https:\/\/www.contabilizei.com.br\/contabilizei-responde\/contribuinte-facultativo-o-que-e\/#breadcrumb","itemListElement":[{"@type":"ListItem","position":1,"name":"Home","item":"https:\/\/www.contabilizei.com.br\/contabilizei-responde\/"},{"@type":"ListItem","position":2,"name":"Perguntas","item":"https:\/\/www.contabilizei.com.br\/contabilizei-responde\/perguntas\/"},{"@type":"ListItem","position":3,"name":"Contribuinte facultativo: o que \u00e9?"}]},{"@type":"WebSite","@id":"https:\/\/www.contabilizei.com.br\/contabilizei-responde\/#website","url":"https:\/\/www.contabilizei.com.br\/contabilizei-responde\/","name":"Contador Responde","description":"","potentialAction":[{"@type":"SearchAction","target":{"@type":"EntryPoint","urlTemplate":"https:\/\/www.contabilizei.com.br\/contabilizei-responde\/?s={search_term_string}"},"query-input":{"@type":"PropertyValueSpecification","valueRequired":true,"valueName":"search_term_string"}}],"inLanguage":"pt-BR"}]}},"_links":{"self":[{"href":"https:\/\/www.contabilizei.com.br\/contabilizei-responde\/api\/wp\/v2\/questions\/564","targetHints":{"allow":["GET"]}}],"collection":[{"href":"https:\/\/www.contabilizei.com.br\/contabilizei-responde\/api\/wp\/v2\/questions"}],"about":[{"href":"https:\/\/www.contabilizei.com.br\/contabilizei-responde\/api\/wp\/v2\/types\/perguntas"}],"acf:post":[{"embeddable":true,"href":"https:\/\/www.contabilizei.com.br\/contabilizei-responde\/api\/wp\/v2\/contador\/1732"}],"wp:attachment":[{"href":"https:\/\/www.contabilizei.com.br\/contabilizei-responde\/api\/wp\/v2\/media?parent=564"}],"wp:term":[{"taxonomy":"category_questions","embeddable":true,"href":"https:\/\/www.contabilizei.com.br\/contabilizei-responde\/api\/wp\/v2\/category-questions?post=564"}],"curies":[{"name":"wp","href":"https:\/\/api.w.org\/{rel}","templated":true}]}}