{"id":505,"date":"2022-12-19T11:10:05","date_gmt":"2022-12-19T14:10:05","guid":{"rendered":"https:\/\/www.contabilizei.com.br\/contabilizei-responde\/?post_type=perguntas&#038;p=505"},"modified":"2025-01-24T16:46:18","modified_gmt":"2025-01-24T19:46:18","slug":"mei-tem-direito-a-seguro-desemprego","status":"publish","type":"perguntas","link":"https:\/\/www.contabilizei.com.br\/contabilizei-responde\/mei-tem-direito-a-seguro-desemprego\/","title":{"rendered":"MEI tem direito a seguro desemprego?"},"content":{"rendered":"<p><b>O MEI tem direito a solicitar o Seguro Desemprego se estiver vinculado a um emprego atrav\u00e9s da <a href=\"https:\/\/www.contabilizei.com.br\/contabilidade-online\/clt-x-mei\/\" target=\"_blank\" rel=\"noopener\">CLT<\/a> e for desligado sem justa causa , desde que o seu CNPJ MEI n\u00e3o tenha faturamento.<\/b><span style=\"font-weight: 400;\"> Isso ocorre porque a regra do MEI (Microempreendedor Individual) permite que ele tenha outra fonte de renda como pessoa f\u00edsica e possuir v\u00ednculo empregat\u00edcio.<\/span><\/p>\n<p><span style=\"font-weight: 400;\">Somente nessa condi\u00e7\u00e3o o MEI est\u00e1 apto a solicitar o Seguro-Desemprego. Ou seja, <\/span><b>apenas por ser MEI n\u00e3o lhe d\u00e1 o direito<\/b><span style=\"font-weight: 400;\">. Por\u00e9m essa dupla condi\u00e7\u00e3o s\u00f3 torna o MEI eleg\u00edvel, \u00e9 preciso avaliar outras condi\u00e7\u00f5es importantes que podem n\u00e3o permitir a solicita\u00e7\u00e3o e recebimento do Seguro Desemprego e entre elas est\u00e1 a situa\u00e7\u00e3o e o faturamento do CNPJ MEI.<\/span><\/p>\n<p><span style=\"font-weight: 400;\">Dessa forma, se o CNPJ MEI n\u00e3o estiver inativo ou possuir faturamento, o empreendedor precisar\u00e1 comprovar que o rendimento do neg\u00f3cio n\u00e3o possibilita o sustento da sua fam\u00edlia ap\u00f3s o desligamento do seu emprego CLT.<\/span><\/p>\n<p><b>Para solicitar o Seguro Desemprego o MEI deve seguir os mesmos passos de todos os contribuintes do INSS:<\/b><\/p>\n<ol>\n<li style=\"font-weight: 400;\" aria-level=\"1\"><span style=\"font-weight: 400;\">Acessar o Portal do Governo Federal (ambiente gov.br)<\/span><\/li>\n<li style=\"font-weight: 400;\" aria-level=\"1\"><span style=\"font-weight: 400;\">Fazer o login<\/span><\/li>\n<li style=\"font-weight: 400;\" aria-level=\"1\"><span style=\"font-weight: 400;\">Clicar em Solicitar seguro desemprego;<\/span><\/li>\n<li style=\"font-weight: 400;\" aria-level=\"1\"><span style=\"font-weight: 400;\">Inserir os dados pedidos e enviar.<\/span><\/li>\n<\/ol>\n<p><span data-sheets-value=\"{&quot;1&quot;:2,&quot;2&quot;:&quot;N\u00e3o sabe como fazer o desenquadramento de MEI? Deixe com a gente. Agora a Contabilizei faz todo o processo de forma gratuita para voc\u00ea. \u00c9 muito mais facilidade e seguran\u00e7a para sua empresa. Fale com um dos nossos mais de mil especialistas para iniciar o desenquadramento do seu MEI.&quot;}\" data-sheets-userformat=\"{&quot;2&quot;:1315777,&quot;3&quot;:{&quot;1&quot;:0},&quot;9&quot;:0,&quot;10&quot;:1,&quot;11&quot;:4,&quot;12&quot;:0,&quot;15&quot;:&quot;Arial&quot;,&quot;21&quot;:0,&quot;23&quot;:1}\" data-sheets-textstyleruns=\"{&quot;1&quot;:0}\uee10{&quot;1&quot;:190,&quot;2&quot;:{&quot;2&quot;:{&quot;1&quot;:2,&quot;2&quot;:1136076},&quot;9&quot;:1}}\uee10{&quot;1&quot;:237}\" data-sheets-hyperlinkruns=\"{&quot;1&quot;:190,&quot;2&quot;:&quot;https:\/\/www.contabilizei.com.br\/desenquadrar-mei-para-me\/&quot;}\uee10{&quot;1&quot;:237}\">N\u00e3o sabe como fazer o desenquadramento de MEI? Deixe com a gente. Agora a Contabilizei faz todo o processo de forma gratuita para voc\u00ea. \u00c9 muito mais facilidade e seguran\u00e7a para sua empresa. <a class=\"in-cell-link\" href=\"https:\/\/www.contabilizei.com.br\/desenquadrar-mei-para-me\/\" target=\"_blank\" rel=\"noopener\">Fale com um dos nossos mais de mil especialista<\/a>s para iniciar o desenquadramento do seu MEI.<\/span><\/p>\n<p><span style=\"font-weight: 400;\">\u00a0<\/span><b>Continue com a gente e saiba mais:<\/b><\/p>\n<p><a href=\"https:\/\/www.contabilizei.com.br\/contabilidade-online\/faturamento-mei-2022\/\" target=\"_blank\" rel=\"noopener\"><span style=\"font-weight: 400;\">https:\/\/www.contabilizei.com.br\/contabilidade-online\/faturamento-mei-2022\/<\/span><\/a><\/p>\n<p><a href=\"https:\/\/www.contabilizei.com.br\/contabilidade-online\/formalizar-mei\/\" target=\"_blank\" rel=\"noopener\"><span style=\"font-weight: 400;\">https:\/\/www.contabilizei.com.br\/contabilidade-online\/formalizar-mei\/<\/span><\/a><\/p>\n<p><a href=\"https:\/\/www.contabilizei.com.br\/contabilidade-online\/alterar-razao-social-do-mei\/\" target=\"_blank\" rel=\"noopener\"><span style=\"font-weight: 400;\">https:\/\/www.contabilizei.com.br\/contabilidade-online\/alterar-razao-social-do-mei\/<\/span><\/a><\/p>\n<p><a href=\"https:\/\/www.contabilizei.com.br\/contabilidade-online\/como-funciona-o-mei-para-autonomo\/\" target=\"_blank\" rel=\"noopener\"><span style=\"font-weight: 400;\">https:\/\/www.contabilizei.com.br\/contabilidade-online\/como-funciona-o-mei-para-autonomo\/<\/span><\/a><\/p>\n<p><a href=\"https:\/\/www.contabilizei.com.br\/contabilidade-online\/mei\/\" target=\"_blank\" rel=\"noopener\"><span style=\"font-weight: 400;\">https:\/\/www.contabilizei.com.br\/contabilidade-online\/mei\/<\/span><\/a><\/p>\n<p><span data-sheets-root=\"1\"> \n<div class=\"wpcf7 no-js\" id=\"wpcf7-f1618-o1\" lang=\"pt-BR\" dir=\"ltr\" data-wpcf7-id=\"1618\">\n<div class=\"screen-reader-response\"><p role=\"status\" aria-live=\"polite\" aria-atomic=\"true\"><\/p> <ul><\/ul><\/div>\n<form action=\"\/contabilizei-responde\/api\/wp\/v2\/questions\/505#wpcf7-f1618-o1\" method=\"post\" class=\"wpcf7-form init\" aria-label=\"Formul\u00e1rios de contato\" novalidate=\"novalidate\" data-status=\"init\">\n<fieldset class=\"hidden-fields-container\"><input type=\"hidden\" name=\"_wpcf7\" value=\"1618\" \/><input type=\"hidden\" name=\"_wpcf7_version\" value=\"6.1.5\" \/><input type=\"hidden\" name=\"_wpcf7_locale\" value=\"pt_BR\" \/><input type=\"hidden\" name=\"_wpcf7_unit_tag\" value=\"wpcf7-f1618-o1\" \/><input type=\"hidden\" name=\"_wpcf7_container_post\" value=\"0\" \/><input type=\"hidden\" name=\"_wpcf7_posted_data_hash\" value=\"\" \/>\n<\/fieldset>\n<div class=\"cta-forms\">\n\t<div class=\"box\">\n\t\t<p class=\"cta-forms-title\">Quer ajuda para fazer o desenquadramento do seu <a href=\"https:\/\/contabilizei.com.br\/contabilidade-online\/mei\/\" target=\"_blank\">MEI<\/a>?\n\t\t<\/p>\n\t\t<p>A Contabilizei \u00e9 l\u00edder em abertura de empresas, deixe seus dados e nossos especialistas entrar\u00e3o em contato.\n\t\t<\/p>\n\t\t<p><label>E-mail<\/label><br \/>\n<span class=\"wpcf7-form-control-wrap\" data-name=\"your-email\"><input size=\"40\" maxlength=\"400\" class=\"wpcf7-form-control wpcf7-email wpcf7-validates-as-required wpcf7-text wpcf7-validates-as-email\" aria-required=\"true\" aria-invalid=\"false\" value=\"\" type=\"email\" name=\"your-email\" \/><\/span>\n\t\t<\/p>\n\t\t<p><label>Telefone<\/label><br \/>\n<span class=\"wpcf7-form-control-wrap\" data-name=\"your-phone\"><input size=\"40\" maxlength=\"400\" class=\"wpcf7-form-control wpcf7-tel wpcf7-validates-as-required wpcf7-text wpcf7-validates-as-tel\" aria-required=\"true\" aria-invalid=\"false\" value=\"\" type=\"tel\" name=\"your-phone\" \/><\/span>\n\t\t<\/p>\n\t\t<p><input type=\"hidden\" name=\"origin\" value=\"CONTABILIZEI RESPONDE: MEI-TEM-DIREITO-A-SEGURO-DESEMPREGO\"><br \/>\n<input type=\"hidden\" name=\"conversion\" value=\"https:\/\/www.contabilizei.com.br\/contabilizei-responde\/mei-tem-direito-a-seguro-desemprego\/\">\n\t\t<\/p>\n\t\t<p><input class=\"wpcf7-form-control wpcf7-submit has-spinner\" type=\"submit\" value=\"Fale com especialista\" \/>\n\t\t<\/p>\n\t<\/div>\n\t<div class=\"aviso-obrigado hideme\">\n\t\t<p class=\"aviso-obrigado-title\">TUDO CERTO!\n\t\t<\/p>\n\t\t<p>Recebemos suas informa\u00e7\u00f5es, logo nossos especialistas entrar\u00e3o em contato.\n\t\t<\/p>\n\t<\/div>\n<\/div>\n<p><script type=\"text\/javascript\">\njQuery(function(){\n\tdocument.addEventListener( 'wpcf7mailsent', function( event ) { \n if ( '34253' == event.detail.contactFormId ) {\n\t jQuery(\".aviso-obrigado\").css(\"display\", \"flex\");\n } \n\t}, false );\n})\n<\/script>\n<\/p><div class=\"wpcf7-response-output\" aria-hidden=\"true\"><\/div>\n<\/form>\n<\/div>\n<\/span><\/p>\n","protected":false},"excerpt":{"rendered":"<p>O MEI tem direito a solicitar o Seguro Desemprego se estiver vinculado a um emprego atrav\u00e9s da CLT e for desligado sem justa causa , desde que o seu CNPJ MEI n\u00e3o tenha faturamento. Isso ocorre porque a regra do MEI (Microempreendedor Individual) permite que ele tenha outra fonte de renda como pessoa f\u00edsica e [&hellip;]<\/p>\n","protected":false},"parent":0,"menu_order":0,"template":"","category-questions":[25],"class_list":["post-505","perguntas","type-perguntas","status-publish","hentry","category_questions-mei"],"acf":{"contador":{"ID":1735,"post_author":"22","post_date":"2025-03-31 13:18:42","post_date_gmt":"2025-03-31 16:18:42","post_content":"","post_title":"Eduarda Cristina de Souza","post_excerpt":"","post_status":"publish","comment_status":"closed","ping_status":"closed","post_password":"","post_name":"eduarda-cristina-de-souza","to_ping":"","pinged":"","post_modified":"2025-07-16 17:01:33","post_modified_gmt":"2025-07-16 20:01:33","post_content_filtered":"","post_parent":0,"guid":"https:\/\/www.contabilizei.com.br\/contabilizei-responde\/?post_type=contador&#038;p=1735","menu_order":0,"post_type":"contador","post_mime_type":"","comment_count":"0","filter":"raw"}},"yoast_head":"<!-- This site is optimized with the Yoast SEO plugin v27.5 - https:\/\/yoast.com\/product\/yoast-seo-wordpress\/ -->\n<title>MEI tem direito a seguro desemprego?<\/title>\n<meta name=\"description\" content=\"Saiba se MEI tem direito a seguro desemprego e como agir em cada situa\u00e7\u00e3o de acordo com a Lei . Acesse!\" \/>\n<meta name=\"robots\" content=\"index, follow, max-snippet:-1, max-image-preview:large, max-video-preview:-1\" \/>\n<link rel=\"canonical\" href=\"https:\/\/www.contabilizei.com.br\/contabilizei-responde\/mei-tem-direito-a-seguro-desemprego\/\" \/>\n<meta property=\"og:locale\" content=\"pt_BR\" \/>\n<meta property=\"og:type\" content=\"article\" \/>\n<meta property=\"og:title\" content=\"MEI tem direito a seguro desemprego?\" \/>\n<meta property=\"og:description\" content=\"Saiba se MEI tem direito a seguro desemprego e como agir em cada situa\u00e7\u00e3o de acordo com a Lei . Acesse!\" \/>\n<meta property=\"og:url\" content=\"https:\/\/www.contabilizei.com.br\/contabilizei-responde\/mei-tem-direito-a-seguro-desemprego\/\" \/>\n<meta property=\"og:site_name\" content=\"Contador Responde\" \/>\n<meta property=\"article:modified_time\" content=\"2025-01-24T19:46:18+00:00\" \/>\n<meta name=\"twitter:card\" content=\"summary_large_image\" \/>\n<meta name=\"twitter:label1\" content=\"Est. tempo de leitura\" \/>\n\t<meta name=\"twitter:data1\" content=\"2 minutos\" \/>\n<!-- \/ Yoast SEO plugin. -->","yoast_head_json":{"title":"MEI tem direito a seguro desemprego?","description":"Saiba se MEI tem direito a seguro desemprego e como agir em cada situa\u00e7\u00e3o de acordo com a Lei . Acesse!","robots":{"index":"index","follow":"follow","max-snippet":"max-snippet:-1","max-image-preview":"max-image-preview:large","max-video-preview":"max-video-preview:-1"},"canonical":"https:\/\/www.contabilizei.com.br\/contabilizei-responde\/mei-tem-direito-a-seguro-desemprego\/","og_locale":"pt_BR","og_type":"article","og_title":"MEI tem direito a seguro desemprego?","og_description":"Saiba se MEI tem direito a seguro desemprego e como agir em cada situa\u00e7\u00e3o de acordo com a Lei . Acesse!","og_url":"https:\/\/www.contabilizei.com.br\/contabilizei-responde\/mei-tem-direito-a-seguro-desemprego\/","og_site_name":"Contador Responde","article_modified_time":"2025-01-24T19:46:18+00:00","twitter_card":"summary_large_image","twitter_misc":{"Est. tempo de leitura":"2 minutos"},"schema":{"@context":"https:\/\/schema.org","@graph":[{"@type":"WebPage","@id":"https:\/\/www.contabilizei.com.br\/contabilizei-responde\/mei-tem-direito-a-seguro-desemprego\/","url":"https:\/\/www.contabilizei.com.br\/contabilizei-responde\/mei-tem-direito-a-seguro-desemprego\/","name":"MEI tem direito a seguro desemprego?","isPartOf":{"@id":"https:\/\/www.contabilizei.com.br\/contabilizei-responde\/#website"},"datePublished":"2022-12-19T14:10:05+00:00","dateModified":"2025-01-24T19:46:18+00:00","description":"Saiba se MEI tem direito a seguro desemprego e como agir em cada situa\u00e7\u00e3o de acordo com a Lei . Acesse!","breadcrumb":{"@id":"https:\/\/www.contabilizei.com.br\/contabilizei-responde\/mei-tem-direito-a-seguro-desemprego\/#breadcrumb"},"inLanguage":"pt-BR","potentialAction":[{"@type":"ReadAction","target":["https:\/\/www.contabilizei.com.br\/contabilizei-responde\/mei-tem-direito-a-seguro-desemprego\/"]}]},{"@type":"BreadcrumbList","@id":"https:\/\/www.contabilizei.com.br\/contabilizei-responde\/mei-tem-direito-a-seguro-desemprego\/#breadcrumb","itemListElement":[{"@type":"ListItem","position":1,"name":"Home","item":"https:\/\/www.contabilizei.com.br\/contabilizei-responde\/"},{"@type":"ListItem","position":2,"name":"Perguntas","item":"https:\/\/www.contabilizei.com.br\/contabilizei-responde\/perguntas\/"},{"@type":"ListItem","position":3,"name":"MEI tem direito a seguro desemprego?"}]},{"@type":"WebSite","@id":"https:\/\/www.contabilizei.com.br\/contabilizei-responde\/#website","url":"https:\/\/www.contabilizei.com.br\/contabilizei-responde\/","name":"Contador Responde","description":"","potentialAction":[{"@type":"SearchAction","target":{"@type":"EntryPoint","urlTemplate":"https:\/\/www.contabilizei.com.br\/contabilizei-responde\/?s={search_term_string}"},"query-input":{"@type":"PropertyValueSpecification","valueRequired":true,"valueName":"search_term_string"}}],"inLanguage":"pt-BR"}]}},"_links":{"self":[{"href":"https:\/\/www.contabilizei.com.br\/contabilizei-responde\/api\/wp\/v2\/questions\/505","targetHints":{"allow":["GET"]}}],"collection":[{"href":"https:\/\/www.contabilizei.com.br\/contabilizei-responde\/api\/wp\/v2\/questions"}],"about":[{"href":"https:\/\/www.contabilizei.com.br\/contabilizei-responde\/api\/wp\/v2\/types\/perguntas"}],"acf:post":[{"embeddable":true,"href":"https:\/\/www.contabilizei.com.br\/contabilizei-responde\/api\/wp\/v2\/contador\/1735"}],"wp:attachment":[{"href":"https:\/\/www.contabilizei.com.br\/contabilizei-responde\/api\/wp\/v2\/media?parent=505"}],"wp:term":[{"taxonomy":"category_questions","embeddable":true,"href":"https:\/\/www.contabilizei.com.br\/contabilizei-responde\/api\/wp\/v2\/category-questions?post=505"}],"curies":[{"name":"wp","href":"https:\/\/api.w.org\/{rel}","templated":true}]}}