{"id":497,"date":"2022-12-15T11:40:59","date_gmt":"2022-12-15T14:40:59","guid":{"rendered":"https:\/\/www.contabilizei.com.br\/contabilizei-responde\/?post_type=perguntas&#038;p=497"},"modified":"2022-12-15T11:40:59","modified_gmt":"2022-12-15T14:40:59","slug":"corretor-de-imoveis-e-autonomo-ou-profissional-liberal","status":"publish","type":"perguntas","link":"https:\/\/www.contabilizei.com.br\/contabilizei-responde\/corretor-de-imoveis-e-autonomo-ou-profissional-liberal\/","title":{"rendered":"Corretor de im\u00f3veis \u00e9 aut\u00f4nomo ou profissional liberal?"},"content":{"rendered":"<p><b>O Corretor de Im\u00f3veis \u00e9 um profissional liberal e para exercer sua profiss\u00e3o regularmente, deve ser inscrito no CRECI (Conselho Regional dos Corretores de Im\u00f3veis).<\/b><span style=\"font-weight: 400;\"> Profissionalmente, o consultor de im\u00f3veis pode ser regido pela CLT (empregado), possuir um CNPJ ou ainda atuar de forma aut\u00f4noma.<\/span><\/p>\n<p><span style=\"font-weight: 400;\">O corretor de im\u00f3veis pode estabelecer um escrit\u00f3rio imobili\u00e1rio e atrav\u00e9s dele prestar seus servi\u00e7os ao p\u00fablico em geral ou empresas, bastando promover a inscri\u00e7\u00e3o junto \u00e0 Prefeitura municipal, sem nenhuma necessidade de abertura de um CNPJ.\u00a0<\/span><\/p>\n<p><span style=\"font-weight: 400;\">Do ponto de vista de impostos, atuar como aut\u00f4nomo n\u00e3o \u00e9 a melhor op\u00e7\u00e3o pois ir\u00e1 recolher, anualmente, cerca de 28% do seu rendimento em tributos de todos os tipos. <\/span><b>J\u00e1 com CNPJ, no Simples Nacional, esse valor cai para algo em torno de 12%.<\/b><\/p>\n<p><span style=\"font-weight: 400;\">Como aut\u00f4nomo o Corretor de Im\u00f3veis paga IRPF (Imposto de Renda), contribui para a seguridade social atrav\u00e9s do INSS, paga o ISS (Imposto sobre Servi\u00e7os) e deve realizar a Inscri\u00e7\u00e3o Municipal. Por ser uma profiss\u00e3o regulamentada, tamb\u00e9m precisa contribuir para o CRECI (Conselho Regional dos Corretores de Im\u00f3veis).<\/span><\/p>\n<p><b>J\u00e1 no caso de optar pelo CNPJ o Corretor de Im\u00f3veis precisa definir o seu regime tribut\u00e1rio e entre eles, o Simples Nacional \u00e9 o que possui al\u00edquotas reduzidas e menor burocracia.<\/b><span style=\"font-weight: 400;\"> Os impostos nessa modalidade s\u00e3o:<\/span><\/p>\n<p><span style=\"font-weight: 400;\">COFINS \u2013 Contribui\u00e7\u00e3o para o Financiamento da Seguridade Social;<\/span><\/p>\n<p><span style=\"font-weight: 400;\">PIS \u2013 Programa de Integra\u00e7\u00e3o Social;<\/span><\/p>\n<p><span style=\"font-weight: 400;\">CPP \u2013 Contribui\u00e7\u00e3o Previdenci\u00e1ria Patronal;<\/span><\/p>\n<p><span style=\"font-weight: 400;\">IRPJ \u2013 Imposto de Renda Pessoa Jur\u00eddica;<\/span><\/p>\n<p><span style=\"font-weight: 400;\">CSLL \u2013 Contribui\u00e7\u00e3o Social sobre Lucro L\u00edquido;<\/span><\/p>\n<p><span style=\"font-weight: 400;\">ISS \u2013 Impostos Sobre Servi\u00e7o (n\u00e3o incluso na DAS do Simples Nacional)<\/span><\/p>\n<p>&nbsp;<\/p>\n<p><em>Est\u00e1 abrindo seu neg\u00f3cio e ainda n\u00e3o sabe como fazer? Calma! A Contabilizei \u00e9 l\u00edder em <a href=\"https:\/\/www.contabilizei.com.br\/abrir-empresa\/\" target=\"_blank\" rel=\"noopener\">aberturas de empresa<\/a> no Brasil e pode te ajudar.\u00a0<\/em><\/p>\n<p>&nbsp;<\/p>\n<p><span style=\"font-weight: 400;\">\u00a0<\/span><b>Continue com a gente e saiba mais:<\/b><\/p>\n<p><a href=\"https:\/\/www.contabilizei.com.br\/contabilidade-online\/corretor-imoveis-mei\/\" target=\"_blank\" rel=\"noopener\"><span style=\"font-weight: 400;\">https:\/\/www.contabilizei.com.br\/contabilidade-online\/corretor-imoveis-mei\/<\/span><\/a><\/p>\n<p><a href=\"https:\/\/www.contabilizei.com.br\/contabilidade-online\/quem-nao-pode-ser-mei-saiba-o-que-fazer\/\" target=\"_blank\" rel=\"noopener\"><span style=\"font-weight: 400;\">https:\/\/www.contabilizei.com.br\/contabilidade-online\/quem-nao-pode-ser-mei-saiba-o-que-fazer\/<\/span><\/a><\/p>\n<p><a href=\"https:\/\/www.contabilizei.com.br\/contabilidade-online\/profissional-liberal-autonomo-diferencas\/\" target=\"_blank\" rel=\"noopener\"><span style=\"font-weight: 400;\">https:\/\/www.contabilizei.com.br\/contabilidade-online\/profissional-liberal-autonomo-diferencas\/<\/span><\/a><\/p>\n<p><a href=\"https:\/\/www.contabilizei.com.br\/contabilidade-online\/o-que-e-prestador-de-servicos-pj-e-quais-as-diferencas-para-autonomo-e-profissional-liberal\/\" target=\"_blank\" rel=\"noopener\"><span style=\"font-weight: 400;\">https:\/\/www.contabilizei.com.br\/contabilidade-online\/o-que-e-prestador-de-servicos-pj-e-quais-as-diferencas-para-autonomo-e-profissional-liberal\/<\/span><\/a><\/p>\n<p><a href=\"https:\/\/www.contabilizei.com.br\/emitir-rpa-online\/\" target=\"_blank\" rel=\"noopener\"><span style=\"font-weight: 400;\">https:\/\/www.contabilizei.com.br\/emitir-rpa-online\/<\/span><\/a><\/p>\n<p>&nbsp;<\/p>\n","protected":false},"excerpt":{"rendered":"<p>O Corretor de Im\u00f3veis \u00e9 um profissional liberal e para exercer sua profiss\u00e3o regularmente, deve ser inscrito no CRECI (Conselho Regional dos Corretores de Im\u00f3veis). Profissionalmente, o consultor de im\u00f3veis pode ser regido pela CLT (empregado), possuir um CNPJ ou ainda atuar de forma aut\u00f4noma. O corretor de im\u00f3veis pode estabelecer um escrit\u00f3rio imobili\u00e1rio e [&hellip;]<\/p>\n","protected":false},"parent":0,"menu_order":0,"template":"","category-questions":[27],"class_list":["post-497","perguntas","type-perguntas","status-publish","hentry","category_questions-autonomo"],"acf":{"contador":{"ID":301,"post_author":"8","post_date":"2022-06-15 16:14:23","post_date_gmt":"2022-06-15 19:14:23","post_content":"","post_title":"Nicoli Meira","post_excerpt":"","post_status":"publish","comment_status":"closed","ping_status":"closed","post_password":"","post_name":"nicoli-meira","to_ping":"","pinged":"","post_modified":"2023-03-07 16:50:32","post_modified_gmt":"2023-03-07 19:50:32","post_content_filtered":"","post_parent":0,"guid":"https:\/\/site-static-prd1.ctbz.com.br\/contabilizei-responde\/?post_type=contador&#038;p=301","menu_order":0,"post_type":"contador","post_mime_type":"","comment_count":"0","filter":"raw"}},"yoast_head":"<!-- This site is optimized with the Yoast SEO plugin v27.5 - https:\/\/yoast.com\/product\/yoast-seo-wordpress\/ -->\n<title>Corretor de im\u00f3veis \u00e9 aut\u00f4nomo ou profissional liberal?<\/title>\n<meta name=\"description\" content=\"Saiba se o corretor de im\u00f3veis \u00e9 aut\u00f4nomo ou profissional liberal e quanto de imposto cada modalidade paga . Acesse!\" \/>\n<meta name=\"robots\" content=\"index, follow, max-snippet:-1, max-image-preview:large, max-video-preview:-1\" \/>\n<link rel=\"canonical\" href=\"https:\/\/www.contabilizei.com.br\/contabilizei-responde\/corretor-de-imoveis-e-autonomo-ou-profissional-liberal\/\" \/>\n<meta property=\"og:locale\" content=\"pt_BR\" \/>\n<meta property=\"og:type\" content=\"article\" \/>\n<meta property=\"og:title\" content=\"Corretor de im\u00f3veis \u00e9 aut\u00f4nomo ou profissional liberal?\" \/>\n<meta property=\"og:description\" content=\"Saiba se o corretor de im\u00f3veis \u00e9 aut\u00f4nomo ou profissional liberal e quanto de imposto cada modalidade paga . Acesse!\" \/>\n<meta property=\"og:url\" content=\"https:\/\/www.contabilizei.com.br\/contabilizei-responde\/corretor-de-imoveis-e-autonomo-ou-profissional-liberal\/\" \/>\n<meta property=\"og:site_name\" content=\"Contador Responde\" \/>\n<meta name=\"twitter:card\" content=\"summary_large_image\" \/>\n<meta name=\"twitter:label1\" content=\"Est. tempo de leitura\" \/>\n\t<meta name=\"twitter:data1\" content=\"2 minutos\" \/>\n<!-- \/ Yoast SEO plugin. -->","yoast_head_json":{"title":"Corretor de im\u00f3veis \u00e9 aut\u00f4nomo ou profissional liberal?","description":"Saiba se o corretor de im\u00f3veis \u00e9 aut\u00f4nomo ou profissional liberal e quanto de imposto cada modalidade paga . Acesse!","robots":{"index":"index","follow":"follow","max-snippet":"max-snippet:-1","max-image-preview":"max-image-preview:large","max-video-preview":"max-video-preview:-1"},"canonical":"https:\/\/www.contabilizei.com.br\/contabilizei-responde\/corretor-de-imoveis-e-autonomo-ou-profissional-liberal\/","og_locale":"pt_BR","og_type":"article","og_title":"Corretor de im\u00f3veis \u00e9 aut\u00f4nomo ou profissional liberal?","og_description":"Saiba se o corretor de im\u00f3veis \u00e9 aut\u00f4nomo ou profissional liberal e quanto de imposto cada modalidade paga . Acesse!","og_url":"https:\/\/www.contabilizei.com.br\/contabilizei-responde\/corretor-de-imoveis-e-autonomo-ou-profissional-liberal\/","og_site_name":"Contador Responde","twitter_card":"summary_large_image","twitter_misc":{"Est. tempo de leitura":"2 minutos"},"schema":{"@context":"https:\/\/schema.org","@graph":[{"@type":"WebPage","@id":"https:\/\/www.contabilizei.com.br\/contabilizei-responde\/corretor-de-imoveis-e-autonomo-ou-profissional-liberal\/","url":"https:\/\/www.contabilizei.com.br\/contabilizei-responde\/corretor-de-imoveis-e-autonomo-ou-profissional-liberal\/","name":"Corretor de im\u00f3veis \u00e9 aut\u00f4nomo ou profissional liberal?","isPartOf":{"@id":"https:\/\/www.contabilizei.com.br\/contabilizei-responde\/#website"},"datePublished":"2022-12-15T14:40:59+00:00","description":"Saiba se o corretor de im\u00f3veis \u00e9 aut\u00f4nomo ou profissional liberal e quanto de imposto cada modalidade paga . Acesse!","breadcrumb":{"@id":"https:\/\/www.contabilizei.com.br\/contabilizei-responde\/corretor-de-imoveis-e-autonomo-ou-profissional-liberal\/#breadcrumb"},"inLanguage":"pt-BR","potentialAction":[{"@type":"ReadAction","target":["https:\/\/www.contabilizei.com.br\/contabilizei-responde\/corretor-de-imoveis-e-autonomo-ou-profissional-liberal\/"]}]},{"@type":"BreadcrumbList","@id":"https:\/\/www.contabilizei.com.br\/contabilizei-responde\/corretor-de-imoveis-e-autonomo-ou-profissional-liberal\/#breadcrumb","itemListElement":[{"@type":"ListItem","position":1,"name":"Home","item":"https:\/\/www.contabilizei.com.br\/contabilizei-responde\/"},{"@type":"ListItem","position":2,"name":"Perguntas","item":"https:\/\/www.contabilizei.com.br\/contabilizei-responde\/perguntas\/"},{"@type":"ListItem","position":3,"name":"Corretor de im\u00f3veis \u00e9 aut\u00f4nomo ou profissional liberal?"}]},{"@type":"WebSite","@id":"https:\/\/www.contabilizei.com.br\/contabilizei-responde\/#website","url":"https:\/\/www.contabilizei.com.br\/contabilizei-responde\/","name":"Contador Responde","description":"","potentialAction":[{"@type":"SearchAction","target":{"@type":"EntryPoint","urlTemplate":"https:\/\/www.contabilizei.com.br\/contabilizei-responde\/?s={search_term_string}"},"query-input":{"@type":"PropertyValueSpecification","valueRequired":true,"valueName":"search_term_string"}}],"inLanguage":"pt-BR"}]}},"_links":{"self":[{"href":"https:\/\/www.contabilizei.com.br\/contabilizei-responde\/api\/wp\/v2\/questions\/497","targetHints":{"allow":["GET"]}}],"collection":[{"href":"https:\/\/www.contabilizei.com.br\/contabilizei-responde\/api\/wp\/v2\/questions"}],"about":[{"href":"https:\/\/www.contabilizei.com.br\/contabilizei-responde\/api\/wp\/v2\/types\/perguntas"}],"acf:post":[{"embeddable":true,"href":"https:\/\/www.contabilizei.com.br\/contabilizei-responde\/api\/wp\/v2\/contador\/301"}],"wp:attachment":[{"href":"https:\/\/www.contabilizei.com.br\/contabilizei-responde\/api\/wp\/v2\/media?parent=497"}],"wp:term":[{"taxonomy":"category_questions","embeddable":true,"href":"https:\/\/www.contabilizei.com.br\/contabilizei-responde\/api\/wp\/v2\/category-questions?post=497"}],"curies":[{"name":"wp","href":"https:\/\/api.w.org\/{rel}","templated":true}]}}