{"id":496,"date":"2022-12-15T11:32:45","date_gmt":"2022-12-15T14:32:45","guid":{"rendered":"https:\/\/www.contabilizei.com.br\/contabilizei-responde\/?post_type=perguntas&#038;p=496"},"modified":"2024-05-06T11:04:17","modified_gmt":"2024-05-06T14:04:17","slug":"o-alvara-de-funcionamento-e-imposto-ou-taxa","status":"publish","type":"perguntas","link":"https:\/\/www.contabilizei.com.br\/contabilizei-responde\/o-alvara-de-funcionamento-e-imposto-ou-taxa\/","title":{"rendered":"O alvar\u00e1 de funcionamento \u00e9 imposto ou taxa?"},"content":{"rendered":"<p><b>O alvar\u00e1 de funcionamento \u00e9 uma taxa municipal.<\/b><span style=\"font-weight: 400;\"> O documento \u00e9 emitido pelo munic\u00edpio e regula a instala\u00e7\u00e3o do empreendimento. Para obt\u00ea-lo \u00e9 necess\u00e1rio pagar uma taxa municipal. Cada cidade legisla sobre o seu valor, forma de solicita\u00e7\u00e3o e necessidades espec\u00edficas.<\/span><\/p>\n<p><span style=\"font-weight: 400;\">No processo de valida\u00e7\u00e3o de alvar\u00e1 de funcionamento, existem v\u00e1rias licen\u00e7as necess\u00e1rias que dependem do grau de complexidade do neg\u00f3cio. No processo de abertura do neg\u00f3cio, na etapa de solicita\u00e7\u00e3o do alvar\u00e1, a prefeitura local informa, a partir do CNAE (Cadastro Nacional de Atividades Empresariais) quais as <\/span><b>necessidades do empreendimento. S\u00e3o elas:<\/b><\/p>\n<p>&nbsp;<\/p>\n<ol>\n<li style=\"font-weight: 400;\" aria-level=\"1\"><span style=\"font-weight: 400;\">Corpo de Bombeiros<\/span><\/li>\n<li style=\"font-weight: 400;\" aria-level=\"1\"><span style=\"font-weight: 400;\">Licen\u00e7a Ambiental<\/span><\/li>\n<li style=\"font-weight: 400;\" aria-level=\"1\"><span style=\"font-weight: 400;\">Licen\u00e7a Sanit\u00e1ria<\/span><\/li>\n<li style=\"font-weight: 400;\" aria-level=\"1\"><span style=\"font-weight: 400;\">Produtos de origem animal<\/span><\/li>\n<li style=\"font-weight: 400;\" aria-level=\"1\"><span style=\"font-weight: 400;\">Produtos qu\u00edmicos controlados<\/span><\/li>\n<\/ol>\n<p><span style=\"font-weight: 400;\">Da mesma forma, <\/span><b>os alvar\u00e1s se dividem em quatro tipos, espec\u00edficos para cada atividade da empresa. S\u00e3o eles:<\/b><\/p>\n<ol>\n<li style=\"font-weight: 400;\" aria-level=\"1\"><span style=\"font-weight: 400;\">Auto de Licen\u00e7a de Funcionamento (ALF) &#8211; para im\u00f3veis n\u00e3o residenciais, com instala\u00e7\u00e3o de atividades comerciais, industriais ou de servi\u00e7os.<\/span><\/li>\n<li style=\"font-weight: 400;\" aria-level=\"1\"><span style=\"font-weight: 400;\">Auto de Licen\u00e7a de Funcionamento Condicionado (ALF-C) &#8211; edifica\u00e7\u00f5es n\u00e3o inscritas no Cadastro Informativo Municipal com \u00e1rea total constru\u00edda de 1.500 a 5 mil metros quadrados.<\/span><\/li>\n<li style=\"font-weight: 400;\" aria-level=\"1\"><span style=\"font-weight: 400;\">Alvar\u00e1 de Funcionamento de Local de Reuni\u00e3o (ALF) &#8211; para todos os locais que tenham reuni\u00e3o de p\u00fablico, entre eles restaurantes, bares, casas de shows, at\u00e9 250 pessoas.<\/span><\/li>\n<li style=\"font-weight: 400;\" aria-level=\"1\"><span style=\"font-weight: 400;\">Alvar\u00e1 de Autoriza\u00e7\u00e3o para Eventos P\u00fablicos e Tempor\u00e1rios &#8211; para locais onde t\u00eam eventos p\u00fablicos e tempor\u00e1rios para mais de 250 pessoas.<\/span><\/li>\n<\/ol>\n<p>&nbsp;<\/p>\n<p><em>O servi\u00e7o cont\u00e1bil \u00e9 muito importante para que voc\u00ea possa dormir tranquilo e saber que seu neg\u00f3cio est\u00e1 em boas m\u00e3os. A <strong>Contabilizei<\/strong> est\u00e1 acostumada a acompanhar os empres\u00e1rios desde o momento de\u00a0<\/em><a class=\"link-featured\" href=\"https:\/\/www.contabilizei.com.br\/abrir-empresa\/\" target=\"_blank\" rel=\"noreferrer noopener\"><em>abrir empresa<\/em><\/a><em>\u00a0\u2013 conhe\u00e7a nossas propostas e facilite sua vida.\u00a0<\/em><\/p>\n<p>&nbsp;<\/p>\n<p><span style=\"font-weight: 400;\">\u00a0<\/span><b>Continue com a gente e saiba mais:<\/b><\/p>\n<p><a href=\"https:\/\/www.contabilizei.com.br\/contabilidade-online\/alvara-de-funcionamento\/\" target=\"_blank\" rel=\"noopener\"><span style=\"font-weight: 400;\">https:\/\/www.contabilizei.com.br\/contabilidade-online\/alvara-de-funcionamento\/<\/span><\/a><\/p>\n<p><a href=\"https:\/\/www.contabilizei.com.br\/contabilidade-online\/como-abrir-empresa\/\" target=\"_blank\" rel=\"noopener\"><span style=\"font-weight: 400;\">https:\/\/www.contabilizei.com.br\/contabilidade-online\/como-abrir-empresa\/<\/span><\/a><\/p>\n<p><a href=\"https:\/\/www.contabilizei.com.br\/contabilidade-online\/quanto-custa-abrir-empresa-no-brasil-descubra-tudo\/\" target=\"_blank\" rel=\"noopener\"><span style=\"font-weight: 400;\">https:\/\/www.contabilizei.com.br\/contabilidade-online\/quanto-custa-abrir-empresa-no-brasil-descubra-tudo\/<\/span><\/a><\/p>\n<p><a href=\"https:\/\/www.contabilizei.com.br\/contabilidade-online\/preciso-de-contador-para-abrir-empresa\/\" target=\"_blank\" rel=\"noopener\"><span style=\"font-weight: 400;\">https:\/\/www.contabilizei.com.br\/contabilidade-online\/preciso-de-contador-para-abrir-empresa\/<\/span><\/a><\/p>\n<p><a href=\"https:\/\/www.contabilizei.com.br\/contabilidade-online\/simples-nacional\/\" target=\"_blank\" rel=\"noopener\"><span style=\"font-weight: 400;\">https:\/\/www.contabilizei.com.br\/contabilidade-online\/simples-nacional\/<\/span><\/a><\/p>\n<p>&nbsp;<\/p>\n","protected":false},"excerpt":{"rendered":"<p>O alvar\u00e1 de funcionamento \u00e9 uma taxa municipal. O documento \u00e9 emitido pelo munic\u00edpio e regula a instala\u00e7\u00e3o do empreendimento. Para obt\u00ea-lo \u00e9 necess\u00e1rio pagar uma taxa municipal. Cada cidade legisla sobre o seu valor, forma de solicita\u00e7\u00e3o e necessidades espec\u00edficas. No processo de valida\u00e7\u00e3o de alvar\u00e1 de funcionamento, existem v\u00e1rias licen\u00e7as necess\u00e1rias que dependem [&hellip;]<\/p>\n","protected":false},"parent":0,"menu_order":0,"template":"","category-questions":[29],"class_list":["post-496","perguntas","type-perguntas","status-publish","hentry","category_questions-abertura-de-empresa"],"acf":{"contador":{"ID":301,"post_author":"8","post_date":"2022-06-15 16:14:23","post_date_gmt":"2022-06-15 19:14:23","post_content":"","post_title":"Nicoli Meira","post_excerpt":"","post_status":"publish","comment_status":"closed","ping_status":"closed","post_password":"","post_name":"nicoli-meira","to_ping":"","pinged":"","post_modified":"2023-03-07 16:50:32","post_modified_gmt":"2023-03-07 19:50:32","post_content_filtered":"","post_parent":0,"guid":"https:\/\/site-static-prd1.ctbz.com.br\/contabilizei-responde\/?post_type=contador&#038;p=301","menu_order":0,"post_type":"contador","post_mime_type":"","comment_count":"0","filter":"raw"}},"yoast_head":"<!-- This site is optimized with the Yoast SEO plugin v27.5 - https:\/\/yoast.com\/product\/yoast-seo-wordpress\/ -->\n<title>O alvar\u00e1 de funcionamento \u00e9 imposto ou taxa?<\/title>\n<meta name=\"description\" content=\"Saiba se o alvar\u00e1 de funcionamento \u00e9 imposto ou taxa e como pagar para ficar em dia com a prefeitura. Acesse!\" \/>\n<meta name=\"robots\" content=\"index, follow, max-snippet:-1, max-image-preview:large, max-video-preview:-1\" \/>\n<link rel=\"canonical\" href=\"https:\/\/www.contabilizei.com.br\/contabilizei-responde\/o-alvara-de-funcionamento-e-imposto-ou-taxa\/\" \/>\n<meta property=\"og:locale\" content=\"pt_BR\" \/>\n<meta property=\"og:type\" content=\"article\" \/>\n<meta property=\"og:title\" content=\"O alvar\u00e1 de funcionamento \u00e9 imposto ou taxa?\" \/>\n<meta property=\"og:description\" content=\"Saiba se o alvar\u00e1 de funcionamento \u00e9 imposto ou taxa e como pagar para ficar em dia com a prefeitura. Acesse!\" \/>\n<meta property=\"og:url\" content=\"https:\/\/www.contabilizei.com.br\/contabilizei-responde\/o-alvara-de-funcionamento-e-imposto-ou-taxa\/\" \/>\n<meta property=\"og:site_name\" content=\"Contador Responde\" \/>\n<meta property=\"article:modified_time\" content=\"2024-05-06T14:04:17+00:00\" \/>\n<meta name=\"twitter:card\" content=\"summary_large_image\" \/>\n<meta name=\"twitter:label1\" content=\"Est. tempo de leitura\" \/>\n\t<meta name=\"twitter:data1\" content=\"2 minutos\" \/>\n<!-- \/ Yoast SEO plugin. -->","yoast_head_json":{"title":"O alvar\u00e1 de funcionamento \u00e9 imposto ou taxa?","description":"Saiba se o alvar\u00e1 de funcionamento \u00e9 imposto ou taxa e como pagar para ficar em dia com a prefeitura. Acesse!","robots":{"index":"index","follow":"follow","max-snippet":"max-snippet:-1","max-image-preview":"max-image-preview:large","max-video-preview":"max-video-preview:-1"},"canonical":"https:\/\/www.contabilizei.com.br\/contabilizei-responde\/o-alvara-de-funcionamento-e-imposto-ou-taxa\/","og_locale":"pt_BR","og_type":"article","og_title":"O alvar\u00e1 de funcionamento \u00e9 imposto ou taxa?","og_description":"Saiba se o alvar\u00e1 de funcionamento \u00e9 imposto ou taxa e como pagar para ficar em dia com a prefeitura. Acesse!","og_url":"https:\/\/www.contabilizei.com.br\/contabilizei-responde\/o-alvara-de-funcionamento-e-imposto-ou-taxa\/","og_site_name":"Contador Responde","article_modified_time":"2024-05-06T14:04:17+00:00","twitter_card":"summary_large_image","twitter_misc":{"Est. tempo de leitura":"2 minutos"},"schema":{"@context":"https:\/\/schema.org","@graph":[{"@type":"WebPage","@id":"https:\/\/www.contabilizei.com.br\/contabilizei-responde\/o-alvara-de-funcionamento-e-imposto-ou-taxa\/","url":"https:\/\/www.contabilizei.com.br\/contabilizei-responde\/o-alvara-de-funcionamento-e-imposto-ou-taxa\/","name":"O alvar\u00e1 de funcionamento \u00e9 imposto ou taxa?","isPartOf":{"@id":"https:\/\/www.contabilizei.com.br\/contabilizei-responde\/#website"},"datePublished":"2022-12-15T14:32:45+00:00","dateModified":"2024-05-06T14:04:17+00:00","description":"Saiba se o alvar\u00e1 de funcionamento \u00e9 imposto ou taxa e como pagar para ficar em dia com a prefeitura. Acesse!","breadcrumb":{"@id":"https:\/\/www.contabilizei.com.br\/contabilizei-responde\/o-alvara-de-funcionamento-e-imposto-ou-taxa\/#breadcrumb"},"inLanguage":"pt-BR","potentialAction":[{"@type":"ReadAction","target":["https:\/\/www.contabilizei.com.br\/contabilizei-responde\/o-alvara-de-funcionamento-e-imposto-ou-taxa\/"]}]},{"@type":"BreadcrumbList","@id":"https:\/\/www.contabilizei.com.br\/contabilizei-responde\/o-alvara-de-funcionamento-e-imposto-ou-taxa\/#breadcrumb","itemListElement":[{"@type":"ListItem","position":1,"name":"Home","item":"https:\/\/www.contabilizei.com.br\/contabilizei-responde\/"},{"@type":"ListItem","position":2,"name":"Perguntas","item":"https:\/\/www.contabilizei.com.br\/contabilizei-responde\/perguntas\/"},{"@type":"ListItem","position":3,"name":"O alvar\u00e1 de funcionamento \u00e9 imposto ou taxa?"}]},{"@type":"WebSite","@id":"https:\/\/www.contabilizei.com.br\/contabilizei-responde\/#website","url":"https:\/\/www.contabilizei.com.br\/contabilizei-responde\/","name":"Contador Responde","description":"","potentialAction":[{"@type":"SearchAction","target":{"@type":"EntryPoint","urlTemplate":"https:\/\/www.contabilizei.com.br\/contabilizei-responde\/?s={search_term_string}"},"query-input":{"@type":"PropertyValueSpecification","valueRequired":true,"valueName":"search_term_string"}}],"inLanguage":"pt-BR"}]}},"_links":{"self":[{"href":"https:\/\/www.contabilizei.com.br\/contabilizei-responde\/api\/wp\/v2\/questions\/496","targetHints":{"allow":["GET"]}}],"collection":[{"href":"https:\/\/www.contabilizei.com.br\/contabilizei-responde\/api\/wp\/v2\/questions"}],"about":[{"href":"https:\/\/www.contabilizei.com.br\/contabilizei-responde\/api\/wp\/v2\/types\/perguntas"}],"acf:post":[{"embeddable":true,"href":"https:\/\/www.contabilizei.com.br\/contabilizei-responde\/api\/wp\/v2\/contador\/301"}],"wp:attachment":[{"href":"https:\/\/www.contabilizei.com.br\/contabilizei-responde\/api\/wp\/v2\/media?parent=496"}],"wp:term":[{"taxonomy":"category_questions","embeddable":true,"href":"https:\/\/www.contabilizei.com.br\/contabilizei-responde\/api\/wp\/v2\/category-questions?post=496"}],"curies":[{"name":"wp","href":"https:\/\/api.w.org\/{rel}","templated":true}]}}