{"id":493,"date":"2022-12-14T11:43:48","date_gmt":"2022-12-14T14:43:48","guid":{"rendered":"https:\/\/www.contabilizei.com.br\/contabilizei-responde\/?post_type=perguntas&#038;p=493"},"modified":"2026-01-13T09:15:38","modified_gmt":"2026-01-13T12:15:38","slug":"pro-labore-e-obrigatorio","status":"publish","type":"perguntas","link":"https:\/\/www.contabilizei.com.br\/contabilizei-responde\/pro-labore-e-obrigatorio\/","title":{"rendered":"Retirada de pr\u00f3-labore \u00e9 obrigat\u00f3rio?"},"content":{"rendered":"<p><b>A retirada do pr\u00f3-labore \u00e9 obrigat\u00f3ria para todo s\u00f3cio que trabalha na sociedade.<\/b><span style=\"font-weight: 400;\"> O s\u00f3cio administrador ou cotista, titular de empresa individual ou sociedade, que exerce fun\u00e7\u00e3o de gest\u00e3o no empreendimento \u00e9 classificado como \u201ccontribuinte obrigat\u00f3rio\u201d da Previd\u00eancia Social. (Art.12 da Lei n\u00ba 8.212, de 24 de julho de 1991) \u2014 e sobre esta remunera\u00e7\u00e3o deve ser recolhida a contribui\u00e7\u00e3o previdenci\u00e1ria.<\/span><\/p>\n<p><span style=\"font-weight: 400;\">De forma geral, o pr\u00f3-labore serve como base de c\u00e1lculo para o INSS. Ou seja, sobre o pr\u00f3-labore \u00e9 recolhida a contribui\u00e7\u00e3o previdenci\u00e1ria de todos os s\u00f3cios que exercem atividades na empresa. J\u00e1 a retirada de dividendos n\u00e3o est\u00e1 sujeita \u00e0 contribui\u00e7\u00e3o social. Os s\u00f3cios que n\u00e3o desempenham fun\u00e7\u00e3o ativa na empresa est\u00e3o desobrigados de retirar pr\u00f3-labore.<\/span><\/p>\n<p><span style=\"font-weight: 400;\">A legisla\u00e7\u00e3o brasileira n\u00e3o estabelece um valor fixo e obrigat\u00f3rio para o pr\u00f3-labore. No entanto, o valor m\u00ednimo mais seguro e amplamente adotado \u00e9 o equivalente ao sal\u00e1rio m\u00ednimo vigente, que atualmente est\u00e1 em <span data-sheets-root=\"1\">R$ 1.621,00<\/span> em <span data-sheets-root=\"1\">2026<\/span>.\u00a0<\/span><\/p>\n<p><span style=\"font-weight: 400;\">De um modo geral, o valor do pr\u00f3-labore deve ser definido de acordo com a m\u00e9dia que o mercado paga pela atividade que o s\u00f3cio ir\u00e1 executar. O ideal \u00e9 come\u00e7ar pela defini\u00e7\u00e3o das atividades que o s\u00f3cio administrador ir\u00e1 exercer na empresa e suas responsabilidades.<\/span><\/p>\n<p><span style=\"font-weight: 400;\">\u00c9 comum definir um pr\u00f3-labore 20 a 30% maior do que o sal\u00e1rio de um empregado CLT para a mesma atividade. Por\u00e9m cuidado para n\u00e3o extrapolar as possibilidades reais da empresa. Este valor definido e acordado entre os s\u00f3cios deve estar no contrato social e o documento deve ser registrado na Junta Comercial do estado em que o empreendimento tem endere\u00e7o fiscal.<\/span><\/p>\n<p><b>Aten\u00e7\u00e3o \u00e0 Reforma do Imposto de Renda (Lei 15.270\/2025)<\/b><\/p>\n<p><span style=\"font-weight: 400;\">As regras do IRPF foram alteradas pela nova legisla\u00e7\u00e3o, impactando indiretamente remunera\u00e7\u00e3o de s\u00f3cios como: pr\u00f3-labore e distribui\u00e7\u00e3o de lucros.<\/span><\/p>\n<p><b>Veja abaixo os principais impactos trazidos pela Lei 15.270\/25:<\/b><\/p>\n<ul>\n<li style=\"font-weight: 400;\" aria-level=\"1\"><b>Isen\u00e7\u00e3o de IRPF (Imposto de Renda Pessoa F\u00edsica)<\/b><span style=\"font-weight: 400;\"> para rendimentos de at\u00e9 <\/span><b>R$5.000,00 por m\u00eas<\/b><span style=\"font-weight: 400;\">;<\/span><\/li>\n<li style=\"font-weight: 400;\" aria-level=\"1\"><b>Desconto gradual do Imposto de Renda<\/b><span style=\"font-weight: 400;\"> para rendimentos entre <\/span><b>R$5.000,01 e R$7.350,00<\/b><span style=\"font-weight: 400;\">;<\/span><\/li>\n<li style=\"font-weight: 400;\" aria-level=\"1\"><b>Tributa\u00e7\u00e3o de 10% sobre distribui\u00e7\u00e3o de lucros<\/b><span style=\"font-weight: 400;\"> que ultrapassem R$50 mil por m\u00eas, que sejam retirados da mesma pessoa jur\u00eddica para a mesma pessoa f\u00edsica (reten\u00e7\u00e3o na fonte);\u00a0<\/span><\/li>\n<li style=\"font-weight: 400;\" aria-level=\"1\"><b>Entre outros pontos, <\/b><span style=\"font-weight: 400;\">como o <\/span><b>Imposto de Renda da Pessoa F\u00edsica M\u00ednimo (IRPFM)<\/b><span style=\"font-weight: 400;\"> para s\u00f3cios com renda total acima de R$600 mil no ano <\/span><b>\u00a0e Tributa\u00e7\u00e3o de lucros e dividendos enviados ao exterior<\/b><span style=\"font-weight: 400;\">.<\/span><\/li>\n<\/ul>\n<p><b>Importante: essas mudan\u00e7as podem influenciar a forma como s\u00f3cios que atuam na empresa definem o pr\u00f3-labore, retiradas de lucros e divis\u00e3o de resultados no contrato social. <\/b><span style=\"font-weight: 400;\">Como a retirada do pr\u00f3-labore \u00e9 obrigat\u00f3ria para quem exerce atividade na sociedade e cada empresa possui regras e realidades espec\u00edficas, um acompanhamento profissional especializado \u00e9 essencial para evitar equ\u00edvocos e garantir o melhor enquadramento tribut\u00e1rio e previdenci\u00e1rio conforme a situa\u00e7\u00e3o de cada sociedade. Conhe\u00e7a a <\/span><a href=\"https:\/\/www.contabilizei.com.br\/assessoria-contabil-gratuita\/\" target=\"_blank\" rel=\"noopener\"><span style=\"font-weight: 400;\">assessoria cont\u00e1bil gratuita da Contabilizei<\/span><\/a><span style=\"font-weight: 400;\"> e tire suas d\u00favidas!<\/span><\/p>\n<p><b>Continue conosco e saiba mais:<\/b><\/p>\n<p><a href=\"https:\/\/www.contabilizei.com.br\/contabilidade-online\/o-que-e-o-pro-labore\/\" target=\"_blank\" rel=\"noopener\"><span style=\"font-weight: 400;\">Pr\u00f3-labore: o que \u00e9, como fazer e diferen\u00e7a de sal\u00e1rio<\/span><\/a><\/p>\n<p><a href=\"https:\/\/www.contabilizei.com.br\/contabilidade-online\/calcular-pro-labore\/\" target=\"_blank\" rel=\"noopener\"><span style=\"font-weight: 400;\">Como calcular o pr\u00f3-labore: valor do sal\u00e1rio, impostos e como definir<\/span><\/a><\/p>\n<p><a href=\"https:\/\/www.contabilizei.com.br\/contabilidade-online\/inss-pro-labore\/\" target=\"_blank\" rel=\"noopener\"><span style=\"font-weight: 400;\">INSS pr\u00f3-labore: tabelas, teto e como calcular<\/span><\/a><\/p>\n<p><a href=\"https:\/\/www.contabilizei.com.br\/contabilidade-online\/isencao-imposto-de-renda-ate-5-mil-lucros-e-dividendos\/\" target=\"_blank\" rel=\"noopener\"><span style=\"font-weight: 400;\">Isen\u00e7\u00e3o de Imposto de Renda at\u00e9 5 mil: o que muda para o profissional PJ e quem declara dividendos?<\/span><\/a><\/p>\n","protected":false},"excerpt":{"rendered":"<p>A retirada do pr\u00f3-labore \u00e9 obrigat\u00f3ria para todo s\u00f3cio que trabalha na sociedade. O s\u00f3cio administrador ou cotista, titular de empresa individual ou sociedade, que exerce fun\u00e7\u00e3o de gest\u00e3o no empreendimento \u00e9 classificado como \u201ccontribuinte obrigat\u00f3rio\u201d da Previd\u00eancia Social. (Art.12 da Lei n\u00ba 8.212, de 24 de julho de 1991) \u2014 e sobre esta remunera\u00e7\u00e3o [&hellip;]<\/p>\n","protected":false},"parent":0,"menu_order":0,"template":"","category-questions":[28],"class_list":["post-493","perguntas","type-perguntas","status-publish","hentry","category_questions-tributacao"],"acf":{"contador":{"ID":301,"post_author":"8","post_date":"2022-06-15 16:14:23","post_date_gmt":"2022-06-15 19:14:23","post_content":"","post_title":"Nicoli Meira","post_excerpt":"","post_status":"publish","comment_status":"closed","ping_status":"closed","post_password":"","post_name":"nicoli-meira","to_ping":"","pinged":"","post_modified":"2023-03-07 16:50:32","post_modified_gmt":"2023-03-07 19:50:32","post_content_filtered":"","post_parent":0,"guid":"https:\/\/site-static-prd1.ctbz.com.br\/contabilizei-responde\/?post_type=contador&#038;p=301","menu_order":0,"post_type":"contador","post_mime_type":"","comment_count":"0","filter":"raw"}},"yoast_head":"<!-- This site is optimized with the Yoast SEO plugin v27.5 - https:\/\/yoast.com\/product\/yoast-seo-wordpress\/ -->\n<title>Retirada de pr\u00f3-labore \u00e9 obrigat\u00f3rio? - Contador Responde<\/title>\n<meta name=\"description\" content=\"Saiba se a retirada de pr\u00f3-labore \u00e9 obrigat\u00f3rio, como fazer, quem tem direito e mais. Confira agora mesmo!\" \/>\n<meta name=\"robots\" content=\"index, follow, max-snippet:-1, max-image-preview:large, max-video-preview:-1\" \/>\n<link rel=\"canonical\" href=\"https:\/\/www.contabilizei.com.br\/contabilizei-responde\/pro-labore-e-obrigatorio\/\" \/>\n<meta property=\"og:locale\" content=\"pt_BR\" \/>\n<meta property=\"og:type\" content=\"article\" \/>\n<meta property=\"og:title\" content=\"Retirada de pr\u00f3-labore \u00e9 obrigat\u00f3rio? - Contador Responde\" \/>\n<meta property=\"og:description\" content=\"Saiba se a retirada de pr\u00f3-labore \u00e9 obrigat\u00f3rio, como fazer, quem tem direito e mais. Confira agora mesmo!\" \/>\n<meta property=\"og:url\" content=\"https:\/\/www.contabilizei.com.br\/contabilizei-responde\/pro-labore-e-obrigatorio\/\" \/>\n<meta property=\"og:site_name\" content=\"Contador Responde\" \/>\n<meta property=\"article:modified_time\" content=\"2026-01-13T12:15:38+00:00\" \/>\n<meta name=\"twitter:card\" content=\"summary_large_image\" \/>\n<meta name=\"twitter:label1\" content=\"Est. tempo de leitura\" \/>\n\t<meta name=\"twitter:data1\" content=\"3 minutos\" \/>\n<!-- \/ Yoast SEO plugin. -->","yoast_head_json":{"title":"Retirada de pr\u00f3-labore \u00e9 obrigat\u00f3rio? - Contador Responde","description":"Saiba se a retirada de pr\u00f3-labore \u00e9 obrigat\u00f3rio, como fazer, quem tem direito e mais. Confira agora mesmo!","robots":{"index":"index","follow":"follow","max-snippet":"max-snippet:-1","max-image-preview":"max-image-preview:large","max-video-preview":"max-video-preview:-1"},"canonical":"https:\/\/www.contabilizei.com.br\/contabilizei-responde\/pro-labore-e-obrigatorio\/","og_locale":"pt_BR","og_type":"article","og_title":"Retirada de pr\u00f3-labore \u00e9 obrigat\u00f3rio? - Contador Responde","og_description":"Saiba se a retirada de pr\u00f3-labore \u00e9 obrigat\u00f3rio, como fazer, quem tem direito e mais. Confira agora mesmo!","og_url":"https:\/\/www.contabilizei.com.br\/contabilizei-responde\/pro-labore-e-obrigatorio\/","og_site_name":"Contador Responde","article_modified_time":"2026-01-13T12:15:38+00:00","twitter_card":"summary_large_image","twitter_misc":{"Est. tempo de leitura":"3 minutos"},"schema":{"@context":"https:\/\/schema.org","@graph":[{"@type":"WebPage","@id":"https:\/\/www.contabilizei.com.br\/contabilizei-responde\/pro-labore-e-obrigatorio\/","url":"https:\/\/www.contabilizei.com.br\/contabilizei-responde\/pro-labore-e-obrigatorio\/","name":"Retirada de pr\u00f3-labore \u00e9 obrigat\u00f3rio? - Contador Responde","isPartOf":{"@id":"https:\/\/www.contabilizei.com.br\/contabilizei-responde\/#website"},"datePublished":"2022-12-14T14:43:48+00:00","dateModified":"2026-01-13T12:15:38+00:00","description":"Saiba se a retirada de pr\u00f3-labore \u00e9 obrigat\u00f3rio, como fazer, quem tem direito e mais. Confira agora mesmo!","breadcrumb":{"@id":"https:\/\/www.contabilizei.com.br\/contabilizei-responde\/pro-labore-e-obrigatorio\/#breadcrumb"},"inLanguage":"pt-BR","potentialAction":[{"@type":"ReadAction","target":["https:\/\/www.contabilizei.com.br\/contabilizei-responde\/pro-labore-e-obrigatorio\/"]}]},{"@type":"BreadcrumbList","@id":"https:\/\/www.contabilizei.com.br\/contabilizei-responde\/pro-labore-e-obrigatorio\/#breadcrumb","itemListElement":[{"@type":"ListItem","position":1,"name":"Home","item":"https:\/\/www.contabilizei.com.br\/contabilizei-responde\/"},{"@type":"ListItem","position":2,"name":"Perguntas","item":"https:\/\/www.contabilizei.com.br\/contabilizei-responde\/perguntas\/"},{"@type":"ListItem","position":3,"name":"Retirada de pr\u00f3-labore \u00e9 obrigat\u00f3rio?"}]},{"@type":"WebSite","@id":"https:\/\/www.contabilizei.com.br\/contabilizei-responde\/#website","url":"https:\/\/www.contabilizei.com.br\/contabilizei-responde\/","name":"Contador Responde","description":"","potentialAction":[{"@type":"SearchAction","target":{"@type":"EntryPoint","urlTemplate":"https:\/\/www.contabilizei.com.br\/contabilizei-responde\/?s={search_term_string}"},"query-input":{"@type":"PropertyValueSpecification","valueRequired":true,"valueName":"search_term_string"}}],"inLanguage":"pt-BR"}]}},"_links":{"self":[{"href":"https:\/\/www.contabilizei.com.br\/contabilizei-responde\/api\/wp\/v2\/questions\/493","targetHints":{"allow":["GET"]}}],"collection":[{"href":"https:\/\/www.contabilizei.com.br\/contabilizei-responde\/api\/wp\/v2\/questions"}],"about":[{"href":"https:\/\/www.contabilizei.com.br\/contabilizei-responde\/api\/wp\/v2\/types\/perguntas"}],"acf:post":[{"embeddable":true,"href":"https:\/\/www.contabilizei.com.br\/contabilizei-responde\/api\/wp\/v2\/contador\/301"}],"wp:attachment":[{"href":"https:\/\/www.contabilizei.com.br\/contabilizei-responde\/api\/wp\/v2\/media?parent=493"}],"wp:term":[{"taxonomy":"category_questions","embeddable":true,"href":"https:\/\/www.contabilizei.com.br\/contabilizei-responde\/api\/wp\/v2\/category-questions?post=493"}],"curies":[{"name":"wp","href":"https:\/\/api.w.org\/{rel}","templated":true}]}}