{"id":425,"date":"2022-11-03T10:12:45","date_gmt":"2022-11-03T13:12:45","guid":{"rendered":"https:\/\/www.contabilizei.com.br\/contabilizei-responde\/?post_type=perguntas&#038;p=425"},"modified":"2026-01-29T15:02:13","modified_gmt":"2026-01-29T18:02:13","slug":"mei-e-profissional-liberal-ou-autonomo","status":"publish","type":"perguntas","link":"https:\/\/www.contabilizei.com.br\/contabilizei-responde\/mei-e-profissional-liberal-ou-autonomo\/","title":{"rendered":"MEI \u00e9 profissional liberal ou aut\u00f4nomo?"},"content":{"rendered":"<p><b><a href=\"https:\/\/www.contabilizei.com.br\/contabilidade-online\/como-abrir-um-mei\/\" target=\"_blank\" rel=\"noopener\">MEI<\/a> pode ser profissional liberal, mas n\u00e3o \u00e9 um <a href=\"https:\/\/www.contabilizei.com.br\/contabilidade-online\/como-funciona-o-mei-para-autonomo\/\" target=\"_blank\" rel=\"noopener\">aut\u00f4nomo<\/a><\/b><span style=\"font-weight: 400;\">.<\/span><b> O MEI (Microempreendedor Individual) \u00e9 o tipo de empresa mais simples que existe.<\/b><span style=\"font-weight: 400;\"> \u00c9 uma condi\u00e7\u00e3o jur\u00eddica com CNPJ e possibilidade de emiss\u00e3o de notas fiscais dentro de regras definidas. Dessa forma ele pode ser um profissional liberal ou outras denomina\u00e7\u00f5es permitidas ao MEI. J\u00e1 o aut\u00f4nomo n\u00e3o possui CNPJ e trabalha com recibos de presta\u00e7\u00e3o de servi\u00e7o de maneira legalizada, o que difere completamente da formaliza\u00e7\u00e3o do MEI, inclusive quanto ao recolhimento de impostos.<\/span><\/p>\n<p><span style=\"font-weight: 400;\">Existe bastante confus\u00e3o sobre esse tema, portanto \u00e9 importante entender que para ser MEI e usufruir da simplicidade do tipo desse tipo de empresa com impostos e burocracia reduzidos, o empreendedor precisa seguir a legisla\u00e7\u00e3o do MEI. Para ser MEI a empresa tem que ter atividades permitidas, n\u00e3o faturar mais do que <span data-sheets-root=\"1\">R$ 81 mil<\/span> por ano e n\u00e3o possuir mais do que um empregado ou estagi\u00e1rio.<\/span><\/p>\n<p><b>Alguns profissionais liberais podem ter <a href=\"https:\/\/www.contabilizei.com.br\/contabilidade-online\/atividades-mei-tabela\/\" target=\"_blank\" rel=\"noopener\">atividades<\/a> enquadradas no MEI, mas a grande maioria das profiss\u00f5es regulamentadas &#8220;intelectuais&#8221; n\u00e3o podem optar pelo MEI.<\/b><span style=\"font-weight: 400;\"> Outro fator excludente \u00e9 o faturamento anual que \u00e9 relativamente baixo &#8211; <span data-sheets-root=\"1\">R$ 81 mil<\/span> &#8211; o que permite em m\u00e9dia de R$ 6,7 mil por m\u00eas.<\/span><\/p>\n<p><span style=\"font-weight: 400;\">No caso do aut\u00f4nomo se costuma dizer que \u00e9 a porta de entrada no empreendedorismo. Mesmo n\u00e3o possuindo CNPJ ele \u00e9 legalizado e pode prestar servi\u00e7o tanto para pessoa f\u00edsica quanto jur\u00eddica atrav\u00e9s de recibos simples ou RPA (recibo de pagamento de aut\u00f4nomo).<\/span><\/p>\n<p>N\u00e3o sabe como fazer o desenquadramento de MEI? Deixe com a gente. Agora a Contabilizei faz todo o processo de forma gratuita para voc\u00ea. \u00c9 muito mais facilidade e seguran\u00e7a para sua empresa. <a class=\"waffle-rich-text-link\" href=\"https:\/\/www.contabilizei.com.br\/desenquadrar-mei-para-me\/\" target=\"_blank\" rel=\"noopener\">Fale com um dos nossos mais de mil especialistas<\/a>\u00a0para iniciar o desenquadramento do seu MEI.<\/p>\n<p>&nbsp;<\/p>\n<p><iframe loading=\"lazy\" title=\"#Shorts MEI \u00e9 profissional liberal ou aut\u00f4nomo?\" width=\"540\" height=\"960\" src=\"https:\/\/www.youtube.com\/embed\/elCsmo_SYAI?feature=oembed\" frameborder=\"0\" allow=\"accelerometer; autoplay; clipboard-write; encrypted-media; gyroscope; picture-in-picture; web-share\" referrerpolicy=\"strict-origin-when-cross-origin\" allowfullscreen><\/iframe><\/p>\n<p><b>Continue com a gente e saiba mais:<\/b><\/p>\n<p><a href=\"https:\/\/www.contabilizei.com.br\/contabilidade-online\/alterar-cnae-mei\/\" target=\"_blank\" rel=\"noopener\"><span style=\"font-weight: 400;\">https:\/\/www.contabilizei.com.br\/contabilidade-online\/alterar-cnae-mei\/<\/span><\/a><\/p>\n<p><a href=\"https:\/\/www.contabilizei.com.br\/contabilidade-online\/o-que-e-cnae\/\" target=\"_blank\" rel=\"noopener\"><span style=\"font-weight: 400;\">https:\/\/www.contabilizei.com.br\/contabilidade-online\/o-que-e-cnae\/<\/span><\/a><\/p>\n<p><a href=\"https:\/\/www.contabilizei.com.br\/contabilidade-online\/atividades-mei-tabela\/\" target=\"_blank\" rel=\"noopener\"><span style=\"font-weight: 400;\">https:\/\/www.contabilizei.com.br\/contabilidade-online\/atividades-mei-tabela\/<\/span><\/a><\/p>\n<p><a href=\"https:\/\/www.contabilizei.com.br\/contabilidade-online\/alterar-razao-social-do-mei\/\" target=\"_blank\" rel=\"noopener\"><span style=\"font-weight: 400;\">https:\/\/www.contabilizei.com.br\/contabilidade-online\/alterar-razao-social-do-mei\/<\/span><\/a><\/p>\n<p><a href=\"https:\/\/www.contabilizei.com.br\/contabilidade-online\/formalizar-mei\/\" target=\"_blank\" rel=\"noopener\"><span style=\"font-weight: 400;\">https:\/\/www.contabilizei.com.br\/contabilidade-online\/formalizar-mei\/<\/span><\/a><\/p>\n<p><span data-sheets-root=\"1\"> \n<div class=\"wpcf7 no-js\" id=\"wpcf7-f1618-o1\" lang=\"pt-BR\" dir=\"ltr\" data-wpcf7-id=\"1618\">\n<div class=\"screen-reader-response\"><p role=\"status\" aria-live=\"polite\" aria-atomic=\"true\"><\/p> <ul><\/ul><\/div>\n<form action=\"\/contabilizei-responde\/api\/wp\/v2\/questions\/425#wpcf7-f1618-o1\" method=\"post\" class=\"wpcf7-form init\" aria-label=\"Formul\u00e1rios de contato\" novalidate=\"novalidate\" data-status=\"init\">\n<fieldset class=\"hidden-fields-container\"><input type=\"hidden\" name=\"_wpcf7\" value=\"1618\" \/><input type=\"hidden\" name=\"_wpcf7_version\" value=\"6.1.5\" \/><input type=\"hidden\" name=\"_wpcf7_locale\" value=\"pt_BR\" \/><input type=\"hidden\" name=\"_wpcf7_unit_tag\" value=\"wpcf7-f1618-o1\" \/><input type=\"hidden\" name=\"_wpcf7_container_post\" value=\"0\" \/><input type=\"hidden\" name=\"_wpcf7_posted_data_hash\" value=\"\" \/>\n<\/fieldset>\n<div class=\"cta-forms\">\n\t<div class=\"box\">\n\t\t<p class=\"cta-forms-title\">Quer ajuda para fazer o desenquadramento do seu <a href=\"https:\/\/contabilizei.com.br\/contabilidade-online\/mei\/\" target=\"_blank\">MEI<\/a>?\n\t\t<\/p>\n\t\t<p>A Contabilizei \u00e9 l\u00edder em abertura de empresas, deixe seus dados e nossos especialistas entrar\u00e3o em contato.\n\t\t<\/p>\n\t\t<p><label>E-mail<\/label><br \/>\n<span class=\"wpcf7-form-control-wrap\" data-name=\"your-email\"><input size=\"40\" maxlength=\"400\" class=\"wpcf7-form-control wpcf7-email wpcf7-validates-as-required wpcf7-text wpcf7-validates-as-email\" aria-required=\"true\" aria-invalid=\"false\" value=\"\" type=\"email\" name=\"your-email\" \/><\/span>\n\t\t<\/p>\n\t\t<p><label>Telefone<\/label><br \/>\n<span class=\"wpcf7-form-control-wrap\" data-name=\"your-phone\"><input size=\"40\" maxlength=\"400\" class=\"wpcf7-form-control wpcf7-tel wpcf7-validates-as-required wpcf7-text wpcf7-validates-as-tel\" aria-required=\"true\" aria-invalid=\"false\" value=\"\" type=\"tel\" name=\"your-phone\" \/><\/span>\n\t\t<\/p>\n\t\t<p><input type=\"hidden\" name=\"origin\" value=\"CONTABILIZEI RESPONDE: MEI-E-PROFISSIONAL-LIBERAL-OU-AUTONOMO\"><br \/>\n<input type=\"hidden\" name=\"conversion\" value=\"https:\/\/www.contabilizei.com.br\/contabilizei-responde\/mei-e-profissional-liberal-ou-autonomo\/\">\n\t\t<\/p>\n\t\t<p><input class=\"wpcf7-form-control wpcf7-submit has-spinner\" type=\"submit\" value=\"Fale com especialista\" \/>\n\t\t<\/p>\n\t<\/div>\n\t<div class=\"aviso-obrigado hideme\">\n\t\t<p class=\"aviso-obrigado-title\">TUDO CERTO!\n\t\t<\/p>\n\t\t<p>Recebemos suas informa\u00e7\u00f5es, logo nossos especialistas entrar\u00e3o em contato.\n\t\t<\/p>\n\t<\/div>\n<\/div>\n<p><script type=\"text\/javascript\">\njQuery(function(){\n\tdocument.addEventListener( 'wpcf7mailsent', function( event ) { \n if ( '34253' == event.detail.contactFormId ) {\n\t jQuery(\".aviso-obrigado\").css(\"display\", \"flex\");\n } \n\t}, false );\n})\n<\/script>\n<\/p><div class=\"wpcf7-response-output\" aria-hidden=\"true\"><\/div>\n<\/form>\n<\/div>\n<\/span><\/p>\n","protected":false},"excerpt":{"rendered":"<p>MEI pode ser profissional liberal, mas n\u00e3o \u00e9 um aut\u00f4nomo. O MEI (Microempreendedor Individual) \u00e9 o tipo de empresa mais simples que existe. \u00c9 uma condi\u00e7\u00e3o jur\u00eddica com CNPJ e possibilidade de emiss\u00e3o de notas fiscais dentro de regras definidas. Dessa forma ele pode ser um profissional liberal ou outras denomina\u00e7\u00f5es permitidas ao MEI. J\u00e1 [&hellip;]<\/p>\n","protected":false},"parent":0,"menu_order":0,"template":"","category-questions":[25],"class_list":["post-425","perguntas","type-perguntas","status-publish","hentry","category_questions-mei"],"acf":{"contador":{"ID":1735,"post_author":"22","post_date":"2025-03-31 13:18:42","post_date_gmt":"2025-03-31 16:18:42","post_content":"","post_title":"Eduarda Cristina de Souza","post_excerpt":"","post_status":"publish","comment_status":"closed","ping_status":"closed","post_password":"","post_name":"eduarda-cristina-de-souza","to_ping":"","pinged":"","post_modified":"2025-07-16 17:01:33","post_modified_gmt":"2025-07-16 20:01:33","post_content_filtered":"","post_parent":0,"guid":"https:\/\/www.contabilizei.com.br\/contabilizei-responde\/?post_type=contador&#038;p=1735","menu_order":0,"post_type":"contador","post_mime_type":"","comment_count":"0","filter":"raw"}},"yoast_head":"<!-- This site is optimized with the Yoast SEO plugin v27.5 - https:\/\/yoast.com\/product\/yoast-seo-wordpress\/ -->\n<title>MEI \u00e9 profissional liberal ou aut\u00f4nomo?<\/title>\n<meta name=\"description\" content=\"Saiba se MEI \u00e9 profissional liberal ou aut\u00f4nomo, como abrir seu MEI da forma correta e os impostos pagos.\" \/>\n<meta name=\"robots\" content=\"index, follow, max-snippet:-1, max-image-preview:large, max-video-preview:-1\" \/>\n<link rel=\"canonical\" href=\"https:\/\/www.contabilizei.com.br\/contabilizei-responde\/mei-e-profissional-liberal-ou-autonomo\/\" \/>\n<meta property=\"og:locale\" content=\"pt_BR\" \/>\n<meta property=\"og:type\" content=\"article\" \/>\n<meta property=\"og:title\" content=\"MEI \u00e9 profissional liberal ou aut\u00f4nomo?\" \/>\n<meta property=\"og:description\" content=\"Saiba se MEI \u00e9 profissional liberal ou aut\u00f4nomo, como abrir seu MEI da forma correta e os impostos pagos.\" \/>\n<meta property=\"og:url\" content=\"https:\/\/www.contabilizei.com.br\/contabilizei-responde\/mei-e-profissional-liberal-ou-autonomo\/\" \/>\n<meta property=\"og:site_name\" content=\"Contador Responde\" \/>\n<meta property=\"article:modified_time\" content=\"2026-01-29T18:02:13+00:00\" \/>\n<meta name=\"twitter:card\" content=\"summary_large_image\" \/>\n<meta name=\"twitter:label1\" content=\"Est. tempo de leitura\" \/>\n\t<meta name=\"twitter:data1\" content=\"2 minutos\" \/>\n<!-- \/ Yoast SEO plugin. -->","yoast_head_json":{"title":"MEI \u00e9 profissional liberal ou aut\u00f4nomo?","description":"Saiba se MEI \u00e9 profissional liberal ou aut\u00f4nomo, como abrir seu MEI da forma correta e os impostos pagos.","robots":{"index":"index","follow":"follow","max-snippet":"max-snippet:-1","max-image-preview":"max-image-preview:large","max-video-preview":"max-video-preview:-1"},"canonical":"https:\/\/www.contabilizei.com.br\/contabilizei-responde\/mei-e-profissional-liberal-ou-autonomo\/","og_locale":"pt_BR","og_type":"article","og_title":"MEI \u00e9 profissional liberal ou aut\u00f4nomo?","og_description":"Saiba se MEI \u00e9 profissional liberal ou aut\u00f4nomo, como abrir seu MEI da forma correta e os impostos pagos.","og_url":"https:\/\/www.contabilizei.com.br\/contabilizei-responde\/mei-e-profissional-liberal-ou-autonomo\/","og_site_name":"Contador Responde","article_modified_time":"2026-01-29T18:02:13+00:00","twitter_card":"summary_large_image","twitter_misc":{"Est. tempo de leitura":"2 minutos"},"schema":{"@context":"https:\/\/schema.org","@graph":[{"@type":"WebPage","@id":"https:\/\/www.contabilizei.com.br\/contabilizei-responde\/mei-e-profissional-liberal-ou-autonomo\/","url":"https:\/\/www.contabilizei.com.br\/contabilizei-responde\/mei-e-profissional-liberal-ou-autonomo\/","name":"MEI \u00e9 profissional liberal ou aut\u00f4nomo?","isPartOf":{"@id":"https:\/\/www.contabilizei.com.br\/contabilizei-responde\/#website"},"datePublished":"2022-11-03T13:12:45+00:00","dateModified":"2026-01-29T18:02:13+00:00","description":"Saiba se MEI \u00e9 profissional liberal ou aut\u00f4nomo, como abrir seu MEI da forma correta e os impostos pagos.","breadcrumb":{"@id":"https:\/\/www.contabilizei.com.br\/contabilizei-responde\/mei-e-profissional-liberal-ou-autonomo\/#breadcrumb"},"inLanguage":"pt-BR","potentialAction":[{"@type":"ReadAction","target":["https:\/\/www.contabilizei.com.br\/contabilizei-responde\/mei-e-profissional-liberal-ou-autonomo\/"]}]},{"@type":"BreadcrumbList","@id":"https:\/\/www.contabilizei.com.br\/contabilizei-responde\/mei-e-profissional-liberal-ou-autonomo\/#breadcrumb","itemListElement":[{"@type":"ListItem","position":1,"name":"Home","item":"https:\/\/www.contabilizei.com.br\/contabilizei-responde\/"},{"@type":"ListItem","position":2,"name":"Perguntas","item":"https:\/\/www.contabilizei.com.br\/contabilizei-responde\/perguntas\/"},{"@type":"ListItem","position":3,"name":"MEI \u00e9 profissional liberal ou aut\u00f4nomo?"}]},{"@type":"WebSite","@id":"https:\/\/www.contabilizei.com.br\/contabilizei-responde\/#website","url":"https:\/\/www.contabilizei.com.br\/contabilizei-responde\/","name":"Contador Responde","description":"","potentialAction":[{"@type":"SearchAction","target":{"@type":"EntryPoint","urlTemplate":"https:\/\/www.contabilizei.com.br\/contabilizei-responde\/?s={search_term_string}"},"query-input":{"@type":"PropertyValueSpecification","valueRequired":true,"valueName":"search_term_string"}}],"inLanguage":"pt-BR"}]}},"_links":{"self":[{"href":"https:\/\/www.contabilizei.com.br\/contabilizei-responde\/api\/wp\/v2\/questions\/425","targetHints":{"allow":["GET"]}}],"collection":[{"href":"https:\/\/www.contabilizei.com.br\/contabilizei-responde\/api\/wp\/v2\/questions"}],"about":[{"href":"https:\/\/www.contabilizei.com.br\/contabilizei-responde\/api\/wp\/v2\/types\/perguntas"}],"acf:post":[{"embeddable":true,"href":"https:\/\/www.contabilizei.com.br\/contabilizei-responde\/api\/wp\/v2\/contador\/1735"}],"wp:attachment":[{"href":"https:\/\/www.contabilizei.com.br\/contabilizei-responde\/api\/wp\/v2\/media?parent=425"}],"wp:term":[{"taxonomy":"category_questions","embeddable":true,"href":"https:\/\/www.contabilizei.com.br\/contabilizei-responde\/api\/wp\/v2\/category-questions?post=425"}],"curies":[{"name":"wp","href":"https:\/\/api.w.org\/{rel}","templated":true}]}}