{"id":413,"date":"2022-10-26T13:54:02","date_gmt":"2022-10-26T16:54:02","guid":{"rendered":"https:\/\/www.contabilizei.com.br\/contabilizei-responde\/?post_type=perguntas&#038;p=413"},"modified":"2026-01-02T15:36:28","modified_gmt":"2026-01-02T18:36:28","slug":"qual-a-diferenca-entre-pro-labore-e-salario","status":"publish","type":"perguntas","link":"https:\/\/www.contabilizei.com.br\/contabilizei-responde\/qual-a-diferenca-entre-pro-labore-e-salario\/","title":{"rendered":"Qual a diferen\u00e7a entre pr\u00f3-labore e sal\u00e1rio?"},"content":{"rendered":"<p><span style=\"font-weight: 400;\">O <\/span><b>sal\u00e1rio \u00e9 a remunera\u00e7\u00e3o paga aos empregados de uma empresa<\/b><span style=\"font-weight: 400;\"> e est\u00e1 previsto na Consolida\u00e7\u00e3o das Leis do Trabalho (CLT). J\u00e1 <\/span><b>o pr\u00f3-labore corresponde \u00e0 remunera\u00e7\u00e3o dos s\u00f3cios que exercem atividades na gest\u00e3o do neg\u00f3cio<\/b><span style=\"font-weight: 400;\"> ou atuam como administradores legais.<\/span><\/p>\n<p><b>Os sal\u00e1rios devem obrigatoriamente seguir as regras da CLT e servem como base para direitos e benef\u00edcios trabalhistas e previdenci\u00e1rios,<\/b><span style=\"font-weight: 400;\"> como aposentadoria, 13\u00ba sal\u00e1rio, FGTS (Fundo de Garantia do Tempo de Servi\u00e7o) e INSS (Previd\u00eancia Social). Al\u00e9m disso, <\/span><b>o sal\u00e1rio n\u00e3o pode sofrer redu\u00e7\u00e3o e \u00e9 sobre esse valor que incidem os descontos de INSS e de IRPF<\/b><span style=\"font-weight: 400;\"> (Imposto de Renda Pessoa F\u00edsica).<\/span><\/p>\n<p><span style=\"font-weight: 400;\">J\u00e1 <\/span><b>o valor do pr\u00f3-labore geralmente \u00e9 definido no momento da formaliza\u00e7\u00e3o da empresa e acordado entre os s\u00f3cios.<\/b><span style=\"font-weight: 400;\"> A <\/span><b>legisla\u00e7\u00e3o n\u00e3o determina um valor espec\u00edfico de pr\u00f3-labore<\/b><span style=\"font-weight: 400;\">, por\u00e9m, <\/span><b>essa remunera\u00e7\u00e3o deve ser de, no m\u00ednimo, o sal\u00e1rio m\u00ednimo nacional vigente no ano<\/b><span style=\"font-weight: 400;\">, podendo variar conforme a participa\u00e7\u00e3o de cada s\u00f3cio na gest\u00e3o e na opera\u00e7\u00e3o do neg\u00f3cio.<\/span><\/p>\n<p><b>Do ponto de vista cont\u00e1bil, tanto os sal\u00e1rios (registrados na folha de pagamento) quanto o pr\u00f3-labore s\u00e3o considerados custos da empresa<\/b><span style=\"font-weight: 400;\">. A principal diferen\u00e7a \u00e9 que <\/span><b>o pr\u00f3-labore tende a ser um custo fixo<\/b><span style=\"font-weight: 400;\">, pois \u00e9 previamente definido para o exerc\u00edcio fiscal, <\/span><b>enquanto os sal\u00e1rios s\u00e3o classificados como custos vari\u00e1veis<\/b><span style=\"font-weight: 400;\">, j\u00e1 que podem sofrer altera\u00e7\u00f5es ao longo do tempo em fun\u00e7\u00e3o de contrata\u00e7\u00f5es, desligamentos e pagamento de horas extras.<\/span><\/p>\n<p><b>Importante:<\/b> <b>a partir de 1\u00ba de janeiro de 2026, entra em vigor a lei<\/b><span style=\"font-weight: 400;\"> n\u00ba15.270\/2025, conhecida como Reforma da Renda, <\/span><b>que altera as regras do Imposto de Renda Pessoa F\u00edsica.<\/b> <b>A principal mudan\u00e7a estabelecida<\/b><span style=\"font-weight: 400;\"> pela lei <\/span><b>\u00e9 a isen\u00e7\u00e3o do Imposto de Renda para quem ganha at\u00e9 R$5 mil por m\u00eas<\/b><span style=\"font-weight: 400;\">, o que pode impactar diretamente os descontos aplicados sobre sal\u00e1rios e pr\u00f3-labore.\u00a0<\/span><\/p>\n<p><span style=\"font-weight: 400;\">Saiba mais sobre as mudan\u00e7as nestes dois artigos: \u201c<\/span><a href=\"https:\/\/www.contabilizei.com.br\/contabilidade-online\/isencao-imposto-de-renda-ate-5-mil-lucros-e-dividendos\/\" target=\"_blank\" rel=\"noopener\"><span style=\"font-weight: 400;\">Isen\u00e7\u00e3o de Imposto de Renda at\u00e9 5 mil: o que muda para o profissional PJ e quem declara dividendos?<\/span><\/a><span style=\"font-weight: 400;\">\u201d e \u201c<\/span><a href=\"https:\/\/www.contabilizei.com.br\/contabilidade-online\/isencao-imposto-de-renda-ate-5-mil-mudancas-para-clt-e-pf\/\" target=\"_blank\" rel=\"noopener\"><span style=\"font-weight: 400;\">Isen\u00e7\u00e3o do Imposto de Renda at\u00e9 5 mil: o que muda para o profissional CLT e demais pessoas f\u00edsicas?<\/span><\/a><span style=\"font-weight: 400;\">\u201d.<\/span><\/p>\n<p><span style=\"font-weight: 400;\">Por fim, tanto a pol\u00edtica salarial quanto a defini\u00e7\u00e3o do pr\u00f3-labore devem ser tratadas de forma estrat\u00e9gica, pois influenciam diretamente a sustentabilidade e a sa\u00fade financeira do neg\u00f3cio. Ter uma estrutura de remunera\u00e7\u00e3o alinhada \u00e0 realidade da empresa \u00e9 fundamental para garantir equil\u00edbrio financeiro e crescimento no longo prazo.<\/span><\/p>\n<p><b>Continue conosco e saiba mais:<\/b><\/p>\n<p><a href=\"https:\/\/www.contabilizei.com.br\/contabilidade-online\/o-que-e-o-pro-labore\/\" target=\"_blank\" rel=\"noopener\"><span style=\"font-weight: 400;\">Pr\u00f3-labore: o que \u00e9, como fazer e diferen\u00e7a de sal\u00e1rio<\/span><\/a><\/p>\n<p><a href=\"https:\/\/www.contabilizei.com.br\/contabilidade-online\/calcular-pro-labore\/\" target=\"_blank\" rel=\"noopener\"><span style=\"font-weight: 400;\">Como calcular o pr\u00f3-labore: valor do sal\u00e1rio, impostos e como definir<\/span><\/a><\/p>\n<p><a href=\"https:\/\/www.contabilizei.com.br\/contabilidade-online\/contrato-social\/\" target=\"_blank\" rel=\"noopener\"><span style=\"font-weight: 400;\">Contrato Social do CNPJ: o que \u00e9? Veja como emitir ou consultar para sua empresa<\/span><\/a><\/p>\n<p><a href=\"https:\/\/www.contabilizei.com.br\/contabilidade-online\/isencao-imposto-de-renda-ate-5-mil-lucros-e-dividendos\/\" target=\"_blank\" rel=\"noopener\"><span style=\"font-weight: 400;\">Isen\u00e7\u00e3o de Imposto de Renda at\u00e9 5 mil: o que muda para o profissional PJ e quem declara dividendos?<\/span><\/a><\/p>\n<p><a href=\"https:\/\/www.contabilizei.com.br\/contabilidade-online\/isencao-imposto-de-renda-ate-5-mil-mudancas-para-clt-e-pf\/\" target=\"_blank\" rel=\"noopener\"><span style=\"font-weight: 400;\">Isen\u00e7\u00e3o do Imposto de Renda at\u00e9 5 mil: o que muda para o profissional CLT e demais pessoas f\u00edsicas?<\/span><\/a><\/p>\n","protected":false},"excerpt":{"rendered":"<p>O sal\u00e1rio \u00e9 a remunera\u00e7\u00e3o paga aos empregados de uma empresa e est\u00e1 previsto na Consolida\u00e7\u00e3o das Leis do Trabalho (CLT). J\u00e1 o pr\u00f3-labore corresponde \u00e0 remunera\u00e7\u00e3o dos s\u00f3cios que exercem atividades na gest\u00e3o do neg\u00f3cio ou atuam como administradores legais. Os sal\u00e1rios devem obrigatoriamente seguir as regras da CLT e servem como base para [&hellip;]<\/p>\n","protected":false},"parent":0,"menu_order":0,"template":"","category-questions":[26],"class_list":["post-413","perguntas","type-perguntas","status-publish","hentry","category_questions-simples-nacional"],"acf":{"contador":{"ID":1732,"post_author":"22","post_date":"2025-03-31 12:51:15","post_date_gmt":"2025-03-31 15:51:15","post_content":"","post_title":"Juliana Steffano","post_excerpt":"","post_status":"publish","comment_status":"closed","ping_status":"closed","post_password":"","post_name":"juliana-steffano","to_ping":"","pinged":"","post_modified":"2025-03-31 12:51:15","post_modified_gmt":"2025-03-31 15:51:15","post_content_filtered":"","post_parent":0,"guid":"https:\/\/www.contabilizei.com.br\/contabilizei-responde\/?post_type=contador&#038;p=1732","menu_order":0,"post_type":"contador","post_mime_type":"","comment_count":"0","filter":"raw"}},"yoast_head":"<!-- This site is optimized with the Yoast SEO plugin v27.5 - https:\/\/yoast.com\/product\/yoast-seo-wordpress\/ -->\n<title>Qual a diferen\u00e7a entre pr\u00f3-labore e sal\u00e1rio?<\/title>\n<meta name=\"description\" content=\"Saiba qual a diferen\u00e7a entre pr\u00f3-labore e sal\u00e1rio, quem deve receber cada um deles e quais os valores s\u00e3o recomendados em cada tipo de empresa.\" \/>\n<meta name=\"robots\" content=\"index, follow, max-snippet:-1, max-image-preview:large, max-video-preview:-1\" \/>\n<link rel=\"canonical\" href=\"https:\/\/www.contabilizei.com.br\/contabilizei-responde\/qual-a-diferenca-entre-pro-labore-e-salario\/\" \/>\n<meta property=\"og:locale\" content=\"pt_BR\" \/>\n<meta property=\"og:type\" content=\"article\" \/>\n<meta property=\"og:title\" content=\"Qual a diferen\u00e7a entre pr\u00f3-labore e sal\u00e1rio?\" \/>\n<meta property=\"og:description\" content=\"Saiba qual a diferen\u00e7a entre pr\u00f3-labore e sal\u00e1rio, quem deve receber cada um deles e quais os valores s\u00e3o recomendados em cada tipo de empresa.\" \/>\n<meta property=\"og:url\" content=\"https:\/\/www.contabilizei.com.br\/contabilizei-responde\/qual-a-diferenca-entre-pro-labore-e-salario\/\" \/>\n<meta property=\"og:site_name\" content=\"Contador Responde\" \/>\n<meta property=\"article:modified_time\" content=\"2026-01-02T18:36:28+00:00\" \/>\n<meta name=\"twitter:card\" content=\"summary_large_image\" \/>\n<meta name=\"twitter:label1\" content=\"Est. tempo de leitura\" \/>\n\t<meta name=\"twitter:data1\" content=\"3 minutos\" \/>\n<!-- \/ Yoast SEO plugin. -->","yoast_head_json":{"title":"Qual a diferen\u00e7a entre pr\u00f3-labore e sal\u00e1rio?","description":"Saiba qual a diferen\u00e7a entre pr\u00f3-labore e sal\u00e1rio, quem deve receber cada um deles e quais os valores s\u00e3o recomendados em cada tipo de empresa.","robots":{"index":"index","follow":"follow","max-snippet":"max-snippet:-1","max-image-preview":"max-image-preview:large","max-video-preview":"max-video-preview:-1"},"canonical":"https:\/\/www.contabilizei.com.br\/contabilizei-responde\/qual-a-diferenca-entre-pro-labore-e-salario\/","og_locale":"pt_BR","og_type":"article","og_title":"Qual a diferen\u00e7a entre pr\u00f3-labore e sal\u00e1rio?","og_description":"Saiba qual a diferen\u00e7a entre pr\u00f3-labore e sal\u00e1rio, quem deve receber cada um deles e quais os valores s\u00e3o recomendados em cada tipo de empresa.","og_url":"https:\/\/www.contabilizei.com.br\/contabilizei-responde\/qual-a-diferenca-entre-pro-labore-e-salario\/","og_site_name":"Contador Responde","article_modified_time":"2026-01-02T18:36:28+00:00","twitter_card":"summary_large_image","twitter_misc":{"Est. tempo de leitura":"3 minutos"},"schema":{"@context":"https:\/\/schema.org","@graph":[{"@type":"WebPage","@id":"https:\/\/www.contabilizei.com.br\/contabilizei-responde\/qual-a-diferenca-entre-pro-labore-e-salario\/","url":"https:\/\/www.contabilizei.com.br\/contabilizei-responde\/qual-a-diferenca-entre-pro-labore-e-salario\/","name":"Qual a diferen\u00e7a entre pr\u00f3-labore e sal\u00e1rio?","isPartOf":{"@id":"https:\/\/www.contabilizei.com.br\/contabilizei-responde\/#website"},"datePublished":"2022-10-26T16:54:02+00:00","dateModified":"2026-01-02T18:36:28+00:00","description":"Saiba qual a diferen\u00e7a entre pr\u00f3-labore e sal\u00e1rio, quem deve receber cada um deles e quais os valores s\u00e3o recomendados em cada tipo de empresa.","breadcrumb":{"@id":"https:\/\/www.contabilizei.com.br\/contabilizei-responde\/qual-a-diferenca-entre-pro-labore-e-salario\/#breadcrumb"},"inLanguage":"pt-BR","potentialAction":[{"@type":"ReadAction","target":["https:\/\/www.contabilizei.com.br\/contabilizei-responde\/qual-a-diferenca-entre-pro-labore-e-salario\/"]}]},{"@type":"BreadcrumbList","@id":"https:\/\/www.contabilizei.com.br\/contabilizei-responde\/qual-a-diferenca-entre-pro-labore-e-salario\/#breadcrumb","itemListElement":[{"@type":"ListItem","position":1,"name":"Home","item":"https:\/\/www.contabilizei.com.br\/contabilizei-responde\/"},{"@type":"ListItem","position":2,"name":"Perguntas","item":"https:\/\/www.contabilizei.com.br\/contabilizei-responde\/perguntas\/"},{"@type":"ListItem","position":3,"name":"Qual a diferen\u00e7a entre pr\u00f3-labore e sal\u00e1rio?"}]},{"@type":"WebSite","@id":"https:\/\/www.contabilizei.com.br\/contabilizei-responde\/#website","url":"https:\/\/www.contabilizei.com.br\/contabilizei-responde\/","name":"Contador Responde","description":"","potentialAction":[{"@type":"SearchAction","target":{"@type":"EntryPoint","urlTemplate":"https:\/\/www.contabilizei.com.br\/contabilizei-responde\/?s={search_term_string}"},"query-input":{"@type":"PropertyValueSpecification","valueRequired":true,"valueName":"search_term_string"}}],"inLanguage":"pt-BR"}]}},"_links":{"self":[{"href":"https:\/\/www.contabilizei.com.br\/contabilizei-responde\/api\/wp\/v2\/questions\/413","targetHints":{"allow":["GET"]}}],"collection":[{"href":"https:\/\/www.contabilizei.com.br\/contabilizei-responde\/api\/wp\/v2\/questions"}],"about":[{"href":"https:\/\/www.contabilizei.com.br\/contabilizei-responde\/api\/wp\/v2\/types\/perguntas"}],"acf:post":[{"embeddable":true,"href":"https:\/\/www.contabilizei.com.br\/contabilizei-responde\/api\/wp\/v2\/contador\/1732"}],"wp:attachment":[{"href":"https:\/\/www.contabilizei.com.br\/contabilizei-responde\/api\/wp\/v2\/media?parent=413"}],"wp:term":[{"taxonomy":"category_questions","embeddable":true,"href":"https:\/\/www.contabilizei.com.br\/contabilizei-responde\/api\/wp\/v2\/category-questions?post=413"}],"curies":[{"name":"wp","href":"https:\/\/api.w.org\/{rel}","templated":true}]}}