{"id":383,"date":"2022-09-06T09:57:42","date_gmt":"2022-09-06T12:57:42","guid":{"rendered":"https:\/\/site-static-prd1.ctbz.com.br\/contabilizei-responde\/?post_type=perguntas&#038;p=383"},"modified":"2024-05-06T11:11:19","modified_gmt":"2024-05-06T14:11:19","slug":"microempresa-tem-inscricao-estadual","status":"publish","type":"perguntas","link":"https:\/\/www.contabilizei.com.br\/contabilizei-responde\/microempresa-tem-inscricao-estadual\/","title":{"rendered":"Microempresa tem inscri\u00e7\u00e3o estadual?"},"content":{"rendered":"<p><b>Todas as empresas que vendem produtos f\u00edsicos, prestam servi\u00e7o de transporte interestadual ou intermunicipal ou prestam servi\u00e7o de comunica\u00e7\u00e3o devem ter a Inscri\u00e7\u00e3o Estadual para poder operar<\/b><span style=\"font-weight: 400;\">.<\/span><\/p>\n<p><span style=\"font-weight: 400;\">A Inscri\u00e7\u00e3o Estadual (IE) funciona como uma esp\u00e9cie de identidade de uma empresa na Secretaria da Fazenda do Estado. <\/span><b>Ela \u00e9 composta por um n\u00famero de nove d\u00edgitos que garante o registro de um neg\u00f3cio no cadastro de contribuintes do ICMS<\/b><span style=\"font-weight: 400;\"> (Imposto sobre Opera\u00e7\u00f5es relativas \u00e0 Circula\u00e7\u00e3o de Mercadorias e sobre Presta\u00e7\u00f5es de Servi\u00e7os de Transporte Interestadual e Intermunicipal e de Comunica\u00e7\u00e3o).<\/span><\/p>\n<p><b>Com a Inscri\u00e7\u00e3o Estadual, as micro e pequenas empresas podem emitir nota fiscal <\/b><span style=\"font-weight: 400;\">(de venda ou de produto) e estar em dia com o ICMS.\u00a0<\/span><\/p>\n<p><span style=\"font-weight: 400;\">Confira como \u00e9 composto o n\u00famero da inscri\u00e7\u00e3o estadual:<\/span><\/p>\n<ol>\n<li style=\"font-weight: 400;\" aria-level=\"1\"><span style=\"font-weight: 400;\">Os dois primeiros d\u00edgitos representam a identifica\u00e7\u00e3o do estado no qual foi realizado este cadastro;<\/span><\/li>\n<li style=\"font-weight: 400;\" aria-level=\"1\"><span style=\"font-weight: 400;\">Os pr\u00f3ximos seis d\u00edgitos representam o n\u00famero que, de fato, servem como a identifica\u00e7\u00e3o a empresa cadastrada;<\/span><\/li>\n<li style=\"font-weight: 400;\" aria-level=\"1\"><span style=\"font-weight: 400;\">O \u00faltimo d\u00edgito \u00e9 um n\u00famero de verifica\u00e7\u00e3o da autenticidade e validade da IE.<\/span><\/li>\n<\/ol>\n<p><span style=\"font-weight: 400;\">Um dos maiores objetivos da Inscri\u00e7\u00e3o Estadual (IE) \u00e9 possibilitar o recolhimento do ICMS e a emiss\u00e3o de Notas Fiscais. Atrav\u00e9s da Inscri\u00e7\u00e3o Estadual tamb\u00e9m \u00e9 poss\u00edvel consultar a regularidade do CNPJ frente \u00e0s obriga\u00e7\u00f5es do CNPJ frente ao governo.<\/span><\/p>\n<p><span style=\"font-weight: 400;\">Ou seja, \u00e9 por meio da IE que o comprador pode consultar a regularidade de uma empresa. Sua inscri\u00e7\u00e3o presente nas notas fiscais garante, al\u00e9m disso, que ser\u00e1 poss\u00edvel recorrer a problemas em suas compras.<\/span><\/p>\n<p><b>A Inscri\u00e7\u00e3o Estadual \u00e9 obrigat\u00f3ria apenas para os seguintes tipos de neg\u00f3cio, incluindo MEI:<\/b><\/p>\n<ol>\n<li style=\"font-weight: 400;\" aria-level=\"1\"><span style=\"font-weight: 400;\">Empresas que vendem mercadorias \u2013 seja presencialmente ou online;<\/span><\/li>\n<li style=\"font-weight: 400;\" aria-level=\"1\"><span style=\"font-weight: 400;\">Prestadoras de servi\u00e7o de transporte interestadual ou intermunicipal;<\/span><\/li>\n<li style=\"font-weight: 400;\" aria-level=\"1\"><span style=\"font-weight: 400;\">Prestadoras de servi\u00e7o de comunica\u00e7\u00e3o.<\/span><\/li>\n<\/ol>\n<p>&nbsp;<\/p>\n<p><b>Continue com a gente e saiba mais:<\/b><\/p>\n<p><a href=\"https:\/\/www.contabilizei.com.br\/contabilidade-online\/inscricao-estadual\/\" target=\"_blank\" rel=\"noopener\"><span style=\"font-weight: 400;\">https:\/\/www.contabilizei.com.br\/contabilidade-online\/inscricao-estadual\/<\/span><\/a><\/p>\n<p><a href=\"https:\/\/site-static-prd1.ctbz.com.br\/contabilizei-responde\/se-abrir-cnpj-perde-o-seguro-desemprego\/\" target=\"_blank\" rel=\"noopener\"><span style=\"font-weight: 400;\">https:\/\/www.contabilizei.com.br\/contabilidade-online\/como-abrir-uma-microempresa-me\/<\/span><\/a><\/p>\n<p><a href=\"https:\/\/www.contabilizei.com.br\/contabilidade-online\/quais-sao-os-tipos-de-microempresas-no-brasil\/\" target=\"_blank\" rel=\"noopener\"><span style=\"font-weight: 400;\">https:\/\/www.contabilizei.com.br\/contabilidade-online\/quais-sao-os-tipos-de-microempresas-no-brasil\/<\/span><\/a><\/p>\n<p><a href=\"https:\/\/www.contabilizei.com.br\/contabilidade-online\/quais-impostos-uma-microempresa-paga-e-para-que-servem\/\" target=\"_blank\" rel=\"noopener\"><span style=\"font-weight: 400;\">https:\/\/www.contabilizei.com.br\/contabilidade-online\/quais-impostos-uma-microempresa-paga-e-para-que-servem\/<\/span><\/a><\/p>\n<p>&nbsp;<\/p>\n","protected":false},"excerpt":{"rendered":"<p>Todas as empresas que vendem produtos f\u00edsicos, prestam servi\u00e7o de transporte interestadual ou intermunicipal ou prestam servi\u00e7o de comunica\u00e7\u00e3o devem ter a Inscri\u00e7\u00e3o Estadual para poder operar. A Inscri\u00e7\u00e3o Estadual (IE) funciona como uma esp\u00e9cie de identidade de uma empresa na Secretaria da Fazenda do Estado. Ela \u00e9 composta por um n\u00famero de nove d\u00edgitos [&hellip;]<\/p>\n","protected":false},"parent":0,"menu_order":0,"template":"","category-questions":[29],"class_list":["post-383","perguntas","type-perguntas","status-publish","hentry","category_questions-abertura-de-empresa"],"acf":{"contador":{"ID":1735,"post_author":"22","post_date":"2025-03-31 13:18:42","post_date_gmt":"2025-03-31 16:18:42","post_content":"","post_title":"Eduarda Cristina de Souza","post_excerpt":"","post_status":"publish","comment_status":"closed","ping_status":"closed","post_password":"","post_name":"eduarda-cristina-de-souza","to_ping":"","pinged":"","post_modified":"2025-07-16 17:01:33","post_modified_gmt":"2025-07-16 20:01:33","post_content_filtered":"","post_parent":0,"guid":"https:\/\/www.contabilizei.com.br\/contabilizei-responde\/?post_type=contador&#038;p=1735","menu_order":0,"post_type":"contador","post_mime_type":"","comment_count":"0","filter":"raw"}},"yoast_head":"<!-- This site is optimized with the Yoast SEO plugin v27.5 - https:\/\/yoast.com\/product\/yoast-seo-wordpress\/ -->\n<title>Microempresa precisa ter Inscri\u00e7\u00e3o Estadual?<\/title>\n<meta name=\"description\" content=\"Saiba se as Microempresas (ME) e Microempreendedores Individuais (MEI) precisam ter a Inscri\u00e7\u00e3o Estadual, para que ela serve, se \u00e9 obrigat\u00f3ria e mais!\" \/>\n<meta name=\"robots\" content=\"index, follow, max-snippet:-1, max-image-preview:large, max-video-preview:-1\" \/>\n<link rel=\"canonical\" href=\"https:\/\/www.contabilizei.com.br\/contabilizei-responde\/microempresa-tem-inscricao-estadual\/\" \/>\n<meta property=\"og:locale\" content=\"pt_BR\" \/>\n<meta property=\"og:type\" content=\"article\" \/>\n<meta property=\"og:title\" content=\"Microempresa precisa ter Inscri\u00e7\u00e3o Estadual?\" \/>\n<meta property=\"og:description\" content=\"Saiba se as Microempresas (ME) e Microempreendedores Individuais (MEI) precisam ter a Inscri\u00e7\u00e3o Estadual, para que ela serve, se \u00e9 obrigat\u00f3ria e mais!\" \/>\n<meta property=\"og:url\" content=\"https:\/\/www.contabilizei.com.br\/contabilizei-responde\/microempresa-tem-inscricao-estadual\/\" \/>\n<meta property=\"og:site_name\" content=\"Contador Responde\" \/>\n<meta property=\"article:modified_time\" content=\"2024-05-06T14:11:19+00:00\" \/>\n<meta name=\"twitter:card\" content=\"summary_large_image\" \/>\n<meta name=\"twitter:label1\" content=\"Est. tempo de leitura\" \/>\n\t<meta name=\"twitter:data1\" content=\"2 minutos\" \/>\n<!-- \/ Yoast SEO plugin. -->","yoast_head_json":{"title":"Microempresa precisa ter Inscri\u00e7\u00e3o Estadual?","description":"Saiba se as Microempresas (ME) e Microempreendedores Individuais (MEI) precisam ter a Inscri\u00e7\u00e3o Estadual, para que ela serve, se \u00e9 obrigat\u00f3ria e mais!","robots":{"index":"index","follow":"follow","max-snippet":"max-snippet:-1","max-image-preview":"max-image-preview:large","max-video-preview":"max-video-preview:-1"},"canonical":"https:\/\/www.contabilizei.com.br\/contabilizei-responde\/microempresa-tem-inscricao-estadual\/","og_locale":"pt_BR","og_type":"article","og_title":"Microempresa precisa ter Inscri\u00e7\u00e3o Estadual?","og_description":"Saiba se as Microempresas (ME) e Microempreendedores Individuais (MEI) precisam ter a Inscri\u00e7\u00e3o Estadual, para que ela serve, se \u00e9 obrigat\u00f3ria e mais!","og_url":"https:\/\/www.contabilizei.com.br\/contabilizei-responde\/microempresa-tem-inscricao-estadual\/","og_site_name":"Contador Responde","article_modified_time":"2024-05-06T14:11:19+00:00","twitter_card":"summary_large_image","twitter_misc":{"Est. tempo de leitura":"2 minutos"},"schema":{"@context":"https:\/\/schema.org","@graph":[{"@type":"WebPage","@id":"https:\/\/www.contabilizei.com.br\/contabilizei-responde\/microempresa-tem-inscricao-estadual\/","url":"https:\/\/www.contabilizei.com.br\/contabilizei-responde\/microempresa-tem-inscricao-estadual\/","name":"Microempresa precisa ter Inscri\u00e7\u00e3o Estadual?","isPartOf":{"@id":"https:\/\/www.contabilizei.com.br\/contabilizei-responde\/#website"},"datePublished":"2022-09-06T12:57:42+00:00","dateModified":"2024-05-06T14:11:19+00:00","description":"Saiba se as Microempresas (ME) e Microempreendedores Individuais (MEI) precisam ter a Inscri\u00e7\u00e3o Estadual, para que ela serve, se \u00e9 obrigat\u00f3ria e mais!","breadcrumb":{"@id":"https:\/\/www.contabilizei.com.br\/contabilizei-responde\/microempresa-tem-inscricao-estadual\/#breadcrumb"},"inLanguage":"pt-BR","potentialAction":[{"@type":"ReadAction","target":["https:\/\/www.contabilizei.com.br\/contabilizei-responde\/microempresa-tem-inscricao-estadual\/"]}]},{"@type":"BreadcrumbList","@id":"https:\/\/www.contabilizei.com.br\/contabilizei-responde\/microempresa-tem-inscricao-estadual\/#breadcrumb","itemListElement":[{"@type":"ListItem","position":1,"name":"Home","item":"https:\/\/www.contabilizei.com.br\/contabilizei-responde\/"},{"@type":"ListItem","position":2,"name":"Perguntas","item":"https:\/\/www.contabilizei.com.br\/contabilizei-responde\/perguntas\/"},{"@type":"ListItem","position":3,"name":"Microempresa tem inscri\u00e7\u00e3o estadual?"}]},{"@type":"WebSite","@id":"https:\/\/www.contabilizei.com.br\/contabilizei-responde\/#website","url":"https:\/\/www.contabilizei.com.br\/contabilizei-responde\/","name":"Contador Responde","description":"","potentialAction":[{"@type":"SearchAction","target":{"@type":"EntryPoint","urlTemplate":"https:\/\/www.contabilizei.com.br\/contabilizei-responde\/?s={search_term_string}"},"query-input":{"@type":"PropertyValueSpecification","valueRequired":true,"valueName":"search_term_string"}}],"inLanguage":"pt-BR"}]}},"_links":{"self":[{"href":"https:\/\/www.contabilizei.com.br\/contabilizei-responde\/api\/wp\/v2\/questions\/383","targetHints":{"allow":["GET"]}}],"collection":[{"href":"https:\/\/www.contabilizei.com.br\/contabilizei-responde\/api\/wp\/v2\/questions"}],"about":[{"href":"https:\/\/www.contabilizei.com.br\/contabilizei-responde\/api\/wp\/v2\/types\/perguntas"}],"acf:post":[{"embeddable":true,"href":"https:\/\/www.contabilizei.com.br\/contabilizei-responde\/api\/wp\/v2\/contador\/1735"}],"wp:attachment":[{"href":"https:\/\/www.contabilizei.com.br\/contabilizei-responde\/api\/wp\/v2\/media?parent=383"}],"wp:term":[{"taxonomy":"category_questions","embeddable":true,"href":"https:\/\/www.contabilizei.com.br\/contabilizei-responde\/api\/wp\/v2\/category-questions?post=383"}],"curies":[{"name":"wp","href":"https:\/\/api.w.org\/{rel}","templated":true}]}}