{"id":1742,"date":"2025-04-07T17:12:52","date_gmt":"2025-04-07T20:12:52","guid":{"rendered":"https:\/\/www.contabilizei.com.br\/contabilizei-responde\/?post_type=perguntas&#038;p=1742"},"modified":"2026-04-13T17:57:38","modified_gmt":"2026-04-13T20:57:38","slug":"quem-precisa-declarar-o-imposto-de-renda","status":"publish","type":"perguntas","link":"https:\/\/www.contabilizei.com.br\/contabilizei-responde\/quem-precisa-declarar-o-imposto-de-renda\/","title":{"rendered":"Quem precisa declarar o imposto de renda?"},"content":{"rendered":"<p><span style=\"font-weight: 400;\">O principal crit\u00e9rio para declarar Imposto de Renda \u00e9 ter recebido rendimentos tribut\u00e1veis acima de<\/span><span style=\"font-weight: 400;\"> R$35.584,00 no ano de 2025<\/span><span style=\"font-weight: 400;\"> como pessoa f\u00edsica. As pessoas que obtiveram receita bruta da atividade rural acima de <\/span><span style=\"font-weight: 400;\">R$ 177.920,00<\/span><span style=\"font-weight: 400;\"> tamb\u00e9m s\u00e3o obrigadas a declarar.<\/span><\/p>\n<p><span style=\"font-weight: 400;\">Segue um resumo de quem \u00e9 obrigado a declarar Imposto de Renda:<\/span><\/p>\n<ul>\n<li style=\"font-weight: 400;\" aria-level=\"1\"><b>Renda anual:<\/b><span style=\"font-weight: 400;\"> Se voc\u00ea ganhou mais de <\/span><span style=\"font-weight: 400;\">\u00a0R$35.584,00 em 2025<\/span><span style=\"font-weight: 400;\">;<\/span><\/li>\n<li style=\"font-weight: 400;\" aria-level=\"1\"><b>Outros rendimentos: <\/b><span style=\"font-weight: 400;\">Se recebeu mais de R$ 200.000,00 em rendimentos isentos ou n\u00e3o tribut\u00e1veis;<\/span><\/li>\n<li style=\"font-weight: 400;\" aria-level=\"1\"><b>Rendimentos no exterior:<\/b><span style=\"font-weight: 400;\"> Se teve rendimentos de investimentos fora do Brasil.<\/span><\/li>\n<li style=\"font-weight: 400;\" aria-level=\"1\"><span style=\"font-weight: 400;\">Bens e Propriedades: Se tinha bens valendo mais de R$ 800.000,00 em <\/span><span style=\"font-weight: 400;\">31 de dezembro de 2025;<\/span><\/li>\n<li style=\"font-weight: 400;\" aria-level=\"1\"><b>Investimentos: <\/b><span style=\"font-weight: 400;\">Se fez opera\u00e7\u00f5es na bolsa de valores e vendeu mais de R$ 40 mil em a\u00e7\u00f5es, ou teve lucro sujeito a imposto;<\/span><\/li>\n<li style=\"font-weight: 400;\" aria-level=\"1\"><b>Venda de Bens: <\/b><span style=\"font-weight: 400;\">Se voc\u00ea vendeu algo e teve lucro sujeito \u00e0 incid\u00eancia de imposto (Ganho de Capital)<\/span><\/li>\n<li style=\"font-weight: 400;\" aria-level=\"1\"><b>Im\u00f3veis:<\/b><span style=\"font-weight: 400;\"> Optou pela isen\u00e7\u00e3o do Imposto sobre o ganho de capital ao vender um im\u00f3vel residencial e comprou outro em at\u00e9 180 dias;<\/span><\/li>\n<li style=\"font-weight: 400;\" aria-level=\"1\"><b>Resid\u00eancia no Brasil: <\/b><span style=\"font-weight: 400;\">Se passou a morar no Brasil e estava aqui em 31 de dezembro de <\/span><span style=\"font-weight: 400;\">2025;<\/span><\/li>\n<li style=\"font-weight: 400;\" aria-level=\"1\"><b>Atividade rural:<\/b><span style=\"font-weight: 400;\"> Se ganhou mais de <\/span><span style=\"font-weight: 400;\">R$ 177.920,00<\/span><span style=\"font-weight: 400;\"> com atividades rurais, ou quer compensar preju\u00edzos de anos anteriores.<\/span><\/li>\n<li style=\"font-weight: 400;\" aria-level=\"1\"><b>Atualiza\u00e7\u00e3o de im\u00f3veis: <\/b><span style=\"font-weight: 400;\">Se atualizou o valor dos seus im\u00f3veis a valor de mercado pagando imposto em <\/span><span style=\"font-weight: 400;\">2025<\/span><span style=\"font-weight: 400;\">.<\/span><\/li>\n<\/ul>\n<p><span style=\"font-weight: 400;\">Se qualquer uma dessas situa\u00e7\u00f5es se aplica a voc\u00ea, precisa declarar seu Imposto de Renda. Saiba <\/span><a href=\"https:\/\/www.contabilizei.com.br\/contabilidade-online\/materiais\/guia-imposto-de-renda-2025\/\" target=\"_blank\" rel=\"noopener\"><span style=\"font-weight: 400;\">como declarar Imposto de Renda<\/span><\/a><span style=\"font-weight: 400;\"> neste passo a passo.\u00a0\u00a0<\/span><\/p>\n<p><span style=\"font-weight: 400;\">A <\/span><a href=\"https:\/\/www.contabilizei.com.br\/\" target=\"_blank\" rel=\"noopener\"><span style=\"font-weight: 400;\">Contabilizei <\/span><\/a><span style=\"font-weight: 400;\">\u00e9 o maior escrit\u00f3rio de contabilidade do Brasil. H\u00e1 mais de 10 anos, entregamos as melhores e mais completas solu\u00e7\u00f5es para cuidar desde a abertura at\u00e9 a gest\u00e3o da contabilidade da sua empresa.<\/span><\/p>\n<p><b>Continue conosco e saiba mais:<\/b><\/p>\n<p><a href=\"https:\/\/www.contabilizei.com.br\/contabilidade-online\/tudo-sobre-imposto-de-renda-irpf\/\" target=\"_blank\" rel=\"noopener\"><span style=\"font-weight: 400;\">Imposto de Renda (IRPF) 2026: Tudo sobre prazos, declara\u00e7\u00e3o e documentos<\/span><\/a><\/p>\n<p><a href=\"https:\/\/www.contabilizei.com.br\/contabilidade-online\/declarar-imposto-de-renda-pela-primeira-vez-como-fazer-passo-a-passo\/\" target=\"_blank\" rel=\"noopener\"><span style=\"font-weight: 400;\">Declarar imposto de renda pela primeira vez: como fazer? Passo a passo<\/span><\/a><\/p>\n<p><a href=\"https:\/\/www.contabilizei.com.br\/contabilidade-online\/autonomo-precisa-declarar-imposto-de-renda\/\" target=\"_blank\" rel=\"noopener\"><span style=\"font-weight: 400;\">Aut\u00f4nomo precisa declarar Imposto de Renda 2026?<\/span><\/a><\/p>\n<p><a href=\"https:\/\/www.contabilizei.com.br\/contabilidade-online\/como-declarar-imposto-de-renda-mei\/\" target=\"_blank\" rel=\"noopener\"><span style=\"font-weight: 400;\">Como declarar imposto de renda MEI? Declara\u00e7\u00e3o de Faturamento e IRPF<\/span><\/a><\/p>\n<p><a href=\"https:\/\/www.contabilizei.com.br\/contabilidade-online\/isencao-imposto-de-renda-ate-5-mil-mudancas-para-clt-e-pf\/\" target=\"_blank\" rel=\"noopener\"><span style=\"font-weight: 400;\">Isen\u00e7\u00e3o do Imposto de Renda at\u00e9 5 mil: o que muda para o profissional CLT e demais pessoas f\u00edsicas?<\/span><\/a><\/p>\n","protected":false},"excerpt":{"rendered":"<p>O principal crit\u00e9rio para declarar Imposto de Renda \u00e9 ter recebido rendimentos tribut\u00e1veis acima de R$35.584,00 no ano de como pessoa f\u00edsica. As pessoas que obtiveram receita bruta da atividade rural acima de R$ 177.920,00 tamb\u00e9m s\u00e3o obrigadas a declarar. Segue um resumo de quem \u00e9 obrigado a declarar Imposto de Renda: Renda anual: Se [&hellip;]<\/p>\n","protected":false},"parent":0,"menu_order":0,"template":"","category-questions":[],"class_list":["post-1742","perguntas","type-perguntas","status-publish","hentry"],"acf":{"contador":{"ID":301,"post_author":"8","post_date":"2022-06-15 16:14:23","post_date_gmt":"2022-06-15 19:14:23","post_content":"","post_title":"Nicoli Meira","post_excerpt":"","post_status":"publish","comment_status":"closed","ping_status":"closed","post_password":"","post_name":"nicoli-meira","to_ping":"","pinged":"","post_modified":"2023-03-07 16:50:32","post_modified_gmt":"2023-03-07 19:50:32","post_content_filtered":"","post_parent":0,"guid":"https:\/\/site-static-prd1.ctbz.com.br\/contabilizei-responde\/?post_type=contador&#038;p=301","menu_order":0,"post_type":"contador","post_mime_type":"","comment_count":"0","filter":"raw"}},"yoast_head":"<!-- This site is optimized with the Yoast SEO plugin v27.5 - https:\/\/yoast.com\/product\/yoast-seo-wordpress\/ -->\n<title>Quem precisa declarar o imposto de renda? - Contador Responde<\/title>\n<meta name=\"description\" content=\"Saiba quem precisa declarar o Imposto de Renda 2026 com base nos rendimentos, bens, investimentos e outras situa\u00e7\u00f5es.\" \/>\n<meta name=\"robots\" content=\"index, follow, max-snippet:-1, max-image-preview:large, max-video-preview:-1\" \/>\n<link rel=\"canonical\" href=\"https:\/\/www.contabilizei.com.br\/contabilizei-responde\/quem-precisa-declarar-o-imposto-de-renda\/\" \/>\n<meta property=\"og:locale\" content=\"pt_BR\" \/>\n<meta property=\"og:type\" content=\"article\" \/>\n<meta property=\"og:title\" content=\"Quem precisa declarar o imposto de renda? - Contador Responde\" \/>\n<meta property=\"og:description\" content=\"Saiba quem precisa declarar o Imposto de Renda 2026 com base nos rendimentos, bens, investimentos e outras situa\u00e7\u00f5es.\" \/>\n<meta property=\"og:url\" content=\"https:\/\/www.contabilizei.com.br\/contabilizei-responde\/quem-precisa-declarar-o-imposto-de-renda\/\" \/>\n<meta property=\"og:site_name\" content=\"Contador Responde\" \/>\n<meta property=\"article:modified_time\" content=\"2026-04-13T20:57:38+00:00\" \/>\n<meta name=\"twitter:card\" content=\"summary_large_image\" \/>\n<meta name=\"twitter:label1\" content=\"Est. tempo de leitura\" \/>\n\t<meta name=\"twitter:data1\" content=\"2 minutos\" \/>\n<!-- \/ Yoast SEO plugin. -->","yoast_head_json":{"title":"Quem precisa declarar o imposto de renda? - Contador Responde","description":"Saiba quem precisa declarar o Imposto de Renda 2026 com base nos rendimentos, bens, investimentos e outras situa\u00e7\u00f5es.","robots":{"index":"index","follow":"follow","max-snippet":"max-snippet:-1","max-image-preview":"max-image-preview:large","max-video-preview":"max-video-preview:-1"},"canonical":"https:\/\/www.contabilizei.com.br\/contabilizei-responde\/quem-precisa-declarar-o-imposto-de-renda\/","og_locale":"pt_BR","og_type":"article","og_title":"Quem precisa declarar o imposto de renda? - Contador Responde","og_description":"Saiba quem precisa declarar o Imposto de Renda 2026 com base nos rendimentos, bens, investimentos e outras situa\u00e7\u00f5es.","og_url":"https:\/\/www.contabilizei.com.br\/contabilizei-responde\/quem-precisa-declarar-o-imposto-de-renda\/","og_site_name":"Contador Responde","article_modified_time":"2026-04-13T20:57:38+00:00","twitter_card":"summary_large_image","twitter_misc":{"Est. tempo de leitura":"2 minutos"},"schema":{"@context":"https:\/\/schema.org","@graph":[{"@type":"WebPage","@id":"https:\/\/www.contabilizei.com.br\/contabilizei-responde\/quem-precisa-declarar-o-imposto-de-renda\/","url":"https:\/\/www.contabilizei.com.br\/contabilizei-responde\/quem-precisa-declarar-o-imposto-de-renda\/","name":"Quem precisa declarar o imposto de renda? - Contador Responde","isPartOf":{"@id":"https:\/\/www.contabilizei.com.br\/contabilizei-responde\/#website"},"datePublished":"2025-04-07T20:12:52+00:00","dateModified":"2026-04-13T20:57:38+00:00","description":"Saiba quem precisa declarar o Imposto de Renda [internal_variables field=\"ano_atual\"] com base nos rendimentos, bens, investimentos e outras situa\u00e7\u00f5es.","breadcrumb":{"@id":"https:\/\/www.contabilizei.com.br\/contabilizei-responde\/quem-precisa-declarar-o-imposto-de-renda\/#breadcrumb"},"inLanguage":"pt-BR","potentialAction":[{"@type":"ReadAction","target":["https:\/\/www.contabilizei.com.br\/contabilizei-responde\/quem-precisa-declarar-o-imposto-de-renda\/"]}]},{"@type":"BreadcrumbList","@id":"https:\/\/www.contabilizei.com.br\/contabilizei-responde\/quem-precisa-declarar-o-imposto-de-renda\/#breadcrumb","itemListElement":[{"@type":"ListItem","position":1,"name":"Home","item":"https:\/\/www.contabilizei.com.br\/contabilizei-responde\/"},{"@type":"ListItem","position":2,"name":"Perguntas","item":"https:\/\/www.contabilizei.com.br\/contabilizei-responde\/perguntas\/"},{"@type":"ListItem","position":3,"name":"Quem precisa declarar o imposto de renda?"}]},{"@type":"WebSite","@id":"https:\/\/www.contabilizei.com.br\/contabilizei-responde\/#website","url":"https:\/\/www.contabilizei.com.br\/contabilizei-responde\/","name":"Contador Responde","description":"","potentialAction":[{"@type":"SearchAction","target":{"@type":"EntryPoint","urlTemplate":"https:\/\/www.contabilizei.com.br\/contabilizei-responde\/?s={search_term_string}"},"query-input":{"@type":"PropertyValueSpecification","valueRequired":true,"valueName":"search_term_string"}}],"inLanguage":"pt-BR"}]}},"_links":{"self":[{"href":"https:\/\/www.contabilizei.com.br\/contabilizei-responde\/api\/wp\/v2\/questions\/1742","targetHints":{"allow":["GET"]}}],"collection":[{"href":"https:\/\/www.contabilizei.com.br\/contabilizei-responde\/api\/wp\/v2\/questions"}],"about":[{"href":"https:\/\/www.contabilizei.com.br\/contabilizei-responde\/api\/wp\/v2\/types\/perguntas"}],"acf:post":[{"embeddable":true,"href":"https:\/\/www.contabilizei.com.br\/contabilizei-responde\/api\/wp\/v2\/contador\/301"}],"wp:attachment":[{"href":"https:\/\/www.contabilizei.com.br\/contabilizei-responde\/api\/wp\/v2\/media?parent=1742"}],"wp:term":[{"taxonomy":"category_questions","embeddable":true,"href":"https:\/\/www.contabilizei.com.br\/contabilizei-responde\/api\/wp\/v2\/category-questions?post=1742"}],"curies":[{"name":"wp","href":"https:\/\/api.w.org\/{rel}","templated":true}]}}