{"id":1087,"date":"2023-08-14T15:32:07","date_gmt":"2023-08-14T18:32:07","guid":{"rendered":"https:\/\/www.contabilizei.com.br\/contabilizei-responde\/?post_type=perguntas&#038;p=1087"},"modified":"2025-11-03T12:10:41","modified_gmt":"2025-11-03T15:10:41","slug":"divida-do-cnpj-vai-para-o-cpf","status":"publish","type":"perguntas","link":"https:\/\/www.contabilizei.com.br\/contabilizei-responde\/divida-do-cnpj-vai-para-o-cpf\/","title":{"rendered":"D\u00edvida do CNPJ vai para o CPF?"},"content":{"rendered":"<p><b>N\u00e3o, a d\u00edvida de um CNPJ de uma micro ou pequena empresa n\u00e3o \u00e9 automaticamente transferida para o CPF do s\u00f3cio ou respons\u00e1vel pela empresa.<\/b><span style=\"font-weight: 400;\">\u00a0<\/span><\/p>\n<p><span style=\"font-weight: 400;\">O CNPJ (Cadastro Nacional de Pessoa Jur\u00eddica) \u00e9 um registro que identifica uma pessoa jur\u00eddica, ou seja, uma empresa. Por exemplo: uma sociedade limitada, uma sociedade an\u00f4nima, entre outras. J\u00e1 o CPF (Cadastro Nacional de Pessoa F\u00edsica) \u00e9 o registro que identifica uma pessoa f\u00edsica.<\/span><\/p>\n<p><b>As d\u00edvidas de uma empresa geralmente s\u00e3o de responsabilidade da pr\u00f3pria pessoa jur\u00eddica e n\u00e3o dos s\u00f3cios individualmente<\/b><span style=\"font-weight: 400;\">. No entanto, <\/span><b>existem situa\u00e7\u00f5es em que os s\u00f3cios podem ser responsabilizados pelas d\u00edvidas da empresa<\/b><span style=\"font-weight: 400;\">, como no caso de fraudes, desvio de finalidade ou quando h\u00e1 a chamada \u201cdesconsidera\u00e7\u00e3o da personalidade jur\u00eddica\u201d.<\/span><\/p>\n<p><span style=\"font-weight: 400;\">A desconsidera\u00e7\u00e3o da personalidade jur\u00eddica \u00e9 uma medida que permite que os bens pessoais dos s\u00f3cios sejam usados para pagar as d\u00edvidas da empresa, da mesma forma como acontece com as d\u00edvidas decorrentes de obriga\u00e7\u00f5es trabalhistas. No entanto, <\/span><b>essa medida s\u00f3 \u00e9 aplicada em casos espec\u00edficos, quando h\u00e1 comprova\u00e7\u00e3o judicial de m\u00e1-f\u00e9 ou abuso de direito por parte dos s\u00f3cios<\/b><span style=\"font-weight: 400;\">.<\/span><\/p>\n<p><span style=\"font-weight: 400;\">Vale lembrar que a desconsidera\u00e7\u00e3o de personalidade jur\u00eddica <\/span><b>n\u00e3o se aplica para empresas formalizadas como Microempreendedor Individual (MEI) e\/ou Empres\u00e1rio Individual (EI)<\/b><span style=\"font-weight: 400;\">. Isso acontece porque, legalmente, n\u00e3o existe separa\u00e7\u00e3o do patrim\u00f4nio entre o CNPJ e o CPF nesses casos. Com isso, a responsabilidade por eventuais d\u00edvidas da empresa permanece ligada ao titular do neg\u00f3cio.<\/span><\/p>\n<p><span style=\"font-weight: 400;\">Uma outra <\/span><b>situa\u00e7\u00e3o que pode levar \u00e0 transfer\u00eancia de d\u00edvidas do CNPJ para o CPF<\/b><span style=\"font-weight: 400;\"> do s\u00f3cio acontece <\/span><b>quando \u00e9 feita a baixa da empresa com d\u00e9bitos em aberto<\/b><span style=\"font-weight: 400;\">.\u00a0<\/span><\/p>\n<p><span style=\"font-weight: 400;\">A legisla\u00e7\u00e3o prev\u00ea que o encerramento da empresa n\u00e3o desobriga o s\u00f3cio de cumprir com as responsabilidades adquiridas durante a exist\u00eancia da empresa. Assim, o s\u00f3cio passa a ser o respons\u00e1vel pelos d\u00e9bitos que porventura ainda existam no momento de baixa.<\/span><\/p>\n<p><b>\u00c9 importante ressaltar que cada caso deve ser analisado individualmente<\/b><span style=\"font-weight: 400;\"> e <\/span><b>\u00e9 recomendado buscar orienta\u00e7\u00e3o de um contador<\/b><span style=\"font-weight: 400;\"> ou de um profissional especializado para entender melhor a situa\u00e7\u00e3o espec\u00edfica da sua empresa.<\/span><\/p>\n<p><span style=\"font-weight: 400;\">A <\/span><a href=\"https:\/\/www.contabilizei.com.br\/sobre\/sobre-a-contabilizei\/\" target=\"_blank\" rel=\"noopener\"><span style=\"font-weight: 400;\">Contabilizei<\/span><\/a><span style=\"font-weight: 400;\"> \u00e9 o maior escrit\u00f3rio de contabilidade do Brasil, l\u00edder em abertura de empresas e gest\u00e3o de CNPJs. Fale com um de nossos especialistas e entenda como podemos ajudar na regulariza\u00e7\u00e3o da sua empresa. <\/span><a href=\"https:\/\/www.contabilizei.com.br\/escritorio-contabilidade-online\/\" target=\"_blank\" rel=\"noopener\"><span style=\"font-weight: 400;\">Migre a contabilidade de sua empresa para a Contabilizei<\/span><\/a><span style=\"font-weight: 400;\">.<\/span><\/p>\n<p><b>Continue conosco e saiba mais:<\/b><\/p>\n<p><a href=\"https:\/\/www.contabilizei.com.br\/contabilidade-online\/consultar-dividas-cnpj\/\" target=\"_blank\" rel=\"noopener\"><span style=\"font-weight: 400;\">Como consultar d\u00edvidas CNPJ: passo a passo na Receita Federal<\/span><\/a><\/p>\n<p><a href=\"https:\/\/www.contabilizei.com.br\/contabilidade-online\/guia-completo-para-quitar-as-dividas-passo-a-passo-para-uma-reestruturacao-financeira\/\" target=\"_blank\" rel=\"noopener\"><span style=\"font-weight: 400;\">Guia completo para quitar as d\u00edvidas: passo a passo para uma reestrutura\u00e7\u00e3o financeira<\/span><\/a><\/p>\n<p><a href=\"https:\/\/www.contabilizei.com.br\/contabilidade-online\/como-pagar-menos-impostos-sendo-pj\/\" target=\"_blank\" rel=\"noopener\"><span style=\"font-weight: 400;\">Como pagar menos impostos como PJ no Brasil?<\/span><\/a><\/p>\n","protected":false},"excerpt":{"rendered":"<p>N\u00e3o, a d\u00edvida de um CNPJ de uma micro ou pequena empresa n\u00e3o \u00e9 automaticamente transferida para o CPF do s\u00f3cio ou respons\u00e1vel pela empresa.\u00a0 O CNPJ (Cadastro Nacional de Pessoa Jur\u00eddica) \u00e9 um registro que identifica uma pessoa jur\u00eddica, ou seja, uma empresa. Por exemplo: uma sociedade limitada, uma sociedade an\u00f4nima, entre outras. J\u00e1 [&hellip;]<\/p>\n","protected":false},"parent":0,"menu_order":0,"template":"","category-questions":[36],"class_list":["post-1087","perguntas","type-perguntas","status-publish","hentry","category_questions-conteudos-contabeis"],"acf":{"contador":{"ID":1732,"post_author":"22","post_date":"2025-03-31 12:51:15","post_date_gmt":"2025-03-31 15:51:15","post_content":"","post_title":"Juliana Steffano","post_excerpt":"","post_status":"publish","comment_status":"closed","ping_status":"closed","post_password":"","post_name":"juliana-steffano","to_ping":"","pinged":"","post_modified":"2025-03-31 12:51:15","post_modified_gmt":"2025-03-31 15:51:15","post_content_filtered":"","post_parent":0,"guid":"https:\/\/www.contabilizei.com.br\/contabilizei-responde\/?post_type=contador&#038;p=1732","menu_order":0,"post_type":"contador","post_mime_type":"","comment_count":"0","filter":"raw"}},"yoast_head":"<!-- This site is optimized with the Yoast SEO plugin v27.5 - https:\/\/yoast.com\/product\/yoast-seo-wordpress\/ -->\n<title>D\u00edvida do CNPJ vai para o CPF?<\/title>\n<meta name=\"description\" content=\"Saiba se a d\u00edvida do CNPJ vai para o CPF no caso de MEI e de microempresa e como negociar o pagamento. Confira agora mesmo!\" \/>\n<meta name=\"robots\" content=\"index, follow, max-snippet:-1, max-image-preview:large, max-video-preview:-1\" \/>\n<link rel=\"canonical\" href=\"https:\/\/www.contabilizei.com.br\/contabilizei-responde\/divida-do-cnpj-vai-para-o-cpf\/\" \/>\n<meta property=\"og:locale\" content=\"pt_BR\" \/>\n<meta property=\"og:type\" content=\"article\" \/>\n<meta property=\"og:title\" content=\"D\u00edvida do CNPJ vai para o CPF?\" \/>\n<meta property=\"og:description\" content=\"Saiba se a d\u00edvida do CNPJ vai para o CPF no caso de MEI e de microempresa e como negociar o pagamento. Confira agora mesmo!\" \/>\n<meta property=\"og:url\" content=\"https:\/\/www.contabilizei.com.br\/contabilizei-responde\/divida-do-cnpj-vai-para-o-cpf\/\" \/>\n<meta property=\"og:site_name\" content=\"Contador Responde\" \/>\n<meta property=\"article:modified_time\" content=\"2025-11-03T15:10:41+00:00\" \/>\n<meta name=\"twitter:card\" content=\"summary_large_image\" \/>\n<meta name=\"twitter:label1\" content=\"Est. tempo de leitura\" \/>\n\t<meta name=\"twitter:data1\" content=\"3 minutos\" \/>\n<!-- \/ Yoast SEO plugin. -->","yoast_head_json":{"title":"D\u00edvida do CNPJ vai para o CPF?","description":"Saiba se a d\u00edvida do CNPJ vai para o CPF no caso de MEI e de microempresa e como negociar o pagamento. Confira agora mesmo!","robots":{"index":"index","follow":"follow","max-snippet":"max-snippet:-1","max-image-preview":"max-image-preview:large","max-video-preview":"max-video-preview:-1"},"canonical":"https:\/\/www.contabilizei.com.br\/contabilizei-responde\/divida-do-cnpj-vai-para-o-cpf\/","og_locale":"pt_BR","og_type":"article","og_title":"D\u00edvida do CNPJ vai para o CPF?","og_description":"Saiba se a d\u00edvida do CNPJ vai para o CPF no caso de MEI e de microempresa e como negociar o pagamento. Confira agora mesmo!","og_url":"https:\/\/www.contabilizei.com.br\/contabilizei-responde\/divida-do-cnpj-vai-para-o-cpf\/","og_site_name":"Contador Responde","article_modified_time":"2025-11-03T15:10:41+00:00","twitter_card":"summary_large_image","twitter_misc":{"Est. tempo de leitura":"3 minutos"},"schema":{"@context":"https:\/\/schema.org","@graph":[{"@type":"WebPage","@id":"https:\/\/www.contabilizei.com.br\/contabilizei-responde\/divida-do-cnpj-vai-para-o-cpf\/","url":"https:\/\/www.contabilizei.com.br\/contabilizei-responde\/divida-do-cnpj-vai-para-o-cpf\/","name":"D\u00edvida do CNPJ vai para o CPF?","isPartOf":{"@id":"https:\/\/www.contabilizei.com.br\/contabilizei-responde\/#website"},"datePublished":"2023-08-14T18:32:07+00:00","dateModified":"2025-11-03T15:10:41+00:00","description":"Saiba se a d\u00edvida do CNPJ vai para o CPF no caso de MEI e de microempresa e como negociar o pagamento. Confira agora mesmo!","breadcrumb":{"@id":"https:\/\/www.contabilizei.com.br\/contabilizei-responde\/divida-do-cnpj-vai-para-o-cpf\/#breadcrumb"},"inLanguage":"pt-BR","potentialAction":[{"@type":"ReadAction","target":["https:\/\/www.contabilizei.com.br\/contabilizei-responde\/divida-do-cnpj-vai-para-o-cpf\/"]}]},{"@type":"BreadcrumbList","@id":"https:\/\/www.contabilizei.com.br\/contabilizei-responde\/divida-do-cnpj-vai-para-o-cpf\/#breadcrumb","itemListElement":[{"@type":"ListItem","position":1,"name":"Home","item":"https:\/\/www.contabilizei.com.br\/contabilizei-responde\/"},{"@type":"ListItem","position":2,"name":"Perguntas","item":"https:\/\/www.contabilizei.com.br\/contabilizei-responde\/perguntas\/"},{"@type":"ListItem","position":3,"name":"D\u00edvida do CNPJ vai para o CPF?"}]},{"@type":"WebSite","@id":"https:\/\/www.contabilizei.com.br\/contabilizei-responde\/#website","url":"https:\/\/www.contabilizei.com.br\/contabilizei-responde\/","name":"Contador Responde","description":"","potentialAction":[{"@type":"SearchAction","target":{"@type":"EntryPoint","urlTemplate":"https:\/\/www.contabilizei.com.br\/contabilizei-responde\/?s={search_term_string}"},"query-input":{"@type":"PropertyValueSpecification","valueRequired":true,"valueName":"search_term_string"}}],"inLanguage":"pt-BR"}]}},"_links":{"self":[{"href":"https:\/\/www.contabilizei.com.br\/contabilizei-responde\/api\/wp\/v2\/questions\/1087","targetHints":{"allow":["GET"]}}],"collection":[{"href":"https:\/\/www.contabilizei.com.br\/contabilizei-responde\/api\/wp\/v2\/questions"}],"about":[{"href":"https:\/\/www.contabilizei.com.br\/contabilizei-responde\/api\/wp\/v2\/types\/perguntas"}],"acf:post":[{"embeddable":true,"href":"https:\/\/www.contabilizei.com.br\/contabilizei-responde\/api\/wp\/v2\/contador\/1732"}],"wp:attachment":[{"href":"https:\/\/www.contabilizei.com.br\/contabilizei-responde\/api\/wp\/v2\/media?parent=1087"}],"wp:term":[{"taxonomy":"category_questions","embeddable":true,"href":"https:\/\/www.contabilizei.com.br\/contabilizei-responde\/api\/wp\/v2\/category-questions?post=1087"}],"curies":[{"name":"wp","href":"https:\/\/api.w.org\/{rel}","templated":true}]}}